{"id":1804,"date":"2024-09-05T16:24:42","date_gmt":"2024-09-05T14:24:42","guid":{"rendered":"https:\/\/blogs.uni-siegen.de\/fit-in-siegen\/forging-international-talents-worum-geht-es-dabei\/finanzierung-partnerschaften\/"},"modified":"2026-04-21T17:25:08","modified_gmt":"2026-04-21T15:25:08","slug":"foerderung-partner","status":"publish","type":"page","link":"https:\/\/blogs.uni-siegen.de\/fit-in-siegen\/de\/forging-international-talents-worum-geht-es-dabei\/foerderung-partner\/","title":{"rendered":"Finanzierung &amp; Partnerschaften"},"content":{"rendered":"<div id=\"pl-1804\"  class=\"panel-layout\" ><div id=\"pg-1804-0\"  class=\"panel-grid panel-no-style\" ><div id=\"pgc-1804-0-0\"  class=\"panel-grid-cell\" ><div id=\"panel-1804-0-0-0\" class=\"so-panel widget widget_sow-editor panel-first-child panel-last-child\" data-index=\"0\" ><div\n\t\t\t\n\t\t\tclass=\"so-widget-sow-editor so-widget-sow-editor-base\"\n\t\t\t\n\t\t>\n<div class=\"siteorigin-widget-tinymce textwidget\">\n\t<table>\n<tbody>\n<tr>\n<td width=\"604\"><strong>FIT in SIEGEN - Forging International Talents<\/strong> wird von der Abteilung Internationale Studienangelegenheiten der Universit\u00e4t Siegen organisiert.<br \/>Viele Angebote k\u00f6nnen dank der Zusammenarbeit mit Partnern aus der Universit\u00e4t und der Region realisiert werden.<br \/>Das Prorektorat f\u00fcr Internationales und Lebenslanges Lernen der Universit\u00e4t Siegen ist f\u00fcr die strategische Ausrichtung des Programms verantwortlich.<\/p>\n<p>Es wird vom <strong>DAAD<\/strong> mit Mitteln des <strong>Bundesministeriums f\u00fcr Forschung, Technologie und Raumfahrt (BMFTR<\/strong>) gef\u00f6rdert.<\/p>\n<\/td>\n<\/tr>\n<tr>\n<td width=\"604\"><strong> <\/strong><\/p>\n<p><strong>Bundesministerium f\u00fcr Forschung, Technologie und Raumfahrt (BMFTR)<br \/><\/strong><\/p>\n<p>Gemeinsam mit den Bundesl\u00e4ndern ist das BMFTR f\u00fcr die au\u00dferschulische Berufsbildung, die F\u00f6rderung des beruflichen Aufstiegs und die berufliche Weiterbildung zust\u00e4ndig. Ein wichtiger Schwerpunkt ihrer Arbeit ist die Bildungsgerechtigkeit - die Herkunft eines Menschen sollte nicht \u00fcber seine Bildungschancen entscheiden. Das BMFTR f\u00f6rdert u.a. die Forschung und Entwicklung zukunftstr\u00e4chtiger Technologien, um die wirtschaftlichen und sozialen Grundlagen f\u00fcr die Zukunft unseres Landes zu schaffen.<\/p>\n<p><strong> <\/strong><\/p>\n<\/td>\n<\/tr>\n<tr>\n<td width=\"604\"><img loading=\"lazy\" decoding=\"async\" class=\"size-medium wp-image-2262 aligncenter\" src=\"http:\/\/blogs.uni-siegen.de\/fit-in-siegen\/files\/2025\/07\/BMFTR_en_DTP_CMYK_gef_durch-300x200.jpg\" alt=\"\" width=\"300\" height=\"200\" srcset=\"https:\/\/blogs.uni-siegen.de\/fit-in-siegen\/files\/2025\/07\/BMFTR_en_DTP_CMYK_gef_durch-300x200.jpg 300w, https:\/\/blogs.uni-siegen.de\/fit-in-siegen\/files\/2025\/07\/BMFTR_en_DTP_CMYK_gef_durch-768x512.jpg 768w, https:\/\/blogs.uni-siegen.de\/fit-in-siegen\/files\/2025\/07\/BMFTR_en_DTP_CMYK_gef_durch-272x182.jpg 272w, https:\/\/blogs.uni-siegen.de\/fit-in-siegen\/files\/2025\/07\/BMFTR_en_DTP_CMYK_gef_durch.jpg 850w\" sizes=\"auto, (max-width: 300px) 100vw, 300px\" \/><\/td>\n<\/tr>\n<tr>\n<td width=\"604\"><strong>Deutscher Akademischer Austauschdienst (DAAD)<\/strong><\/p>\n<p>Der DAAD ist eine gemeinsame Organisation der deutschen Hochschulen und Studentenwerke zur F\u00f6rderung ihrer internationalen Beziehungen. Seine Aufgabe ist es, die Hochschulbeziehungen mit anderen L\u00e4ndern durch den Austausch von Studierenden, Absolventen und Wissenschaftlern zu f\u00f6rdern.<\/p>\n<\/td>\n<\/tr>\n<tr>\n<td width=\"604\"><img loading=\"lazy\" decoding=\"async\" class=\"size-medium wp-image-180 aligncenter\" src=\"http:\/\/blogs.uni-siegen.de\/fit-in-siegen\/files\/2024\/09\/Logo_DAAD_quadr-300x272.jpg\" alt=\"\" width=\"300\" height=\"272\" srcset=\"https:\/\/blogs.uni-siegen.de\/fit-in-siegen\/files\/2024\/09\/Logo_DAAD_quadr-300x272.jpg 300w, https:\/\/blogs.uni-siegen.de\/fit-in-siegen\/files\/2024\/09\/Logo_DAAD_quadr.jpg 336w\" sizes=\"auto, (max-width: 300px) 100vw, 300px\" \/><\/td>\n<\/tr>\n<\/tbody>\n<\/table>\n<\/div>\n<\/div><\/div><\/div><\/div><\/div>","protected":false},"excerpt":{"rendered":"<p>FIT in SIEGEN &#8211; Forging International Talents wird von der Abteilung Internationale Studienangelegenheiten der Universit\u00e4t Siegen organisiert.Viele Angebote k\u00f6nnen dank der Zusammenarbeit mit Partnern aus der Universit\u00e4t und der Region realisiert werden.Das Prorektorat f\u00fcr Internationales und Lebenslanges Lernen der Universit\u00e4t Siegen ist f\u00fcr die strategische Ausrichtung des Programms verantwortlich. Es wird vom DAAD mit Mitteln &hellip; <\/p>\n<p class=\"link-more\"><a href=\"https:\/\/blogs.uni-siegen.de\/fit-in-siegen\/de\/forging-international-talents-worum-geht-es-dabei\/foerderung-partner\/\" class=\"more-link\"><span class=\"screen-reader-text\">\u201eFinanzierung &amp; Partnerschaften\u201c <\/span>weiterlesen<\/a><\/p>\n","protected":false},"author":631,"featured_media":0,"parent":1802,"menu_order":0,"comment_status":"closed","ping_status":"closed","template":"","meta":{"footnotes":""},"class_list":["post-1804","page","type-page","status-publish","hentry"],"_links":{"self":[{"href":"https:\/\/blogs.uni-siegen.de\/fit-in-siegen\/de\/wp-json\/wp\/v2\/pages\/1804","targetHints":{"allow":["GET"]}}],"collection":[{"href":"https:\/\/blogs.uni-siegen.de\/fit-in-siegen\/de\/wp-json\/wp\/v2\/pages"}],"about":[{"href":"https:\/\/blogs.uni-siegen.de\/fit-in-siegen\/de\/wp-json\/wp\/v2\/types\/page"}],"author":[{"embeddable":true,"href":"https:\/\/blogs.uni-siegen.de\/fit-in-siegen\/de\/wp-json\/wp\/v2\/users\/631"}],"replies":[{"embeddable":true,"href":"https:\/\/blogs.uni-siegen.de\/fit-in-siegen\/de\/wp-json\/wp\/v2\/comments?post=1804"}],"version-history":[{"count":4,"href":"https:\/\/blogs.uni-siegen.de\/fit-in-siegen\/de\/wp-json\/wp\/v2\/pages\/1804\/revisions"}],"predecessor-version":[{"id":3595,"href":"https:\/\/blogs.uni-siegen.de\/fit-in-siegen\/de\/wp-json\/wp\/v2\/pages\/1804\/revisions\/3595"}],"up":[{"embeddable":true,"href":"https:\/\/blogs.uni-siegen.de\/fit-in-siegen\/de\/wp-json\/wp\/v2\/pages\/1802"}],"wp:attachment":[{"href":"https:\/\/blogs.uni-siegen.de\/fit-in-siegen\/de\/wp-json\/wp\/v2\/media?parent=1804"}],"curies":[{"name":"wp","href":"https:\/\/api.w.org\/{rel}","templated":true}]}}