{"id":1812,"date":"2024-10-14T10:34:55","date_gmt":"2024-10-14T08:34:55","guid":{"rendered":"https:\/\/blogs.uni-siegen.de\/fit-in-siegen\/forging-international-talents-worum-geht-es-dabei\/dein-employabilty-pass\/"},"modified":"2026-04-28T15:20:24","modified_gmt":"2026-04-28T13:20:24","slug":"dein-employabilty-pass","status":"publish","type":"page","link":"https:\/\/blogs.uni-siegen.de\/fit-in-siegen\/de\/forging-international-talents-worum-geht-es-dabei\/dein-employabilty-pass\/","title":{"rendered":"Dein Employabilty-Pass"},"content":{"rendered":"<div id=\"pl-1812\"  class=\"panel-layout\" ><div id=\"pg-1812-0\"  class=\"panel-grid panel-no-style\" ><div id=\"pgc-1812-0-0\"  class=\"panel-grid-cell\" ><div id=\"panel-1812-0-0-0\" class=\"so-panel widget widget_sow-headline panel-first-child\" data-index=\"0\" ><div\n\t\t\t\n\t\t\tclass=\"so-widget-sow-headline so-widget-sow-headline-default-5200ce2c52d0-1812\"\n\t\t\t\n\t\t><div class=\"sow-headline-container \">\n\t\t\t\t\t\t\t<h1 class=\"sow-headline\">\n\t\t\t\t\t\tDein Weg zum Erfolg in Deutschland\t\t\t\t\t\t<\/h1>\n\t\t\t\t\t\t\t\t\t\t\t<div class=\"decoration\">\n\t\t\t\t\t\t<div class=\"decoration-inside\"><\/div>\n\t\t\t\t\t<\/div>\n\t\t\t\t\t<\/div>\n<\/div><\/div><div id=\"panel-1812-0-0-1\" class=\"so-panel widget widget_sow-editor\" data-index=\"1\" ><div\n\t\t\t\n\t\t\tclass=\"so-widget-sow-editor so-widget-sow-editor-base\"\n\t\t\t\n\t\t>\n<div class=\"siteorigin-widget-tinymce textwidget\">\n\t<h2 style=\"text-align: left\"><span style=\"color: #808080\"><strong>Was ist der Employability Pass?<\/strong><\/span><\/h2>\n<p data-start=\"370\" data-end=\"442\"><strong data-start=\"370\" data-end=\"442\">Gestalte deine Zukunft, erweitere deine F\u00e4higkeiten und werde daf\u00fcr belohnt!<\/strong><\/p>\n<p data-start=\"444\" data-end=\"647\">Der <strong data-start=\"448\" data-end=\"470\">Employability Pass<\/strong> hilft internationalen Studierenden an der Universit\u00e4t Siegen, wertvolle Erfahrungen zu sammeln, wichtige berufliche und soziale Kompetenzen zu entwickeln und sich auf eine erfolgreiche Karriere in Deutschland vorzubereiten.<\/p>\n<p><img loading=\"lazy\" decoding=\"async\" class=\"size-medium wp-image-2496 aligncenter\" src=\"http:\/\/blogs.uni-siegen.de\/fit-in-siegen\/files\/2025\/10\/FIT-Emplozabilitz-Pass-300x150.png\" alt=\"\" width=\"300\" height=\"150\" srcset=\"https:\/\/blogs.uni-siegen.de\/fit-in-siegen\/files\/2025\/10\/FIT-Emplozabilitz-Pass-300x150.png 300w, https:\/\/blogs.uni-siegen.de\/fit-in-siegen\/files\/2025\/10\/FIT-Emplozabilitz-Pass-1024x512.png 1024w, https:\/\/blogs.uni-siegen.de\/fit-in-siegen\/files\/2025\/10\/FIT-Emplozabilitz-Pass-768x384.png 768w, https:\/\/blogs.uni-siegen.de\/fit-in-siegen\/files\/2025\/10\/FIT-Emplozabilitz-Pass.png 1417w\" sizes=\"auto, (max-width: 300px) 100vw, 300px\" \/><\/p>\n<\/div>\n<\/div><\/div><div id=\"panel-1812-0-0-2\" class=\"so-panel widget widget_sow-editor\" data-index=\"2\" ><div\n\t\t\t\n\t\t\tclass=\"so-widget-sow-editor so-widget-sow-editor-base\"\n\t\t\t\n\t\t>\n<div class=\"siteorigin-widget-tinymce textwidget\">\n\t<h2 style=\"text-align: left\"><strong>Wie funktioniert es?<\/strong><\/h2>\n<p>Durch die Teilnahme an <strong data-start=\"660\" data-end=\"709\">FIT-Workshops <\/strong>und -Aktivit\u00e4ten sammelst du Punkte in vier Kategorien - von <strong data-start=\"781\" data-end=\"811\">Orientierung und Wohlbefinden<\/strong> bis hin zu <strong data-start=\"815\" data-end=\"840\">Karriere und Networking<\/strong>.<br data-start=\"841\" data-end=\"844\">Jeder Schritt, den du machst, bringt dich dem <strong data-start=\"897\" data-end=\"931\">Employability Pass-Zertifikat<\/strong> n\u00e4her - plus einer exklusiven Belohnung, die dich bei deinem n\u00e4chsten Karriereschritt unterst\u00fctzt.<\/p>\n<\/div>\n<\/div><\/div><div id=\"panel-1812-0-0-3\" class=\"so-panel widget widget_sow-image panel-last-child\" data-index=\"3\" ><div\n\t\t\t\n\t\t\tclass=\"so-widget-sow-image so-widget-sow-image-default-8b5b6f678277-1812\"\n\t\t\t\n\t\t>\n<div class=\"sow-image-container\">\n\t\t<img \n\tsrc=\"https:\/\/blogs.uni-siegen.de\/fit-in-siegen\/files\/2025\/10\/8-POINTS.jpg\" width=\"1535\" height=\"472\" srcset=\"https:\/\/blogs.uni-siegen.de\/fit-in-siegen\/files\/2025\/10\/8-POINTS.jpg 1535w, https:\/\/blogs.uni-siegen.de\/fit-in-siegen\/files\/2025\/10\/8-POINTS-300x92.jpg 300w, https:\/\/blogs.uni-siegen.de\/fit-in-siegen\/files\/2025\/10\/8-POINTS-1024x315.jpg 1024w, https:\/\/blogs.uni-siegen.de\/fit-in-siegen\/files\/2025\/10\/8-POINTS-768x236.jpg 768w\" sizes=\"(max-width: 767px) 89vw, (max-width: 1000px) 54vw, (max-width: 1071px) 543px, 580px\" title=\"Wie es funktioniert\" alt=\"\" \t\tclass=\"so-widget-image\"\/>\n\t<\/div>\n\n<\/div><\/div><\/div><\/div><div id=\"pg-1812-1\"  class=\"panel-grid panel-no-style\" ><div id=\"pgc-1812-1-0\"  class=\"panel-grid-cell\" ><div id=\"panel-1812-1-0-0\" class=\"so-panel widget widget_sow-editor panel-first-child panel-last-child\" data-index=\"4\" ><div\n\t\t\t\n\t\t\tclass=\"so-widget-sow-editor so-widget-sow-editor-base\"\n\t\t\t\n\t\t>\n<div class=\"siteorigin-widget-tinymce textwidget\">\n\t<h2 style=\"text-align: left\"><strong>Wie kann man Punkte sammeln?<\/strong><\/h2>\n<\/div>\n<\/div><\/div><\/div><\/div><div id=\"pg-1812-2\"  class=\"panel-grid panel-no-style\" ><div id=\"pgc-1812-2-0\"  class=\"panel-grid-cell\" ><div id=\"panel-1812-2-0-0\" class=\"so-panel widget widget_sow-image panel-first-child\" data-index=\"5\" ><div\n\t\t\t\n\t\t\tclass=\"so-widget-sow-image so-widget-sow-image-default-8b5b6f678277-1812\"\n\t\t\t\n\t\t>\n<div class=\"sow-image-container\">\n\t\t\t<a href=\"https:\/\/blogs.uni-siegen.de\/fit-in-siegen\/de\/unsere-fit-saulen\/welcome-orientation\/\"\n\t\t\t\t\t>\n\t\t\t<img \n\tsrc=\"https:\/\/blogs.uni-siegen.de\/fit-in-siegen\/files\/2025\/01\/FIT_welcome_orientation_png.png\" width=\"298\" height=\"213\" sizes=\"(max-width: 298px) 100vw, 298px\" alt=\"\" \t\tclass=\"so-widget-image\"\/>\n\t\t\t<\/a><\/div>\n\n<\/div><\/div><div id=\"panel-1812-2-0-1\" class=\"so-panel widget widget_sow-editor panel-last-child\" data-index=\"6\" ><div\n\t\t\t\n\t\t\tclass=\"so-widget-sow-editor so-widget-sow-editor-base\"\n\t\t\t\n\t\t>\n<div class=\"siteorigin-widget-tinymce textwidget\">\n\t<p style=\"text-align: center\"><strong>Erreiche 8 Punkte<\/strong><\/p>\n<details>\n<summary style=\"font-weight: bold;font-size: 18px;cursor: pointer;color: #004b8d\">Klicken hier, um zu sehen, wie du Punkte sammeln kannst<\/summary>\n<p>&nbsp;<\/p>\n<table style=\"width: 100%;border-collapse: collapse;text-align: left;font-size: 15px\">\n<thead style=\"background-color: #f6c000;color: #000;font-weight: bold\">\n<tr>\n<th style=\"padding: 10px;border: 1px solid #ddd\">Veranstaltung<\/th>\n<th style=\"padding: 10px;border: 1px solid #ddd\">Punkte<\/th>\n<th style=\"padding: 10px;border: 1px solid #ddd\">Was du tun musst, um die Punkte zu erhalten<\/th>\n<\/tr>\n<\/thead>\n<tbody>\n<tr>\n<td style=\"padding: 10px;border: 1px solid #ddd\">FIT-Moodle-Kurs<\/td>\n<td style=\"padding: 10px;border: 1px solid #ddd;text-align: center\">1<\/td>\n<td style=\"padding: 10px;border: 1px solid #ddd\">Bestehe ein komplettes Level.<\/td>\n<\/tr>\n<tr>\n<td style=\"padding: 10px;border: 1px solid #ddd\">Orientierungstage<\/td>\n<td style=\"padding: 10px;border: 1px solid #ddd;text-align: center\">3<\/td>\n<td style=\"padding: 10px;border: 1px solid #ddd\">Nehme zu Beginn deines Studiums an den Orientierungstagen des International Office teil.<\/td>\n<\/tr>\n<tr>\n<td style=\"padding: 10px;border: 1px solid #ddd\"><strong>Einmal<\/strong>: Deutsch-Intensivkurs<\/td>\n<td style=\"padding: 10px;border: 1px solid #ddd;text-align: center\">5<\/td>\n<td style=\"padding: 10px;border: 1px solid #ddd\">Schlie\u00dfe den Kurs ab.<\/td>\n<\/tr>\n<tr>\n<td style=\"padding: 10px;border: 1px solid #ddd\"><strong>Einmal<\/strong>: Deutschkurs<\/td>\n<td style=\"padding: 10px;border: 1px solid #ddd;text-align: center\">5<\/td>\n<td style=\"padding: 10px;border: 1px solid #ddd\">Auch andere Deutschkurse unseres Sprachenzentrums k\u00f6nnen einmalig auf den Employability Pass angerechnet werden.<\/td>\n<\/tr>\n<tr>\n<td style=\"padding: 10px;border: 1px solid #ddd\">Buddy-Programm<\/td>\n<td style=\"padding: 10px;border: 1px solid #ddd;text-align: center\">3<\/td>\n<td style=\"padding: 10px;border: 1px solid #ddd\">Werden Sie ein internationaler oder lokaler Buddy und nehmen Sie an mindestens 3 Veranstaltungen teil.<\/td>\n<\/tr>\n<tr>\n<td style=\"padding: 10px;border: 1px solid #ddd\">Willkommensveranstaltung<\/td>\n<td style=\"padding: 10px;border: 1px solid #ddd;text-align: center\">1<\/td>\n<td style=\"padding: 10px;border: 1px solid #ddd\">Besuche die Veranstaltung \"Willkommen in Siegen\" und mache ein Foto an der \"Fotobox\" oder ein Selfie auf der Veranstaltung.<\/td>\n<\/tr>\n<tr>\n<td style=\"padding: 10px;border: 1px solid #ddd\">(Deutsch) Culture Sessions<\/td>\n<td style=\"padding: 10px;border: 1px solid #ddd;text-align: center\">1<\/td>\n<td style=\"padding: 10px;border: 1px solid #ddd\">Melde dich an und nimm an einer FIT-Sitzung \u00fcber (deutsche) Kultur teil.<\/td>\n<\/tr>\n<\/tbody>\n<\/table>\n<\/details>\n<\/div>\n<\/div><\/div><\/div><div id=\"pgc-1812-2-1\"  class=\"panel-grid-cell\" ><div id=\"panel-1812-2-1-0\" class=\"so-panel widget widget_sow-image panel-first-child\" data-index=\"7\" ><div\n\t\t\t\n\t\t\tclass=\"so-widget-sow-image so-widget-sow-image-default-8b5b6f678277-1812\"\n\t\t\t\n\t\t>\n<div class=\"sow-image-container\">\n\t\t\t<a href=\"https:\/\/blogs.uni-siegen.de\/fit-in-siegen\/de\/unsere-fit-saulen\/wohlbefinden-soziale-integration\/\"\n\t\t\t\t\t>\n\t\t\t<img \n\tsrc=\"https:\/\/blogs.uni-siegen.de\/fit-in-siegen\/files\/2025\/01\/FIT_well-being_social-integration_png.png\" width=\"298\" height=\"213\" sizes=\"(max-width: 298px) 100vw, 298px\" alt=\"\" \t\tclass=\"so-widget-image\"\/>\n\t\t\t<\/a><\/div>\n\n<\/div><\/div><div id=\"panel-1812-2-1-1\" class=\"so-panel widget widget_sow-editor panel-last-child\" data-index=\"8\" ><div\n\t\t\t\n\t\t\tclass=\"so-widget-sow-editor so-widget-sow-editor-base\"\n\t\t\t\n\t\t>\n<div class=\"siteorigin-widget-tinymce textwidget\">\n\t<p style=\"text-align: center\"><strong>Erreiche 8 Punkte<\/strong><\/p>\n<details>\n<summary style=\"font-weight: bold;font-size: 18px;cursor: pointer;color: #2b7a4b\">Klicken hier, um zu sehen, wie du Punkte sammeln kannst<\/summary>\n<p>&nbsp;<\/p>\n<table style=\"width: 100%;border-collapse: collapse;text-align: left;font-size: 15px\">\n<thead style=\"background-color: #b7e1cd;color: #000;font-weight: bold\">\n<tr>\n<th style=\"padding: 10px;border: 1px solid #ddd\">Veranstaltung<\/th>\n<th style=\"padding: 10px;border: 1px solid #ddd\">Punkte<\/th>\n<th style=\"padding: 10px;border: 1px solid #ddd\">Was du tun musst, um die Punkte zu erhalten<\/th>\n<\/tr>\n<\/thead>\n<tbody>\n<tr>\n<td style=\"padding: 10px;border: 1px solid #ddd\">Student Living Room Events <strong>(max. 3 mal)<\/strong><\/td>\n<td style=\"padding: 10px;border: 1px solid #ddd;text-align: center\">1<\/td>\n<td style=\"padding: 10px;border: 1px solid #ddd\">Nimm an einer Self-Care Session oder einem anderen Event, das vom Student Living Room veranstaltet wird, teil.<\/td>\n<\/tr>\n<tr>\n<td style=\"padding: 10px;border: 1px solid #ddd\">1-Tages Well-Being Workshop<\/td>\n<td style=\"padding: 10px;border: 1px solid #ddd;text-align: center\">2<\/td>\n<td style=\"padding: 10px;border: 1px solid #ddd\">Melde dich an und nimm an einem 1-Tages-FIT-Well-Being-Workshop teil.<\/td>\n<\/tr>\n<tr>\n<td style=\"padding: 10px;border: 1px solid #ddd\">2-Tages-Well-Being Workshop<\/td>\n<td style=\"padding: 10px;border: 1px solid #ddd;text-align: center\">3<\/td>\n<td style=\"padding: 10px;border: 1px solid #ddd\">Melden Sie sich f\u00fcr einen 2-t\u00e4gigen FIT-Wll-Being-Workshop an und nimm daran teil.<\/td>\n<\/tr>\n<tr>\n<td style=\"padding: 10px;border: 1px solid #ddd\">Speed-Friending<\/td>\n<td style=\"padding: 10px;border: 1px solid #ddd;text-align: center\">1<\/td>\n<td style=\"padding: 10px;border: 1px solid #ddd\">Nimm an einem FIT-Speed-Friending-Event teil.<\/td>\n<\/tr>\n<tr>\n<td style=\"padding: 10px;border: 1px solid #ddd\">International Stammtisch <strong>(once)<\/strong><\/td>\n<td style=\"padding: 10px;border: 1px solid #ddd;text-align: center\">3<\/td>\n<td style=\"padding: 10px;border: 1px solid #ddd\">Participate in at least 3 meetings of the International Stammtisch.<\/td>\n<\/tr>\n<\/tbody>\n<\/table>\n<\/details>\n<\/div>\n<\/div><\/div><\/div><div id=\"pgc-1812-2-2\"  class=\"panel-grid-cell\" ><div id=\"panel-1812-2-2-0\" class=\"so-panel widget widget_sow-image panel-first-child\" data-index=\"9\" ><div\n\t\t\t\n\t\t\tclass=\"so-widget-sow-image so-widget-sow-image-default-8b5b6f678277-1812\"\n\t\t\t\n\t\t>\n<div class=\"sow-image-container\">\n\t\t\t<a href=\"https:\/\/blogs.uni-siegen.de\/fit-in-siegen\/de\/unsere-fit-saulen\/soft-skills-beschaeftigungsfaehigkeit\/\"\n\t\t\t\t\t>\n\t\t\t<img \n\tsrc=\"https:\/\/blogs.uni-siegen.de\/fit-in-siegen\/files\/2025\/01\/FIT_soft_skills_employability_png.png\" width=\"298\" height=\"213\" sizes=\"(max-width: 298px) 100vw, 298px\" alt=\"\" \t\tclass=\"so-widget-image\"\/>\n\t\t\t<\/a><\/div>\n\n<\/div><\/div><div id=\"panel-1812-2-2-1\" class=\"so-panel widget widget_sow-editor panel-last-child\" data-index=\"10\" ><div\n\t\t\t\n\t\t\tclass=\"so-widget-sow-editor so-widget-sow-editor-base\"\n\t\t\t\n\t\t>\n<div class=\"siteorigin-widget-tinymce textwidget\">\n\t<p style=\"text-align: center\"><strong>Erreiche 8 Punkte<\/strong><\/p>\n<details>\n<summary style=\"font-weight: bold;font-size: 18px;cursor: pointer;color: #663399\">Klicken hier, um zu sehen, wie du Punkte sammeln kannst<\/summary>\n<table style=\"width: 100%;border-collapse: collapse;text-align: left;font-size: 15px\">\n<thead style=\"background-color: #d9b3ff;color: #000;font-weight: bold\">\n<tr>\n<th style=\"padding: 10px;border: 1px solid #ddd\">Veranstaltung<\/th>\n<th style=\"padding: 10px;border: 1px solid #ddd\">Punkte<\/th>\n<th style=\"padding: 10px;border: 1px solid #ddd\">Was du tun musst, um die Punkte zu erhalten<\/th>\n<\/tr>\n<\/thead>\n<tbody>\n<tr>\n<td style=\"padding: 10px;border: 1px solid #ddd\">1-Tages-Workshops<\/td>\n<td style=\"padding: 10px;border: 1px solid #ddd;text-align: center\">2<\/td>\n<td style=\"padding: 10px;border: 1px solid #ddd\">Melde dich dich f\u00fcr FIT-Workshop \u00fcber Besch\u00e4ftigungsf\u00e4higkeit oder Unternehmenskultur teil, der an einem Tag stattfindet, an und nimm daran teil.<\/td>\n<\/tr>\n<tr>\n<td style=\"padding: 10px;border: 1px solid #ddd\">2-Tages-Workshops<\/td>\n<td style=\"padding: 10px;border: 1px solid #ddd;text-align: center\">3<\/td>\n<td style=\"padding: 10px;border: 1px solid #ddd\">Melde dich f\u00fcr einen FIT-Workshop \u00fcber Besch\u00e4ftigungsf\u00e4higkeit oder Unternehmenskultur an, der an mehr als einem Tag stattfindet, und nimm daran teil.<\/td>\n<\/tr>\n<tr>\n<td style=\"padding: 10px;border: 1px solid #ddd\">Career Competence Awareness Workshops (c2AW)<\/td>\n<td style=\"padding: 10px;border: 1px solid #ddd;text-align: center\">3<\/td>\n<td style=\"padding: 10px;border: 1px solid #ddd\">Melde dich f\u00fcr einen vom Career Service organisierten FIT C2AW-Workshop an und nimm daran teil.<\/td>\n<\/tr>\n<tr>\n<td style=\"padding: 10px;border: 1px solid #ddd\">Bewerbungsberatung &amp; Kompetenz-Coaching<\/td>\n<td style=\"padding: 10px;border: 1px solid #ddd;text-align: center\">1<\/td>\n<td style=\"padding: 10px;border: 1px solid #ddd\">Gehe zu einer FIT-Karriere- oder Kompetenzberatung, die vom Career Service angeboten wird.<\/td>\n<\/tr>\n<tr>\n<td style=\"padding: 10px;border: 1px solid #ddd\">Einmal: DaF-Fachkurs<\/td>\n<td style=\"padding: 10px;border: 1px solid #ddd;text-align: center\">5<\/td>\n<td style=\"padding: 10px;border: 1px solid #ddd\">Schlie\u00dfe den Kurs <em>\"Deutsch f\u00fcr das Berufsleben\"<\/em> <strong>oder<\/strong> <em>\"Technisches Deutsch im Studium und Beruf\" ab .<\/em><\/td>\n<\/tr>\n<tr>\n<td style=\"padding: 10px;border: 1px solid #ddd\">Alumni Karrieretag<\/td>\n<td style=\"padding: 10px;border: 1px solid #ddd;text-align: center\">1<\/td>\n<td style=\"padding: 10px;border: 1px solid #ddd\">Nimm am FIT Alumni Event teil.<\/td>\n<\/tr>\n<\/tbody>\n<\/table>\n<\/details>\n<\/div>\n<\/div><\/div><\/div><div id=\"pgc-1812-2-3\"  class=\"panel-grid-cell\" ><div id=\"panel-1812-2-3-0\" class=\"so-panel widget widget_sow-image panel-first-child\" data-index=\"11\" ><div\n\t\t\t\n\t\t\tclass=\"so-widget-sow-image so-widget-sow-image-default-8b5b6f678277-1812\"\n\t\t\t\n\t\t>\n<div class=\"sow-image-container\">\n\t\t\t<a href=\"https:\/\/blogs.uni-siegen.de\/fit-in-siegen\/components-of-fit\/networking-with-sieguver\/\"\n\t\t\t\t\t>\n\t\t\t<img \n\tsrc=\"https:\/\/blogs.uni-siegen.de\/fit-in-siegen\/files\/2025\/01\/FIT_career_networking_png.png\" width=\"298\" height=\"213\" sizes=\"(max-width: 298px) 100vw, 298px\" alt=\"\" \t\tclass=\"so-widget-image\"\/>\n\t\t\t<\/a><\/div>\n\n<\/div><\/div><div id=\"panel-1812-2-3-1\" class=\"so-panel widget widget_sow-editor panel-last-child\" data-index=\"12\" ><div\n\t\t\t\n\t\t\tclass=\"so-widget-sow-editor so-widget-sow-editor-base\"\n\t\t\t\n\t\t>\n<div class=\"siteorigin-widget-tinymce textwidget\">\n\t<p style=\"text-align: center\"><strong>Erreiche 4 Punkte<\/strong><\/p>\n<details>\n<summary style=\"font-weight: bold;font-size: 18px;cursor: pointer;color: #005b96\">Klicken hier, um zu sehen, wie du Punkte sammeln kannst<\/summary>\n<table style=\"width: 100%;border-collapse: collapse;text-align: left;font-size: 15px\">\n<thead style=\"background-color: #9ed0f6;color: #000;font-weight: bold\">\n<tr>\n<th style=\"padding: 10px;border: 1px solid #ddd\">Veranstaltung<\/th>\n<th style=\"padding: 10px;border: 1px solid #ddd\">Punkte<\/th>\n<th style=\"padding: 10px;border: 1px solid #ddd\">Was du tun musst, um die Punkte zu erhalten<\/th>\n<\/tr>\n<\/thead>\n<tbody>\n<tr>\n<td style=\"padding: 10px;border: 1px solid #ddd\">Treffen und Begr\u00fc\u00dfung im Unternehmen<\/td>\n<td style=\"padding: 10px;border: 1px solid #ddd;text-align: center\">1<\/td>\n<td style=\"padding: 10px;border: 1px solid #ddd\">Melde dich an f\u00fcr ein FIT Company Meet and Greet an und nimm daran teil.<\/td>\n<\/tr>\n<tr>\n<td style=\"padding: 10px;border: 1px solid #ddd\">Firmenbesuch<\/td>\n<td style=\"padding: 10px;border: 1px solid #ddd;text-align: center\">1<\/td>\n<td style=\"padding: 10px;border: 1px solid #ddd\">Melde dich f\u00fcr einen FIT-Unternehmensbesuch an und nimm daran teil.<\/td>\n<\/tr>\n<tr>\n<td style=\"padding: 10px;border: 1px solid #ddd\">Jobmesse<\/td>\n<td style=\"padding: 10px;border: 1px solid #ddd;text-align: center\">1<\/td>\n<td style=\"padding: 10px;border: 1px solid #ddd\">Besuche eine Jobmesse und entweder:<\/p>\n<ul style=\"margin-top: 5px;margin-bottom: 5px\">\n<li>Markiere uns in deiner Instagram-Story \u00fcber die Messe, oder<\/li>\n<li>Schick uns eine kurze Zusammenfassung \u00fcber die Messe per E-Mail.<\/li>\n<\/ul>\n<\/td>\n<\/tr>\n<\/tbody>\n<\/table>\n<\/details>\n<\/div>\n<\/div><\/div><\/div><\/div><div id=\"pg-1812-3\"  class=\"panel-grid panel-no-style\" ><div id=\"pgc-1812-3-0\"  class=\"panel-grid-cell\" ><div id=\"panel-1812-3-0-0\" class=\"so-panel widget widget_sow-cta panel-first-child panel-last-child\" data-index=\"13\" ><div\n\t\t\t\n\t\t\tclass=\"so-widget-sow-cta so-widget-sow-cta-default-6467442c1346-1812\"\n\t\t\t\n\t\t><div\n\tclass=\"sow-cta-base\"\n\t>\n\t\n\t<div class=\"sow-cta-wrapper\">\n\n\t\t<div class=\"sow-cta-text\">\n\t\t\t\t\t\t\t<h4 class=\"sow-cta-title\">\n\t\t\t\t\tDu hast bereits Punkte gesammelt und m\u00f6chten diese zu deiner Stempelkarte hinzuf\u00fcgen?\t\t\t\t<\/h4>\n\t\t\t\n\t\t\t\t\t\t\t<h4 class=\"sow-cta-subtitle\">\n\t\t\t\t\tKomm zur FIT-Sprechstunde jeden Dienstag 9-11AM in F-S 402 oder melde dich per Mail!\t\t\t\t<\/h4>\n\t\t\t\t\t<\/div>\n\n\t\t<div\n\t\t\t\n\t\t\tclass=\"so-widget-sow-button so-widget-sow-button-flat-66466acb9e12\"\n\t\t\t\n\t\t><div class=\"ow-button-base ow-button-align-center\"\n>\n\t\t\t<a\n\t\t\t\t\thref=\"mailto:Sieguver@zv.uni-siegen.de\"\n\t\t\t\t\tclass=\"sowb-button ow-icon-placement-bottom ow-button-hover\" target=\"_blank\" rel=\"noopener noreferrer\" \t>\n\t\t<span>\n\t\t\t\n\t\t\tMail \t\t<\/span>\n\t\t\t<\/a>\n\t<\/div>\n<\/div>\n\t<\/div>\n\n\t<\/div>\n<\/div><\/div><\/div><\/div><div id=\"pg-1812-4\"  class=\"panel-grid panel-no-style\" ><div id=\"pgc-1812-4-0\"  class=\"panel-grid-cell\" ><div id=\"panel-1812-4-0-0\" class=\"so-panel widget widget_sow-headline panel-first-child\" data-index=\"14\" ><div\n\t\t\t\n\t\t\tclass=\"so-widget-sow-headline so-widget-sow-headline-default-eb2f76c59e35-1812 so-widget-fittext-wrapper\"\n\t\t\t data-fit-text-compressor=\"0.85\"\n\t\t><div class=\"sow-headline-container \">\n\t\t\t\t\t\t\t<h1 class=\"sow-headline\">\n\t\t\t\t\t\tDein Einsatz zahlt sich aus - das bekommst du!\t\t\t\t\t\t<\/h1>\n\t\t\t\t\t\t\t\t\t\t\t\t<h3 class=\"sow-sub-headline\">\n\t\t\t\t\t\tSobald du deinen Employability Pass abgeschlossen hast, kannst du zwei exklusive Belohnungen freischalten, die dir helfen, den n\u00e4chsten Schritt in deiner Karriere zu machen.\t\t\t\t\t\t<\/h3>\n\t\t\t\t\t\t<\/div>\n<\/div><\/div><div id=\"panel-1812-4-0-1\" class=\"so-panel widget widget_sow-features panel-last-child\" data-index=\"15\" ><div class=\"panel-widget-style panel-widget-style-for-1812-4-0-1\" ><div\n\t\t\t\n\t\t\tclass=\"so-widget-sow-features so-widget-sow-features-default-50a52bd3657d-1812\"\n\t\t\t\n\t\t><ul\n\tclass=\"sow-features-list\n\t\">\n\n\t\t\t<li\n\t\t\tclass=\"sow-features-feature sow-icon-container-position-top\"\n\t\t\tstyle=\"display: flex; flex-direction: column; width: calc(50% - 25px);\"\n\t\t>\n\t\t\t\n\t\t\t\t\t\t<div\t\t\t\tclass=\"sow-icon-container sow-container-none\"\n\t\t\t\tstyle=\"color: #404040; \"\n\t\t\t\t\n\t\t\t\t\t\t\t>\n\t\t\t\t<span class=\"sow-icon-fontawesome sow-fas\" data-sow-icon=\"&#xf00c;\"\n\t\tstyle=\"font-size: 48px; color: #333333\" \n\t\taria-hidden=\"true\"><\/span>\t\t\t<\/div>\n\n\t\t\t<div class=\"textwidget\">\n\t\t\t\t\n\t\t\t\t\t\t\t\t\t<h1 class=\"sow-features-feature-title\">\n\t\t\t\t\t\tOffizielles FIT in Siegen-Zertifikat\t\t\t\t\t<\/h1>\n\t\t\t\t\n\t\t\t\t\t\t\t\t\t<div class=\"sow-features-feature-text\">\n\t\t\t\t\t<p>Um deine professionelle Entwicklung und dein Einsatz gegen\u00fcber Arbeitgebern zu beweisen.<\/p>\n<p>Zeigt zuk\u00fcnftigen Arbeitgebern deine F\u00e4higkeiten und Engagement - und macht sich gut im Lebenslauf.<\/p>\n\t\t\t\t\t<\/div>\n\t\t\t\t\t\t\t\t<\/div>\n\t\t\t\t\t\t\t\t<\/li>\n\n\t\t\t<li\n\t\t\tclass=\"sow-features-feature sow-icon-container-position-top\"\n\t\t\tstyle=\"display: flex; flex-direction: column; width: calc(50% - 25px);\"\n\t\t>\n\t\t\t\n\t\t\t\t\t\t<div\t\t\t\tclass=\"sow-icon-container sow-container-none\"\n\t\t\t\tstyle=\"color: #404040; \"\n\t\t\t\t\n\t\t\t\t\t\t\t>\n\t\t\t\t<span class=\"sow-icon-fontawesome sow-fas\" data-sow-icon=\"&#xf00c;\"\n\t\tstyle=\"font-size: 48px; color: #333333\" \n\t\taria-hidden=\"true\"><\/span>\t\t\t<\/div>\n\n\t\t\t<div class=\"textwidget\">\n\t\t\t\t\n\t\t\t\t\t\t\t\t\t<h1 class=\"sow-features-feature-title\">\n\t\t\t\t\t\tR\u00fcckerstattung von professionellen Bewerbungsfotos\t\t\t\t\t<\/h1>\n\t\t\t\t\n\t\t\t\t\t\t\t\t\t<div class=\"sow-features-feature-text\">\n\t\t\t\t\t<p>Denn ein tolles Foto macht einen starken ersten Eindruck!<\/p>\n<p>Ein professionelles Foto ist f\u00fcr Bewerbungen in Deutschland unerl\u00e4sslich - und kostet in der Regel viel!<\/p>\n\t\t\t\t\t<\/div>\n\t\t\t\t\t\t\t\t<\/div>\n\t\t\t\t\t\t\t\t<\/li>\n\n\t<\/ul>\n<\/div><\/div><\/div><\/div><\/div><div id=\"pg-1812-5\"  class=\"panel-grid panel-no-style\" ><div id=\"pgc-1812-5-0\"  class=\"panel-grid-cell\" ><div id=\"panel-1812-5-0-0\" class=\"so-panel widget widget_sow-cta panel-first-child\" data-index=\"16\" ><div\n\t\t\t\n\t\t\tclass=\"so-widget-sow-cta so-widget-sow-cta-default-22debb76e866-1812\"\n\t\t\t\n\t\t><div\n\tclass=\"sow-cta-base\"\n\t>\n\t\n\t<div class=\"sow-cta-wrapper\">\n\n\t\t<div class=\"sow-cta-text\">\n\t\t\t\t\t\t\t<h4 class=\"sow-cta-title\">\n\t\t\t\t\tDu machtest anfangen, Punkte zu sammeln?\t\t\t\t<\/h4>\n\t\t\t\n\t\t\t\t\t<\/div>\n\n\t\t<div\n\t\t\t\n\t\t\tclass=\"so-widget-sow-button so-widget-sow-button-flat-54b14267ec43\"\n\t\t\t\n\t\t><div class=\"ow-button-base ow-button-align-center\"\n>\n\t\t\t<a\n\t\t\t\t\thref=\"https:\/\/blogs.uni-siegen.de\/fit-in-siegen\/veranstaltungen-events\/\"\n\t\t\t\t\tclass=\"sowb-button ow-icon-placement-left ow-button-hover\" \t>\n\t\t<span>\n\t\t\t<span class=\"sow-icon-fontawesome sow-far\" data-sow-icon=\"&#xf274;\"\n\t\tstyle=\"\" \n\t\taria-hidden=\"true\"><\/span>\n\t\t\tKommende Events ansehen\t\t<\/span>\n\t\t\t<\/a>\n\t<\/div>\n<\/div>\n\t<\/div>\n\n\t<\/div>\n<\/div><\/div><div id=\"panel-1812-5-0-1\" class=\"so-panel widget widget_sow-post-carousel panel-last-child\" data-index=\"17\" ><div\n\t\t\t\n\t\t\tclass=\"so-widget-sow-post-carousel so-widget-sow-post-carousel-base-0471499d4c66-1812\"\n\t\t\t\n\t\t>\t<div\n\t\tclass=\"sow-post-carousel-wrapper sow-post-carousel-theme-base\"\n\t\tstyle=\"overflow: hidden; max-width: 100%; min-height: 182px\"\n\t>\n\t\t<div class=\"sow-carousel-title\">\n\t\t\t<div class=\"sow-carousel-navigation \">\n\t\t\t\t\t\t<a href=\"#\" class=\"sow-carousel-next\" title=\"Next\" aria-label=\"Next Posts\" role=\"button\"><\/a>\n\t\t\t\t\t\t<a href=\"#\" class=\"sow-carousel-previous\" title=\"Previous\" aria-label=\"Previous Posts\" role=\"button\"><\/a>\n\t\t\t\t\t<\/div>\n\t<\/div>\n\n<div class=\"sow-carousel-container \">\n\t\t<div class=\"sow-carousel-wrapper\"\n\t\tdata-dir=\"ltr\"\n\t\tstyle=\"opacity: 0;\"\n\t\tdata-widget=\"post\" data-fetching=\"false\" data-page=\"1\" data-ajax-url=\"https:\/\/blogs.uni-siegen.de\/fit-in-siegen\/wp-admin\/admin-ajax.php?_widgets_nonce=c42af868e1\" data-item_count=\"22\" data-carousel_settings=\"{&quot;loop&quot;:true,&quot;animation&quot;:&quot;ease&quot;,&quot;animation_speed&quot;:400,&quot;autoplay&quot;:&quot;off&quot;,&quot;pauseOnHover&quot;:&quot;&quot;,&quot;autoplaySpeed&quot;:8000,&quot;item_overflow&quot;:true,&quot;autoplay_continuous_scroll&quot;:false}\" data-responsive=\"{&quot;desktop_slides_to_scroll&quot;:1,&quot;tablet_landscape_breakpoint&quot;:1366,&quot;tablet_landscape_slides_to_scroll&quot;:2,&quot;tablet_portrait_breakpoint&quot;:1025,&quot;tablet_portrait_slides_to_scroll&quot;:2,&quot;mobile_breakpoint&quot;:480,&quot;mobile_slides_to_scroll&quot;:1}\" data-variable_width=\"true\" \t>\n\t\t<div\n\t\t\tclass=\"sow-carousel-items\"\n\t\t\t\t\t>\n\t\t\t\t<div class=\"sow-carousel-item\" tabindex=\"-1\" style=\"float: left;\">\n\t\t<div class=\"sow-carousel-thumbnail\">\n\t\t\t\t\t\t\t<a\n\t\t\t\t\thref=\"https:\/\/blogs.uni-siegen.de\/fit-in-siegen\/de\/2024\/10\/16\/new-in-siegen\/\"\n\t\t\t\t\t\t\t\t\t\tstyle=\"background-image: url( https:\/\/blogs.uni-siegen.de\/fit-in-siegen\/files\/2024\/10\/csm_SiegenWEBSEITE_2022_5_f2b6d2f76e-272x182.png )\"\n\t\t\t\t\taria-labelledby=\"sow-carousel-id-3512\"\n\t\t\t\t\ttabindex=\"-1\"\n\t\t\t\t>\n\t\t\t\t\t<span class=\"overlay\"><\/span>\n\t\t\t\t<\/a>\n\t\t\t\t\t<\/div>\n\t\t<h3 class=\"sow-carousel-item-title\">\n\t\t\t<a\n\t\t\t\thref=\"https:\/\/blogs.uni-siegen.de\/fit-in-siegen\/de\/2024\/10\/16\/new-in-siegen\/\"\n\t\t\t\tid=\"sow-carousel-id-3512\"\n\t\t\t\t\t\t\t\ttabindex=\"-1\"\n\t\t\t>\n\n\t\t\t\tNew in Siegen? | FIT: Welcome &amp; Orientation\t\t\t<\/a>\n\t\t<\/h3>\n\t<\/div>\n\t\t<div class=\"sow-carousel-item\" tabindex=\"-1\" style=\"float: left;\">\n\t\t<div class=\"sow-carousel-thumbnail\">\n\t\t\t\t\t\t\t<a\n\t\t\t\t\thref=\"https:\/\/blogs.uni-siegen.de\/fit-in-siegen\/de\/2025\/04\/04\/03-02-28-02-february-in-the-slr-fit-well-being-social-integration\/\"\n\t\t\t\t\t\t\t\t\t\tstyle=\"background-image: url( https:\/\/blogs.uni-siegen.de\/fit-in-siegen\/files\/2025\/02\/IMG_3739-Kopie-272x182.jpg )\"\n\t\t\t\t\taria-labelledby=\"sow-carousel-id-3487\"\n\t\t\t\t\ttabindex=\"-1\"\n\t\t\t\t>\n\t\t\t\t\t<span class=\"overlay\"><\/span>\n\t\t\t\t<\/a>\n\t\t\t\t\t<\/div>\n\t\t<h3 class=\"sow-carousel-item-title\">\n\t\t\t<a\n\t\t\t\thref=\"https:\/\/blogs.uni-siegen.de\/fit-in-siegen\/de\/2025\/04\/04\/03-02-28-02-february-in-the-slr-fit-well-being-social-integration\/\"\n\t\t\t\tid=\"sow-carousel-id-3487\"\n\t\t\t\t\t\t\t\ttabindex=\"-1\"\n\t\t\t>\n\n\t\t\t\tApril in the SLR |  FIT: Well-Being &amp; Social Integration\t\t\t<\/a>\n\t\t<\/h3>\n\t<\/div>\n\t\t<div class=\"sow-carousel-item\" tabindex=\"-1\" style=\"float: left;\">\n\t\t<div class=\"sow-carousel-thumbnail\">\n\t\t\t\t\t\t\t<a\n\t\t\t\t\thref=\"https:\/\/blogs.uni-siegen.de\/fit-in-siegen\/de\/2026\/03\/30\/29-04-speed-friending-fit-well-being-social-integration\/\"\n\t\t\t\t\t\t\t\t\t\tstyle=\"background-image: url( https:\/\/blogs.uni-siegen.de\/fit-in-siegen\/files\/2026\/03\/pexels-silverkblack-36729916-272x182.jpg )\"\n\t\t\t\t\taria-labelledby=\"sow-carousel-id-3349\"\n\t\t\t\t\ttabindex=\"-1\"\n\t\t\t\t>\n\t\t\t\t\t<span class=\"overlay\"><\/span>\n\t\t\t\t<\/a>\n\t\t\t\t\t<\/div>\n\t\t<h3 class=\"sow-carousel-item-title\">\n\t\t\t<a\n\t\t\t\thref=\"https:\/\/blogs.uni-siegen.de\/fit-in-siegen\/de\/2026\/03\/30\/29-04-speed-friending-fit-well-being-social-integration\/\"\n\t\t\t\tid=\"sow-carousel-id-3349\"\n\t\t\t\t\t\t\t\ttabindex=\"-1\"\n\t\t\t>\n\n\t\t\t\t29.04. Speed-Friending | FIT: Well-Being &amp; Social Integration\t\t\t<\/a>\n\t\t<\/h3>\n\t<\/div>\n\t\t<div class=\"sow-carousel-item\" tabindex=\"-1\" style=\"float: left;\">\n\t\t<div class=\"sow-carousel-thumbnail\">\n\t\t\t\t\t\t\t<a\n\t\t\t\t\thref=\"https:\/\/blogs.uni-siegen.de\/fit-in-siegen\/de\/2026\/04\/17\/30-04-slr-special-event-voices-of-siegen-a-poetry-slam-night-fit-well-being-social-integration\/\"\n\t\t\t\t\t\t\t\t\t\tstyle=\"background-image: url( https:\/\/blogs.uni-siegen.de\/fit-in-siegen\/files\/2026\/04\/pexels-damianscarlassa-16963920-272x182.jpg )\"\n\t\t\t\t\taria-labelledby=\"sow-carousel-id-3333\"\n\t\t\t\t\ttabindex=\"-1\"\n\t\t\t\t>\n\t\t\t\t\t<span class=\"overlay\"><\/span>\n\t\t\t\t<\/a>\n\t\t\t\t\t<\/div>\n\t\t<h3 class=\"sow-carousel-item-title\">\n\t\t\t<a\n\t\t\t\thref=\"https:\/\/blogs.uni-siegen.de\/fit-in-siegen\/de\/2026\/04\/17\/30-04-slr-special-event-voices-of-siegen-a-poetry-slam-night-fit-well-being-social-integration\/\"\n\t\t\t\tid=\"sow-carousel-id-3333\"\n\t\t\t\t\t\t\t\ttabindex=\"-1\"\n\t\t\t>\n\n\t\t\t\t30.04. SLR Special Event: Voices of Siegen \u2013 A Poetry Slam Night | FIT: Well-Being &amp; Social Integration\t\t\t<\/a>\n\t\t<\/h3>\n\t<\/div>\n\t\t<div class=\"sow-carousel-item\" tabindex=\"-1\" style=\"float: left;\">\n\t\t<div class=\"sow-carousel-thumbnail\">\n\t\t\t\t\t\t\t<a\n\t\t\t\t\thref=\"https:\/\/blogs.uni-siegen.de\/fit-in-siegen\/de\/2026\/03\/26\/08-05-26-starken-sichtbar-machen-scharfe-dein-bewerberprofil-fur-den-arbeitsmarkt-fit-soft-skills-employability\/\"\n\t\t\t\t\t\t\t\t\t\tstyle=\"background-image: url( https:\/\/blogs.uni-siegen.de\/fit-in-siegen\/files\/2026\/03\/pexels-skylar-kang-6045332-272x182.jpg )\"\n\t\t\t\t\taria-labelledby=\"sow-carousel-id-3373\"\n\t\t\t\t\ttabindex=\"-1\"\n\t\t\t\t>\n\t\t\t\t\t<span class=\"overlay\"><\/span>\n\t\t\t\t<\/a>\n\t\t\t\t\t<\/div>\n\t\t<h3 class=\"sow-carousel-item-title\">\n\t\t\t<a\n\t\t\t\thref=\"https:\/\/blogs.uni-siegen.de\/fit-in-siegen\/de\/2026\/03\/26\/08-05-26-starken-sichtbar-machen-scharfe-dein-bewerberprofil-fur-den-arbeitsmarkt-fit-soft-skills-employability\/\"\n\t\t\t\tid=\"sow-carousel-id-3373\"\n\t\t\t\t\t\t\t\ttabindex=\"-1\"\n\t\t\t>\n\n\t\t\t\t08.05.26 | St\u00e4rken sichtbar machen &#8211; Sch\u00e4rfe Dein Bewerberprofil f\u00fcr den Arbeitsmarkt | FIT: Soft Skills &amp; Employability\t\t\t<\/a>\n\t\t<\/h3>\n\t<\/div>\n\t\t<div class=\"sow-carousel-item\" tabindex=\"-1\" style=\"float: left;\">\n\t\t<div class=\"sow-carousel-thumbnail\">\n\t\t\t\t\t\t\t<a\n\t\t\t\t\thref=\"https:\/\/blogs.uni-siegen.de\/fit-in-siegen\/de\/2026\/03\/26\/15-05-2026-employability-training-fit-soft-skills-employability\/\"\n\t\t\t\t\t\t\t\t\t\tstyle=\"background-image: url( https:\/\/blogs.uni-siegen.de\/fit-in-siegen\/files\/2026\/03\/geralt-training-2874597_1280-272x182.jpg )\"\n\t\t\t\t\taria-labelledby=\"sow-carousel-id-3362\"\n\t\t\t\t\ttabindex=\"-1\"\n\t\t\t\t>\n\t\t\t\t\t<span class=\"overlay\"><\/span>\n\t\t\t\t<\/a>\n\t\t\t\t\t<\/div>\n\t\t<h3 class=\"sow-carousel-item-title\">\n\t\t\t<a\n\t\t\t\thref=\"https:\/\/blogs.uni-siegen.de\/fit-in-siegen\/de\/2026\/03\/26\/15-05-2026-employability-training-fit-soft-skills-employability\/\"\n\t\t\t\tid=\"sow-carousel-id-3362\"\n\t\t\t\t\t\t\t\ttabindex=\"-1\"\n\t\t\t>\n\n\t\t\t\t15.05.2026 | Employability Training | FIT: Soft Skills &amp; Employability\t\t\t<\/a>\n\t\t<\/h3>\n\t<\/div>\n\t\t<div class=\"sow-carousel-item\" tabindex=\"-1\" style=\"float: left;\">\n\t\t<div class=\"sow-carousel-thumbnail\">\n\t\t\t\t\t\t\t<a\n\t\t\t\t\thref=\"https:\/\/blogs.uni-siegen.de\/fit-in-siegen\/de\/2026\/03\/26\/16-05-26-workshop-job-hunt-boot-camp-fit-soft-skills-employability\/\"\n\t\t\t\t\t\t\t\t\t\tstyle=\"background-image: url( https:\/\/blogs.uni-siegen.de\/fit-in-siegen\/files\/2026\/03\/sharifdesigns-ai-generated-8818858_1280-272x182.jpg )\"\n\t\t\t\t\taria-labelledby=\"sow-carousel-id-3364\"\n\t\t\t\t\ttabindex=\"-1\"\n\t\t\t\t>\n\t\t\t\t\t<span class=\"overlay\"><\/span>\n\t\t\t\t<\/a>\n\t\t\t\t\t<\/div>\n\t\t<h3 class=\"sow-carousel-item-title\">\n\t\t\t<a\n\t\t\t\thref=\"https:\/\/blogs.uni-siegen.de\/fit-in-siegen\/de\/2026\/03\/26\/16-05-26-workshop-job-hunt-boot-camp-fit-soft-skills-employability\/\"\n\t\t\t\tid=\"sow-carousel-id-3364\"\n\t\t\t\t\t\t\t\ttabindex=\"-1\"\n\t\t\t>\n\n\t\t\t\t16.05.26 Workshop: Job Hunt Boot Camp | FIT: Soft Skills &amp; Employability\t\t\t<\/a>\n\t\t<\/h3>\n\t<\/div>\n\t\t<div class=\"sow-carousel-item\" tabindex=\"-1\" style=\"float: left;\">\n\t\t<div class=\"sow-carousel-thumbnail\">\n\t\t\t\t\t\t\t<a\n\t\t\t\t\thref=\"https:\/\/blogs.uni-siegen.de\/fit-in-siegen\/de\/2026\/04\/02\/29-04-beat-procrastination-a-practical-workshop-for-getting-started-staying-on-track-fit-well-being-social-integration\/\"\n\t\t\t\t\t\t\t\t\t\tstyle=\"background-image: url( https:\/\/blogs.uni-siegen.de\/fit-in-siegen\/files\/2026\/04\/pexels-freestockpro-12932901-272x182.jpg )\"\n\t\t\t\t\taria-labelledby=\"sow-carousel-id-3347\"\n\t\t\t\t\ttabindex=\"-1\"\n\t\t\t\t>\n\t\t\t\t\t<span class=\"overlay\"><\/span>\n\t\t\t\t<\/a>\n\t\t\t\t\t<\/div>\n\t\t<h3 class=\"sow-carousel-item-title\">\n\t\t\t<a\n\t\t\t\thref=\"https:\/\/blogs.uni-siegen.de\/fit-in-siegen\/de\/2026\/04\/02\/29-04-beat-procrastination-a-practical-workshop-for-getting-started-staying-on-track-fit-well-being-social-integration\/\"\n\t\t\t\tid=\"sow-carousel-id-3347\"\n\t\t\t\t\t\t\t\ttabindex=\"-1\"\n\t\t\t>\n\n\t\t\t\t21.05. Beat Procrastination \u2014 A Practical Workshop for Getting Started &amp; Staying on Track | FIT: Well-Being &amp; Social Integration\t\t\t<\/a>\n\t\t<\/h3>\n\t<\/div>\n\t\t<div class=\"sow-carousel-item\" tabindex=\"-1\" style=\"float: left;\">\n\t\t<div class=\"sow-carousel-thumbnail\">\n\t\t\t\t\t\t\t<a\n\t\t\t\t\thref=\"https:\/\/blogs.uni-siegen.de\/fit-in-siegen\/de\/2026\/03\/26\/29-05-26-make-your-strengths-visible-your-job-profile-as-key-to-the-job-market-fit-soft-skills-employability\/\"\n\t\t\t\t\t\t\t\t\t\tstyle=\"background-image: url( https:\/\/blogs.uni-siegen.de\/fit-in-siegen\/files\/2026\/03\/pexels-skylar-kang-6045332-272x182.jpg )\"\n\t\t\t\t\taria-labelledby=\"sow-carousel-id-3375\"\n\t\t\t\t\ttabindex=\"-1\"\n\t\t\t\t>\n\t\t\t\t\t<span class=\"overlay\"><\/span>\n\t\t\t\t<\/a>\n\t\t\t\t\t<\/div>\n\t\t<h3 class=\"sow-carousel-item-title\">\n\t\t\t<a\n\t\t\t\thref=\"https:\/\/blogs.uni-siegen.de\/fit-in-siegen\/de\/2026\/03\/26\/29-05-26-make-your-strengths-visible-your-job-profile-as-key-to-the-job-market-fit-soft-skills-employability\/\"\n\t\t\t\tid=\"sow-carousel-id-3375\"\n\t\t\t\t\t\t\t\ttabindex=\"-1\"\n\t\t\t>\n\n\t\t\t\t29.05.26 |Make your Strengths Visible \u2013 Your Job Profile as Key to the Job Market | FIT: Soft Skills &amp; Employability\t\t\t<\/a>\n\t\t<\/h3>\n\t<\/div>\n\t\t<div class=\"sow-carousel-item\" tabindex=\"-1\" style=\"float: left;\">\n\t\t<div class=\"sow-carousel-thumbnail\">\n\t\t\t\t\t\t\t<a\n\t\t\t\t\thref=\"https:\/\/blogs.uni-siegen.de\/fit-in-siegen\/de\/2026\/03\/26\/05-06-intercultural-session-understanding-german-behavior-fit-welcome-orientation\/\"\n\t\t\t\t\t\t\t\t\t\tstyle=\"background-image: url( https:\/\/blogs.uni-siegen.de\/fit-in-siegen\/files\/2026\/03\/geralt-individual-5131429-272x182.jpg )\"\n\t\t\t\t\taria-labelledby=\"sow-carousel-id-3353\"\n\t\t\t\t\ttabindex=\"-1\"\n\t\t\t\t>\n\t\t\t\t\t<span class=\"overlay\"><\/span>\n\t\t\t\t<\/a>\n\t\t\t\t\t<\/div>\n\t\t<h3 class=\"sow-carousel-item-title\">\n\t\t\t<a\n\t\t\t\thref=\"https:\/\/blogs.uni-siegen.de\/fit-in-siegen\/de\/2026\/03\/26\/05-06-intercultural-session-understanding-german-behavior-fit-welcome-orientation\/\"\n\t\t\t\tid=\"sow-carousel-id-3353\"\n\t\t\t\t\t\t\t\ttabindex=\"-1\"\n\t\t\t>\n\n\t\t\t\t05.06. | Intercultural Session: Understanding German Behavior | FIT: Welcome &amp; Orientation\t\t\t<\/a>\n\t\t<\/h3>\n\t<\/div>\n\t\t\t<\/div>\n\t\t\t<\/div>\n\n\t<\/div>\n\t\t<input type=\"hidden\" name=\"instance_hash\" value=\"038e9915\"\/>\n\t<\/div>\n<\/div><\/div><\/div><\/div><\/div>","protected":false},"excerpt":{"rendered":"<p>Was ist der Employability Pass? Gestalte deine Zukunft, erweitere deine F\u00e4higkeiten und werde daf\u00fcr belohnt! Der Employability Pass hilft internationalen Studierenden an der Universit\u00e4t Siegen, wertvolle Erfahrungen zu sammeln, wichtige berufliche und soziale Kompetenzen zu entwickeln und sich auf eine erfolgreiche Karriere in Deutschland vorzubereiten. Wie funktioniert es? Durch die Teilnahme an FIT-Workshops und -Aktivit\u00e4ten &hellip; <\/p>\n<p class=\"link-more\"><a href=\"https:\/\/blogs.uni-siegen.de\/fit-in-siegen\/de\/forging-international-talents-worum-geht-es-dabei\/dein-employabilty-pass\/\" class=\"more-link\"><span class=\"screen-reader-text\">\u201eDein Employabilty-Pass\u201c <\/span>weiterlesen<\/a><\/p>\n","protected":false},"author":631,"featured_media":0,"parent":1802,"menu_order":0,"comment_status":"closed","ping_status":"closed","template":"","meta":{"footnotes":""},"class_list":["post-1812","page","type-page","status-publish","hentry"],"_links":{"self":[{"href":"https:\/\/blogs.uni-siegen.de\/fit-in-siegen\/de\/wp-json\/wp\/v2\/pages\/1812","targetHints":{"allow":["GET"]}}],"collection":[{"href":"https:\/\/blogs.uni-siegen.de\/fit-in-siegen\/de\/wp-json\/wp\/v2\/pages"}],"about":[{"href":"https:\/\/blogs.uni-siegen.de\/fit-in-siegen\/de\/wp-json\/wp\/v2\/types\/page"}],"author":[{"embeddable":true,"href":"https:\/\/blogs.uni-siegen.de\/fit-in-siegen\/de\/wp-json\/wp\/v2\/users\/631"}],"replies":[{"embeddable":true,"href":"https:\/\/blogs.uni-siegen.de\/fit-in-siegen\/de\/wp-json\/wp\/v2\/comments?post=1812"}],"version-history":[{"count":2,"href":"https:\/\/blogs.uni-siegen.de\/fit-in-siegen\/de\/wp-json\/wp\/v2\/pages\/1812\/revisions"}],"predecessor-version":[{"id":3857,"href":"https:\/\/blogs.uni-siegen.de\/fit-in-siegen\/de\/wp-json\/wp\/v2\/pages\/1812\/revisions\/3857"}],"up":[{"embeddable":true,"href":"https:\/\/blogs.uni-siegen.de\/fit-in-siegen\/de\/wp-json\/wp\/v2\/pages\/1802"}],"wp:attachment":[{"href":"https:\/\/blogs.uni-siegen.de\/fit-in-siegen\/de\/wp-json\/wp\/v2\/media?parent=1812"}],"curies":[{"name":"wp","href":"https:\/\/api.w.org\/{rel}","templated":true}]}}