{"id":3278,"date":"2024-09-05T10:01:54","date_gmt":"2024-09-05T08:01:54","guid":{"rendered":"https:\/\/blogs.uni-siegen.de\/fit-in-siegen\/unsere-fit-saulen\/soft-skills-beschaeftigungsfaehigkeit\/"},"modified":"2026-04-24T15:14:32","modified_gmt":"2026-04-24T13:14:32","slug":"soft-skills-beschaeftigungsfaehigkeit","status":"publish","type":"page","link":"https:\/\/blogs.uni-siegen.de\/fit-in-siegen\/de\/unsere-fit-saulen\/soft-skills-beschaeftigungsfaehigkeit\/","title":{"rendered":"Soft Skills &amp; Employability"},"content":{"rendered":"<div id=\"pl-3278\"  class=\"panel-layout\" ><div id=\"pg-3278-0\"  class=\"panel-grid panel-has-style\" ><div class=\"siteorigin-panels-stretch panel-row-style panel-row-style-for-3278-0\" data-stretch-type=\"full\" ><div id=\"pgc-3278-0-0\"  class=\"panel-grid-cell\" ><div id=\"panel-3278-0-0-0\" class=\"so-panel widget widget_sow-headline panel-first-child panel-last-child\" data-index=\"0\" ><div\n\t\t\t\n\t\t\tclass=\"so-widget-sow-headline so-widget-sow-headline-default-19eceb8391be-3278\"\n\t\t\t\n\t\t><div class=\"sow-headline-container \">\n\t\t\t\t\t\t\t<h2 class=\"sow-headline\">\n\t\t\t\t\t\tKenne deine St\u00e4rken. Steigere deine Besch\u00e4ftigungsf\u00e4higkeit. \t\t\t\t\t\t<\/h2>\n\t\t\t\t\t\t\t\t\t\t\t<div class=\"decoration\">\n\t\t\t\t\t\t<div class=\"decoration-inside\"><\/div>\n\t\t\t\t\t<\/div>\n\t\t\t\t\t\t\t\t\t\t\t<h3 class=\"sow-sub-headline\">\n\t\t\t\t\t\tUm sich auf den deutschen Arbeitsmarkt vorzubereiten, braucht es mehr als akademisches Wissen. Unsere karriereorientierten Angebote helfen dir, Schl\u00fcsselkompetenzen zu entwickeln, die Arbeitskultur zu verstehen und deinen Karriereweg selbstbewusst zu gestalten. Verschaffe dir die F\u00e4higkeiten, Einblicke und Unterst\u00fctzung, die du f\u00fcr einen erfolgreichen Einstieg in den deutschen Arbeitsmarkt brauchst.  \t\t\t\t\t\t<\/h3>\n\t\t\t\t\t\t<\/div>\n<\/div><\/div><\/div><\/div><\/div><div id=\"pg-3278-1\"  class=\"panel-grid panel-has-style\" ><div class=\"siteorigin-panels-stretch panel-row-style panel-row-style-for-3278-1\" data-stretch-type=\"full-width-stretch\" ><div id=\"pgc-3278-1-0\"  class=\"panel-grid-cell\" ><div id=\"panel-3278-1-0-0\" class=\"so-panel widget widget_sow-cta panel-first-child panel-last-child\" data-index=\"1\" ><div\n\t\t\t\n\t\t\tclass=\"so-widget-sow-cta so-widget-sow-cta-default-a9341344d8ef-3278\"\n\t\t\t\n\t\t><div\n\tclass=\"sow-cta-base\"\n\t>\n\t\n\t<div class=\"sow-cta-wrapper\">\n\n\t\t<div class=\"sow-cta-text\">\n\t\t\t\t\t\t\t<h4 class=\"sow-cta-title\">\n\t\t\t\t\tBesuche den Career Service\t\t\t\t<\/h4>\n\t\t\t\n\t\t\t\t\t\t\t<h4 class=\"sow-cta-subtitle\">\n\t\t\t\t\tUnterst\u00fctzt dich mit Coaching, Workshops und Beratung, damit du deinen Weg findest und mit Zuversicht vorankommst.\t\t\t\t<\/h4>\n\t\t\t\t\t<\/div>\n\n\t\t<div\n\t\t\t\n\t\t\tclass=\"so-widget-sow-button so-widget-sow-button-flat-66466acb9e12\"\n\t\t\t\n\t\t><div class=\"ow-button-base ow-button-align-center\"\n>\n\t\t\t<a\n\t\t\t\t\thref=\"https:\/\/en.career.uni-siegen.de\/\"\n\t\t\t\t\tclass=\"sowb-button ow-icon-placement-bottom ow-button-hover\" \t>\n\t\t<span>\n\t\t\t\n\t\t\tMehr Infos\t\t<\/span>\n\t\t\t<\/a>\n\t<\/div>\n<\/div>\n\t<\/div>\n\n\t<\/div>\n<\/div><\/div><\/div><\/div><\/div><div id=\"pg-3278-2\"  class=\"panel-grid panel-no-style\" ><div id=\"pgc-3278-2-0\"  class=\"panel-grid-cell\" ><div id=\"panel-3278-2-0-0\" class=\"so-panel widget widget_sow-features panel-first-child panel-last-child\" data-index=\"2\" ><div class=\"panel-widget-style panel-widget-style-for-3278-2-0-0\" ><div\n\t\t\t\n\t\t\tclass=\"so-widget-sow-features so-widget-sow-features-default-b3c787c19beb-3278\"\n\t\t\t\n\t\t><ul\n\tclass=\"sow-features-list\n\tsow-features-responsive\">\n\n\t\t\t<li\n\t\t\tclass=\"sow-features-feature sow-icon-container-position-top\"\n\t\t\tstyle=\"display: flex; flex-direction: column; width: calc(50% - 25px);\"\n\t\t>\n\t\t\t\n\t\t\t\t\t\t<div\t\t\t\tclass=\"sow-icon-container sow-container-none\"\n\t\t\t\tstyle=\"color: #404040; \"\n\t\t\t\t\n\t\t\t\t\t\t\t>\n\t\t\t\t\t\t\t<\/div>\n\n\t\t\t<div class=\"textwidget\">\n\t\t\t\t\n\t\t\t\t\t\t\t\t\t<h4 class=\"sow-features-feature-title\">\n\t\t\t\t\t\tWorkshops zur Besch\u00e4ftigungsf\u00e4higkeit\t\t\t\t\t<\/h4>\n\t\t\t\t\n\t\t\t\t\t\t\t\t\t<div class=\"sow-features-feature-text\">\n\t\t\t\t\t<p><img loading=\"lazy\" decoding=\"async\" class=\"aligncenter size-full wp-image-3114\" src=\"http:\/\/blogs.uni-siegen.de\/fit-in-siegen\/files\/2026\/04\/Employability.png\" alt=\"\" width=\"350\" height=\"175\" srcset=\"https:\/\/blogs.uni-siegen.de\/fit-in-siegen\/files\/2026\/04\/Employability.png 350w, https:\/\/blogs.uni-siegen.de\/fit-in-siegen\/files\/2026\/04\/Employability-300x150.png 300w\" sizes=\"auto, (max-width: 350px) 100vw, 350px\" \/><\/p>\n<p style=\"text-align: left\"><strong>Willst du deine Soft Skills f\u00fcr den Arbeitsmarkt st\u00e4rken?<\/strong><br data-start=\"311\" data-end=\"314\">Unsere Employability-Workshops bieten einen praktischen Weg, um Kompetenzen wie Kommunikation, Teamwork und interkulturelles Bewusstsein zu entwickeln.<br data-start=\"448\" data-end=\"451\">Lerne Bewerbungsstrategien, verstehe den Bewerbungsprozess und baue Selbstvertrauen f\u00fcr den Einstieg in den Arbeitsmarkt auf.<\/p>\n\t\t\t\t\t<\/div>\n\t\t\t\t\t\t\t\t<\/div>\n\t\t\t\t\t\t\t\t\t\t<p class=\"sow-more-text\">\n\t\t\t\t\t<a href=\"https:\/\/blogs.uni-siegen.de\/fit-in-siegen\/de\/kommende-veranstaltungen\/\" >Kommende Veranstaltungen<\/a>\t\t\t\t<\/p>\n\t\t\t\t\t<\/li>\n\n\t\t\t<li\n\t\t\tclass=\"sow-features-feature sow-icon-container-position-top\"\n\t\t\tstyle=\"display: flex; flex-direction: column; width: calc(50% - 25px);\"\n\t\t>\n\t\t\t\n\t\t\t\t\t\t<div\t\t\t\tclass=\"sow-icon-container sow-container-none\"\n\t\t\t\tstyle=\"color: #404040; \"\n\t\t\t\t\n\t\t\t\t\t\t\t>\n\t\t\t\t\t\t\t<\/div>\n\n\t\t\t<div class=\"textwidget\">\n\t\t\t\t\n\t\t\t\t\t\t\t\t\t<h4 class=\"sow-features-feature-title\">\n\t\t\t\t\t\tDeutsche Gesch\u00e4ftskultur\t\t\t\t\t<\/h4>\n\t\t\t\t\n\t\t\t\t\t\t\t\t\t<div class=\"sow-features-feature-text\">\n\t\t\t\t\t<p data-start=\"620\" data-end=\"899\"><img loading=\"lazy\" decoding=\"async\" class=\"aligncenter size-full wp-image-3115\" src=\"http:\/\/blogs.uni-siegen.de\/fit-in-siegen\/files\/2026\/04\/Work-Culture.png\" alt=\"\" width=\"350\" height=\"175\" srcset=\"https:\/\/blogs.uni-siegen.de\/fit-in-siegen\/files\/2026\/04\/Work-Culture.png 350w, https:\/\/blogs.uni-siegen.de\/fit-in-siegen\/files\/2026\/04\/Work-Culture-300x150.png 300w\" sizes=\"auto, (max-width: 350px) 100vw, 350px\" \/><\/p>\n<p style=\"text-align: left\" data-start=\"620\" data-end=\"899\"><strong>Willst du verstehen, wie die deutsche Arbeitswelt funktioniert?<\/strong><br data-start=\"670\" data-end=\"673\">Unsere Workshops zur deutschen Gesch\u00e4ftskultur machen dich mit den wichtigsten Erwartungen und kulturellen Unterschieden im beruflichen Umfeld vertraut.<br data-start=\"799\" data-end=\"802\">Lerne, effektiv zu kommunizieren, dein Verhalten anzupassen und dich reibungslos in die Arbeitswelt zu integrieren.<\/p>\n\t\t\t\t\t<\/div>\n\t\t\t\t\t\t\t\t<\/div>\n\t\t\t\t\t\t\t\t\t\t<p class=\"sow-more-text\">\n\t\t\t\t\t<a href=\"https:\/\/blogs.uni-siegen.de\/fit-in-siegen\/de\/kommende-veranstaltungen\/\" >Kommende Veranstaltungen<\/a>\t\t\t\t<\/p>\n\t\t\t\t\t<\/li>\n\n\t\t\t<li\n\t\t\tclass=\"sow-features-feature sow-icon-container-position-top\"\n\t\t\tstyle=\"display: flex; flex-direction: column; width: calc(50% - 25px);\"\n\t\t>\n\t\t\t\n\t\t\t\t\t\t<div\t\t\t\tclass=\"sow-icon-container sow-container-none\"\n\t\t\t\tstyle=\"color: #404040; \"\n\t\t\t\t\n\t\t\t\t\t\t\t>\n\t\t\t\t\t\t\t<\/div>\n\n\t\t\t<div class=\"textwidget\">\n\t\t\t\t\n\t\t\t\t\t\t\t\t\t<h4 class=\"sow-features-feature-title\">\n\t\t\t\t\t\tCareer Competence Awareness Workshops (c2AW)\t\t\t\t\t<\/h4>\n\t\t\t\t\n\t\t\t\t\t\t\t\t\t<div class=\"sow-features-feature-text\">\n\t\t\t\t\t<p><img loading=\"lazy\" decoding=\"async\" class=\"aligncenter size-full wp-image-3112\" src=\"http:\/\/blogs.uni-siegen.de\/fit-in-siegen\/files\/2026\/04\/c2AW.png\" alt=\"\" width=\"350\" height=\"175\" srcset=\"https:\/\/blogs.uni-siegen.de\/fit-in-siegen\/files\/2026\/04\/c2AW.png 350w, https:\/\/blogs.uni-siegen.de\/fit-in-siegen\/files\/2026\/04\/c2AW-300x150.png 300w\" sizes=\"auto, (max-width: 350px) 100vw, 350px\" \/><\/p>\n<p style=\"text-align: left\"><strong>Willst du deine St\u00e4rken entdecken und deinen Karriereweg planen?<\/strong><br data-start=\"1682\" data-end=\"1685\">Unsere c2AW-Workshops, die in Zusammenarbeit mit dem Career Service angeboten werden, helfen dir dabei, \u00fcber deine Kompetenzen und Karriereziele nachzudenken.<br data-start=\"1809\" data-end=\"1812\">Erkenne deine St\u00e4rken, erkunde Karriereoptionen und sch\u00f6pfe Selbstvertrauen f\u00fcr deine berufliche Zukunft.<\/p>\n\t\t\t\t\t<\/div>\n\t\t\t\t\t\t\t\t<\/div>\n\t\t\t\t\t\t\t\t\t\t<p class=\"sow-more-text\">\n\t\t\t\t\t<a href=\"https:\/\/blogs.uni-siegen.de\/fit-in-siegen\/de\/unsere-fit-saulen\/soft-skills-beschaeftigungsfaehigkeit\/career-competences\/\" >Mehr Infos<\/a>\t\t\t\t<\/p>\n\t\t\t\t\t<\/li>\n\n\t\t\t<li\n\t\t\tclass=\"sow-features-feature sow-icon-container-position-top\"\n\t\t\tstyle=\"display: flex; flex-direction: column; width: calc(50% - 25px);\"\n\t\t>\n\t\t\t\n\t\t\t\t\t\t<div\t\t\t\tclass=\"sow-icon-container sow-container-none\"\n\t\t\t\tstyle=\"color: #404040; \"\n\t\t\t\t\n\t\t\t\t\t\t\t>\n\t\t\t\t\t\t\t<\/div>\n\n\t\t\t<div class=\"textwidget\">\n\t\t\t\t\n\t\t\t\t\t\t\t\t\t<h4 class=\"sow-features-feature-title\">\n\t\t\t\t\t\tBewerbungsberatung &amp; Kompetenz-Coaching\t\t\t\t\t<\/h4>\n\t\t\t\t\n\t\t\t\t\t\t\t\t\t<div class=\"sow-features-feature-text\">\n\t\t\t\t\t<p><img loading=\"lazy\" decoding=\"async\" class=\"aligncenter size-full wp-image-3117\" src=\"http:\/\/blogs.uni-siegen.de\/fit-in-siegen\/files\/2026\/04\/Application-Guidance.png\" alt=\"\" width=\"350\" height=\"175\" srcset=\"https:\/\/blogs.uni-siegen.de\/fit-in-siegen\/files\/2026\/04\/Application-Guidance.png 350w, https:\/\/blogs.uni-siegen.de\/fit-in-siegen\/files\/2026\/04\/Application-Guidance-300x150.png 300w\" sizes=\"auto, (max-width: 350px) 100vw, 350px\" \/><\/p>\n<p style=\"text-align: left\"><strong>Brauchst du Unterst\u00fctzung bei deinen Bewerbungen?<br><\/strong><br data-start=\"2025\" data-end=\"2028\"> Dieses vom Career Service angebotene Programm hilft dir, deinen Lebenslauf, dein Anschreiben und deine gesamte Bewerbungsstrategie zu verbessern.<br data-start=\"2146\" data-end=\"2149\">Hol dir pers\u00f6nliches Feedback, kl\u00e4re deine St\u00e4rken und baue Selbstvertrauen f\u00fcr deine Jobsuche auf.<\/p>\n\t\t\t\t\t<\/div>\n\t\t\t\t\t\t\t\t<\/div>\n\t\t\t\t\t\t\t\t\t\t<p class=\"sow-more-text\">\n\t\t\t\t\t<a href=\"https:\/\/blogs.uni-siegen.de\/fit-in-siegen\/de\/2025\/09\/01\/de-en-application-guidance-competence-coaching-career-service\/\" >Mehr Infos<\/a>\t\t\t\t<\/p>\n\t\t\t\t\t<\/li>\n\n\t\t\t<li\n\t\t\tclass=\"sow-features-feature sow-icon-container-position-top\"\n\t\t\tstyle=\"display: flex; flex-direction: column; width: calc(50% - 25px);\"\n\t\t>\n\t\t\t\n\t\t\t\t\t\t<div\t\t\t\tclass=\"sow-icon-container sow-container-none\"\n\t\t\t\tstyle=\"color: #404040; \"\n\t\t\t\t\n\t\t\t\t\t\t\t>\n\t\t\t\t\t\t\t<\/div>\n\n\t\t\t<div class=\"textwidget\">\n\t\t\t\t\n\t\t\t\t\t\t\t\t\t<h4 class=\"sow-features-feature-title\">\n\t\t\t\t\t\tInternationale Alumni-Veranstaltung\t\t\t\t\t<\/h4>\n\t\t\t\t\n\t\t\t\t\t\t\t\t\t<div class=\"sow-features-feature-text\">\n\t\t\t\t\t<p><img loading=\"lazy\" decoding=\"async\" class=\"aligncenter size-full wp-image-3116\" src=\"http:\/\/blogs.uni-siegen.de\/fit-in-siegen\/files\/2026\/04\/Alumni.png\" alt=\"\" width=\"350\" height=\"175\" srcset=\"https:\/\/blogs.uni-siegen.de\/fit-in-siegen\/files\/2026\/04\/Alumni.png 350w, https:\/\/blogs.uni-siegen.de\/fit-in-siegen\/files\/2026\/04\/Alumni-300x150.png 300w\" sizes=\"auto, (max-width: 350px) 100vw, 350px\" \/><\/p>\n<p style=\"text-align: left\"><strong>Suchst du nach Einblicken in den deutschen Arbeitsmarkt?<\/strong><br data-start=\"162\" data-end=\"165\">Unsere j\u00e4hrliche Alumni-Netzwerk-Veranstaltung, die wir gemeinsam mit dem Alumni-Service organisieren, bringt dich mit erfahrenen Absolventen zusammen.<br data-start=\"282\" data-end=\"285\">Gewinnen Sie praktische Einblicke, erweitern Sie Ihr Netzwerk und navigieren Sie Ihren Karriereweg in Deutschland besser.<\/p>\n\t\t\t\t\t<\/div>\n\t\t\t\t\t\t\t\t<\/div>\n\t\t\t\t\t\t\t\t\t\t<p class=\"sow-more-text\">\n\t\t\t\t\t<a href=\"https:\/\/blogs.uni-siegen.de\/fit-in-siegen\/de\/2025\/11\/28\/05-12-2025-from-siegen-to-success-international-alumni-event-fit-soft-skills-employability\/\" >Zum R\u00fcckblick unseres letzten Events<\/a>\t\t\t\t<\/p>\n\t\t\t\t\t<\/li>\n\n\t\t\t<li\n\t\t\tclass=\"sow-features-feature sow-icon-container-position-top\"\n\t\t\tstyle=\"display: flex; flex-direction: column; width: calc(50% - 25px);\"\n\t\t>\n\t\t\t\n\t\t\t\t\t\t<div\t\t\t\tclass=\"sow-icon-container sow-container-none\"\n\t\t\t\tstyle=\"color: #404040; \"\n\t\t\t\t\n\t\t\t\t\t\t\t>\n\t\t\t\t\t\t\t<\/div>\n\n\t\t\t<div class=\"textwidget\">\n\t\t\t\t\n\t\t\t\t\t\t\t\t\t<h4 class=\"sow-features-feature-title\">\n\t\t\t\t\t\tBusiness Deutsch Kurse\t\t\t\t\t<\/h4>\n\t\t\t\t\n\t\t\t\t\t\t\t\t\t<div class=\"sow-features-feature-text\">\n\t\t\t\t\t<p><img loading=\"lazy\" decoding=\"async\" class=\"aligncenter size-full wp-image-3113\" src=\"http:\/\/blogs.uni-siegen.de\/fit-in-siegen\/files\/2026\/04\/DAZ-Beruf.png\" alt=\"\" width=\"350\" height=\"175\" srcset=\"https:\/\/blogs.uni-siegen.de\/fit-in-siegen\/files\/2026\/04\/DAZ-Beruf.png 350w, https:\/\/blogs.uni-siegen.de\/fit-in-siegen\/files\/2026\/04\/DAZ-Beruf-300x150.png 300w\" sizes=\"auto, (max-width: 350px) 100vw, 350px\" \/><\/p>\n<p style=\"text-align: left\"><strong>Willst du in einem beruflichen Umfeld selbstbewusst kommunizieren?<\/strong><br data-start=\"1016\" data-end=\"1019\">Unsere Wirtschaftsdeutschkurse helfen dir, die Sprachkenntnisse zu entwickeln, die du am Arbeitsplatz brauchst.<br data-start=\"1109\" data-end=\"1112\">Lerne branchenspezifische Terminologie, verbessere deine Kommunikation und f\u00fchle dich in Meetings und Vorstellungsgespr\u00e4chen sicherer.<\/p>\n\t\t\t\t\t<\/div>\n\t\t\t\t\t\t\t\t<\/div>\n\t\t\t\t\t\t\t\t\t\t<p class=\"sow-more-text\">\n\t\t\t\t\t<a href=\"https:\/\/blogs.uni-siegen.de\/fit-in-siegen\/de\/unsere-fit-saulen\/welcome-orientation\/deutsch-sprachkurse\/\" >Mehr Infos<\/a>\t\t\t\t<\/p>\n\t\t\t\t\t<\/li>\n\n\t<\/ul>\n<\/div><\/div><\/div><\/div><\/div><div id=\"pg-3278-3\"  class=\"panel-grid panel-has-style\" ><div class=\"siteorigin-panels-stretch panel-row-style panel-row-style-for-3278-3\" data-stretch-type=\"full-width-stretch\" ><div id=\"pgc-3278-3-0\"  class=\"panel-grid-cell\" ><div id=\"panel-3278-3-0-0\" class=\"so-panel widget widget_sow-headline panel-first-child\" data-index=\"3\" ><div\n\t\t\t\n\t\t\tclass=\"so-widget-sow-headline so-widget-sow-headline-default-bdd4db35e334-3278\"\n\t\t\t\n\t\t><div class=\"sow-headline-container \">\n\t\t\t\t\t\t\t<h4 class=\"sow-headline\">\n\t\t\t\t\t\tKommende Veranstaltungen\t\t\t\t\t\t<\/h4>\n\t\t\t\t\t\t\t\t\t\t\t<div class=\"decoration\">\n\t\t\t\t\t\t<div class=\"decoration-inside\"><\/div>\n\t\t\t\t\t<\/div>\n\t\t\t\t\t<\/div>\n<\/div><\/div><div id=\"panel-3278-3-0-1\" class=\"so-panel widget widget_sow-post-carousel panel-last-child\" data-index=\"4\" ><div class=\"panel-widget-style panel-widget-style-for-3278-3-0-1\" ><div\n\t\t\t\n\t\t\tclass=\"so-widget-sow-post-carousel so-widget-sow-post-carousel-base-781d18f68497-3278\"\n\t\t\t\n\t\t>\t<div\n\t\tclass=\"sow-post-carousel-wrapper sow-post-carousel-theme-base\"\n\t\tstyle=\"overflow: hidden; max-width: 100%; min-height: 182px\"\n\t>\n\t\t<div class=\"sow-carousel-title\">\n\t\t\t<div class=\"sow-carousel-navigation \">\n\t\t\t\t\t\t<a href=\"#\" class=\"sow-carousel-next\" title=\"Next\" aria-label=\"Next Posts\" role=\"button\"><\/a>\n\t\t\t\t\t\t<a href=\"#\" class=\"sow-carousel-previous\" title=\"Previous\" aria-label=\"Previous Posts\" role=\"button\"><\/a>\n\t\t\t\t\t<\/div>\n\t<\/div>\n\n<div class=\"sow-carousel-container \">\n\t\t<div class=\"sow-carousel-wrapper\"\n\t\tdata-dir=\"ltr\"\n\t\tstyle=\"opacity: 0;\"\n\t\tdata-widget=\"post\" data-fetching=\"false\" data-page=\"1\" data-ajax-url=\"https:\/\/blogs.uni-siegen.de\/fit-in-siegen\/wp-admin\/admin-ajax.php?_widgets_nonce=d3f5783345\" data-item_count=\"12\" data-carousel_settings=\"{&quot;loop&quot;:true,&quot;animation&quot;:&quot;ease&quot;,&quot;animation_speed&quot;:400,&quot;autoplay&quot;:&quot;off&quot;,&quot;pauseOnHover&quot;:&quot;&quot;,&quot;autoplaySpeed&quot;:8000,&quot;item_overflow&quot;:true,&quot;autoplay_continuous_scroll&quot;:false}\" data-responsive=\"{&quot;desktop_slides_to_scroll&quot;:1,&quot;tablet_landscape_breakpoint&quot;:1366,&quot;tablet_landscape_slides_to_scroll&quot;:2,&quot;tablet_portrait_breakpoint&quot;:1025,&quot;tablet_portrait_slides_to_scroll&quot;:2,&quot;mobile_breakpoint&quot;:480,&quot;mobile_slides_to_scroll&quot;:1}\" data-variable_width=\"true\" \t>\n\t\t<div\n\t\t\tclass=\"sow-carousel-items\"\n\t\t\t\t\t>\n\t\t\t\t<div class=\"sow-carousel-item\" tabindex=\"-1\" style=\"float: left;\">\n\t\t<div class=\"sow-carousel-thumbnail\">\n\t\t\t\t\t\t\t<a\n\t\t\t\t\thref=\"https:\/\/blogs.uni-siegen.de\/fit-in-siegen\/de\/2025\/07\/30\/c2aw-workshop-developing-skills-fit-soft-skills-employability\/\"\n\t\t\t\t\t\t\t\t\t\tstyle=\"background-image: url( https:\/\/blogs.uni-siegen.de\/fit-in-siegen\/files\/2025\/03\/Skills-272x182.png )\"\n\t\t\t\t\taria-labelledby=\"sow-carousel-id-3454\"\n\t\t\t\t\ttabindex=\"-1\"\n\t\t\t\t>\n\t\t\t\t\t<span class=\"overlay\"><\/span>\n\t\t\t\t<\/a>\n\t\t\t\t\t<\/div>\n\t\t<h1 class=\"sow-carousel-item-title\">\n\t\t\t<a\n\t\t\t\thref=\"https:\/\/blogs.uni-siegen.de\/fit-in-siegen\/de\/2025\/07\/30\/c2aw-workshop-developing-skills-fit-soft-skills-employability\/\"\n\t\t\t\tid=\"sow-carousel-id-3454\"\n\t\t\t\t\t\t\t\ttabindex=\"-1\"\n\t\t\t>\n\n\t\t\t\tc2AW Workshop \u2013 Developing skills | FIT: Soft Skills &amp; Employability\t\t\t<\/a>\n\t\t<\/h1>\n\t<\/div>\n\t\t<div class=\"sow-carousel-item\" tabindex=\"-1\" style=\"float: left;\">\n\t\t<div class=\"sow-carousel-thumbnail\">\n\t\t\t\t\t\t\t<a\n\t\t\t\t\thref=\"https:\/\/blogs.uni-siegen.de\/fit-in-siegen\/de\/2025\/09\/01\/de-en-application-guidance-competence-coaching-career-service\/\"\n\t\t\t\t\t\t\t\t\t\tstyle=\"background-image: url( https:\/\/blogs.uni-siegen.de\/fit-in-siegen\/files\/2025\/10\/compass-5261062_640-272x182.jpg )\"\n\t\t\t\t\taria-labelledby=\"sow-carousel-id-3441\"\n\t\t\t\t\ttabindex=\"-1\"\n\t\t\t\t>\n\t\t\t\t\t<span class=\"overlay\"><\/span>\n\t\t\t\t<\/a>\n\t\t\t\t\t<\/div>\n\t\t<h1 class=\"sow-carousel-item-title\">\n\t\t\t<a\n\t\t\t\thref=\"https:\/\/blogs.uni-siegen.de\/fit-in-siegen\/de\/2025\/09\/01\/de-en-application-guidance-competence-coaching-career-service\/\"\n\t\t\t\tid=\"sow-carousel-id-3441\"\n\t\t\t\t\t\t\t\ttabindex=\"-1\"\n\t\t\t>\n\n\t\t\t\tDE + EN: Application Guidance &amp; Competence Coaching | Career Service\t\t\t<\/a>\n\t\t<\/h1>\n\t<\/div>\n\t\t<div class=\"sow-carousel-item\" tabindex=\"-1\" style=\"float: left;\">\n\t\t<div class=\"sow-carousel-thumbnail\">\n\t\t\t\t\t\t\t<a\n\t\t\t\t\thref=\"https:\/\/blogs.uni-siegen.de\/fit-in-siegen\/de\/2026\/03\/26\/29-05-26-make-your-strengths-visible-your-job-profile-as-key-to-the-job-market-fit-soft-skills-employability\/\"\n\t\t\t\t\t\t\t\t\t\tstyle=\"background-image: url( https:\/\/blogs.uni-siegen.de\/fit-in-siegen\/files\/2026\/03\/pexels-skylar-kang-6045332-272x182.jpg )\"\n\t\t\t\t\taria-labelledby=\"sow-carousel-id-3375\"\n\t\t\t\t\ttabindex=\"-1\"\n\t\t\t\t>\n\t\t\t\t\t<span class=\"overlay\"><\/span>\n\t\t\t\t<\/a>\n\t\t\t\t\t<\/div>\n\t\t<h1 class=\"sow-carousel-item-title\">\n\t\t\t<a\n\t\t\t\thref=\"https:\/\/blogs.uni-siegen.de\/fit-in-siegen\/de\/2026\/03\/26\/29-05-26-make-your-strengths-visible-your-job-profile-as-key-to-the-job-market-fit-soft-skills-employability\/\"\n\t\t\t\tid=\"sow-carousel-id-3375\"\n\t\t\t\t\t\t\t\ttabindex=\"-1\"\n\t\t\t>\n\n\t\t\t\t29.05.26 |Make your Strengths Visible \u2013 Your Job Profile as Key to the Job Market | FIT: Soft Skills &amp; Employability\t\t\t<\/a>\n\t\t<\/h1>\n\t<\/div>\n\t\t<div class=\"sow-carousel-item\" tabindex=\"-1\" style=\"float: left;\">\n\t\t<div class=\"sow-carousel-thumbnail\">\n\t\t\t\t\t\t\t<a\n\t\t\t\t\thref=\"https:\/\/blogs.uni-siegen.de\/fit-in-siegen\/de\/2026\/03\/26\/08-05-26-starken-sichtbar-machen-scharfe-dein-bewerberprofil-fur-den-arbeitsmarkt-fit-soft-skills-employability\/\"\n\t\t\t\t\t\t\t\t\t\tstyle=\"background-image: url( https:\/\/blogs.uni-siegen.de\/fit-in-siegen\/files\/2026\/03\/pexels-skylar-kang-6045332-272x182.jpg )\"\n\t\t\t\t\taria-labelledby=\"sow-carousel-id-3373\"\n\t\t\t\t\ttabindex=\"-1\"\n\t\t\t\t>\n\t\t\t\t\t<span class=\"overlay\"><\/span>\n\t\t\t\t<\/a>\n\t\t\t\t\t<\/div>\n\t\t<h1 class=\"sow-carousel-item-title\">\n\t\t\t<a\n\t\t\t\thref=\"https:\/\/blogs.uni-siegen.de\/fit-in-siegen\/de\/2026\/03\/26\/08-05-26-starken-sichtbar-machen-scharfe-dein-bewerberprofil-fur-den-arbeitsmarkt-fit-soft-skills-employability\/\"\n\t\t\t\tid=\"sow-carousel-id-3373\"\n\t\t\t\t\t\t\t\ttabindex=\"-1\"\n\t\t\t>\n\n\t\t\t\t08.05.26 | St\u00e4rken sichtbar machen &#8211; Sch\u00e4rfe Dein Bewerberprofil f\u00fcr den Arbeitsmarkt | FIT: Soft Skills &amp; Employability\t\t\t<\/a>\n\t\t<\/h1>\n\t<\/div>\n\t\t<div class=\"sow-carousel-item\" tabindex=\"-1\" style=\"float: left;\">\n\t\t<div class=\"sow-carousel-thumbnail\">\n\t\t\t\t\t\t\t<a\n\t\t\t\t\thref=\"https:\/\/blogs.uni-siegen.de\/fit-in-siegen\/de\/2026\/03\/26\/07-21-09-26-self-study-course-future-skill-resilience-fit-soft-skills-employability\/\"\n\t\t\t\t\t\t\t\t\t\tstyle=\"background-image: url( https:\/\/blogs.uni-siegen.de\/fit-in-siegen\/files\/2026\/03\/pexels-strannik-sk-36491580-272x182.jpg )\"\n\t\t\t\t\taria-labelledby=\"sow-carousel-id-3372\"\n\t\t\t\t\ttabindex=\"-1\"\n\t\t\t\t>\n\t\t\t\t\t<span class=\"overlay\"><\/span>\n\t\t\t\t<\/a>\n\t\t\t\t\t<\/div>\n\t\t<h1 class=\"sow-carousel-item-title\">\n\t\t\t<a\n\t\t\t\thref=\"https:\/\/blogs.uni-siegen.de\/fit-in-siegen\/de\/2026\/03\/26\/07-21-09-26-self-study-course-future-skill-resilience-fit-soft-skills-employability\/\"\n\t\t\t\tid=\"sow-carousel-id-3372\"\n\t\t\t\t\t\t\t\ttabindex=\"-1\"\n\t\t\t>\n\n\t\t\t\t07.-21.09.26 |Self-study course Future Skill Resilience | FIT: Soft Skills &amp; Employability\t\t\t<\/a>\n\t\t<\/h1>\n\t<\/div>\n\t\t<div class=\"sow-carousel-item\" tabindex=\"-1\" style=\"float: left;\">\n\t\t<div class=\"sow-carousel-thumbnail\">\n\t\t\t\t\t\t\t<a\n\t\t\t\t\thref=\"https:\/\/blogs.uni-siegen.de\/fit-in-siegen\/de\/2026\/03\/26\/31-08-14-09-26-selbstlernkurs-die-future-skill-resilienz-fit-soft-skills-employability\/\"\n\t\t\t\t\t\t\t\t\t\tstyle=\"background-image: url( https:\/\/blogs.uni-siegen.de\/fit-in-siegen\/files\/2026\/03\/pexels-strannik-sk-36491580-272x182.jpg )\"\n\t\t\t\t\taria-labelledby=\"sow-carousel-id-3370\"\n\t\t\t\t\ttabindex=\"-1\"\n\t\t\t\t>\n\t\t\t\t\t<span class=\"overlay\"><\/span>\n\t\t\t\t<\/a>\n\t\t\t\t\t<\/div>\n\t\t<h1 class=\"sow-carousel-item-title\">\n\t\t\t<a\n\t\t\t\thref=\"https:\/\/blogs.uni-siegen.de\/fit-in-siegen\/de\/2026\/03\/26\/31-08-14-09-26-selbstlernkurs-die-future-skill-resilienz-fit-soft-skills-employability\/\"\n\t\t\t\tid=\"sow-carousel-id-3370\"\n\t\t\t\t\t\t\t\ttabindex=\"-1\"\n\t\t\t>\n\n\t\t\t\t31.08.-14.09.26 |Selbstlernkurs &#8211; Die Future Skill Resilienz| FIT: Soft Skills &amp; Employability\t\t\t<\/a>\n\t\t<\/h1>\n\t<\/div>\n\t\t<div class=\"sow-carousel-item\" tabindex=\"-1\" style=\"float: left;\">\n\t\t<div class=\"sow-carousel-thumbnail\">\n\t\t\t\t\t\t\t<a\n\t\t\t\t\thref=\"https:\/\/blogs.uni-siegen.de\/fit-in-siegen\/de\/2026\/03\/26\/31-07-26-workshop-strategic-job-search-where-to-find-jobs-and-how-to-choose-the-right-company-fit-soft-skills-employability\/\"\n\t\t\t\t\t\t\t\t\t\tstyle=\"background-image: url( https:\/\/blogs.uni-siegen.de\/fit-in-siegen\/files\/2026\/03\/pexels-vlad-deep-29415806-6939518-272x182.jpg )\"\n\t\t\t\t\taria-labelledby=\"sow-carousel-id-3368\"\n\t\t\t\t\ttabindex=\"-1\"\n\t\t\t\t>\n\t\t\t\t\t<span class=\"overlay\"><\/span>\n\t\t\t\t<\/a>\n\t\t\t\t\t<\/div>\n\t\t<h1 class=\"sow-carousel-item-title\">\n\t\t\t<a\n\t\t\t\thref=\"https:\/\/blogs.uni-siegen.de\/fit-in-siegen\/de\/2026\/03\/26\/31-07-26-workshop-strategic-job-search-where-to-find-jobs-and-how-to-choose-the-right-company-fit-soft-skills-employability\/\"\n\t\t\t\tid=\"sow-carousel-id-3368\"\n\t\t\t\t\t\t\t\ttabindex=\"-1\"\n\t\t\t>\n\n\t\t\t\t31.07.26 | Workshop: Strategic Job Search | FIT: Soft Skills &amp; Employability\t\t\t<\/a>\n\t\t<\/h1>\n\t<\/div>\n\t\t<div class=\"sow-carousel-item\" tabindex=\"-1\" style=\"float: left;\">\n\t\t<div class=\"sow-carousel-thumbnail\">\n\t\t\t\t\t\t\t<a\n\t\t\t\t\thref=\"https:\/\/blogs.uni-siegen.de\/fit-in-siegen\/de\/2026\/03\/26\/11-12-06-2026-workshop-german-work-culture-professional-behavior-communication-intercultural-competence-fit-soft-skills-employability\/\"\n\t\t\t\t\t\t\t\t\t\tstyle=\"background-image: url( https:\/\/blogs.uni-siegen.de\/fit-in-siegen\/files\/2026\/03\/pexels-fauxels-3184286-272x182.jpg )\"\n\t\t\t\t\taria-labelledby=\"sow-carousel-id-3366\"\n\t\t\t\t\ttabindex=\"-1\"\n\t\t\t\t>\n\t\t\t\t\t<span class=\"overlay\"><\/span>\n\t\t\t\t<\/a>\n\t\t\t\t\t<\/div>\n\t\t<h1 class=\"sow-carousel-item-title\">\n\t\t\t<a\n\t\t\t\thref=\"https:\/\/blogs.uni-siegen.de\/fit-in-siegen\/de\/2026\/03\/26\/11-12-06-2026-workshop-german-work-culture-professional-behavior-communication-intercultural-competence-fit-soft-skills-employability\/\"\n\t\t\t\tid=\"sow-carousel-id-3366\"\n\t\t\t\t\t\t\t\ttabindex=\"-1\"\n\t\t\t>\n\n\t\t\t\t11.+12.06.2026 | Workshop: German Work Culture | FIT: Soft Skills &amp; Employability\t\t\t<\/a>\n\t\t<\/h1>\n\t<\/div>\n\t\t<div class=\"sow-carousel-item\" tabindex=\"-1\" style=\"float: left;\">\n\t\t<div class=\"sow-carousel-thumbnail\">\n\t\t\t\t\t\t\t<a\n\t\t\t\t\thref=\"https:\/\/blogs.uni-siegen.de\/fit-in-siegen\/de\/2026\/03\/26\/16-05-26-workshop-job-hunt-boot-camp-fit-soft-skills-employability\/\"\n\t\t\t\t\t\t\t\t\t\tstyle=\"background-image: url( https:\/\/blogs.uni-siegen.de\/fit-in-siegen\/files\/2026\/03\/sharifdesigns-ai-generated-8818858_1280-272x182.jpg )\"\n\t\t\t\t\taria-labelledby=\"sow-carousel-id-3364\"\n\t\t\t\t\ttabindex=\"-1\"\n\t\t\t\t>\n\t\t\t\t\t<span class=\"overlay\"><\/span>\n\t\t\t\t<\/a>\n\t\t\t\t\t<\/div>\n\t\t<h1 class=\"sow-carousel-item-title\">\n\t\t\t<a\n\t\t\t\thref=\"https:\/\/blogs.uni-siegen.de\/fit-in-siegen\/de\/2026\/03\/26\/16-05-26-workshop-job-hunt-boot-camp-fit-soft-skills-employability\/\"\n\t\t\t\tid=\"sow-carousel-id-3364\"\n\t\t\t\t\t\t\t\ttabindex=\"-1\"\n\t\t\t>\n\n\t\t\t\t16.05.26 Workshop: Job Hunt Boot Camp | FIT: Soft Skills &amp; Employability\t\t\t<\/a>\n\t\t<\/h1>\n\t<\/div>\n\t\t<div class=\"sow-carousel-item\" tabindex=\"-1\" style=\"float: left;\">\n\t\t<div class=\"sow-carousel-thumbnail\">\n\t\t\t\t\t\t\t<a\n\t\t\t\t\thref=\"https:\/\/blogs.uni-siegen.de\/fit-in-siegen\/de\/2026\/03\/26\/15-05-2026-employability-training-fit-soft-skills-employability\/\"\n\t\t\t\t\t\t\t\t\t\tstyle=\"background-image: url( https:\/\/blogs.uni-siegen.de\/fit-in-siegen\/files\/2026\/03\/geralt-training-2874597_1280-272x182.jpg )\"\n\t\t\t\t\taria-labelledby=\"sow-carousel-id-3362\"\n\t\t\t\t\ttabindex=\"-1\"\n\t\t\t\t>\n\t\t\t\t\t<span class=\"overlay\"><\/span>\n\t\t\t\t<\/a>\n\t\t\t\t\t<\/div>\n\t\t<h1 class=\"sow-carousel-item-title\">\n\t\t\t<a\n\t\t\t\thref=\"https:\/\/blogs.uni-siegen.de\/fit-in-siegen\/de\/2026\/03\/26\/15-05-2026-employability-training-fit-soft-skills-employability\/\"\n\t\t\t\tid=\"sow-carousel-id-3362\"\n\t\t\t\t\t\t\t\ttabindex=\"-1\"\n\t\t\t>\n\n\t\t\t\t15.05.2026 | Employability Training | FIT: Soft Skills &amp; Employability\t\t\t<\/a>\n\t\t<\/h1>\n\t<\/div>\n\t\t\t<\/div>\n\t\t\t<\/div>\n\n\t<\/div>\n\t\t<input type=\"hidden\" name=\"instance_hash\" value=\"5473053c\"\/>\n\t<\/div>\n<\/div><\/div><\/div><\/div><\/div><\/div><div id=\"pg-3278-4\"  class=\"panel-grid panel-has-style\" ><div class=\"siteorigin-panels-stretch panel-row-style panel-row-style-for-3278-4\" data-stretch-type=\"full\" ><div id=\"pgc-3278-4-0\"  class=\"panel-grid-cell\" ><div id=\"panel-3278-4-0-0\" class=\"so-panel widget widget_sow-headline panel-first-child\" data-index=\"5\" ><div class=\"panel-widget-style panel-widget-style-for-3278-4-0-0\" ><div\n\t\t\t\n\t\t\tclass=\"so-widget-sow-headline so-widget-sow-headline-default-06dde3938353-3362 so-widget-fittext-wrapper\"\n\t\t\t data-fit-text-compressor=\"0.85\"\n\t\t><div class=\"sow-headline-container \">\n\t\t\t\t\t\t\t<h2 class=\"sow-headline\">\n\t\t\t\t\t\t<b>WAS<\/b> SIE SAGEN...\t\t\t\t\t\t<\/h2>\n\t\t\t\t\t\t\t\t\t\t\t\t<p class=\"sow-sub-headline\">\n\t\t\t\t\t\tWas sagen deine Kommilitonen dazu?\t\t\t\t\t\t<\/p>\n\t\t\t\t\t\t<\/div>\n<\/div><\/div><\/div><div id=\"panel-3278-4-0-1\" class=\"so-panel widget widget_sow-testimonials panel-last-child\" data-index=\"6\" ><div class=\"panel-widget-style panel-widget-style-for-3278-4-0-1\" ><div\n\t\t\t\n\t\t\tclass=\"so-widget-sow-testimonials so-widget-sow-testimonials-default-cff09a85e330-3362\"\n\t\t\t\n\t\t><div class=\"sow-testimonials\">\n\t\t\t\t\t<div class=\"sow-testimonial-wrapper sow-user-left sow-layout-side\">\n\t\t\t<div class=\"sow-testimonial\">\n\t\t\t\t\n\t\t\t\t<div class=\"sow-testimonial-user\">\n\t\t\t\t\t\t\t\t\t\t<div class=\"sow-image-wrapper sow-image-wrapper-shape-round\">\n\t\t\t\t\t\t\t\t\t\t\t\t<div class=\"sow-round-image-frame\" style=\"background-image: url( https:\/\/layouts.siteorigin.com\/wp-content\/uploads\/2017\/05\/pebkuq_qzuk-dylan-hibbert.jpg#750x500 );\"><\/div>\t\t\t\t\t\t\t\t\t\t\t<\/div>\n\t\t\t\t\t\n\t\t\t\t\t<div class=\"sow-text\">\n\t\t\t\t\t\t\t\t\t\t\t\t\t<span class=\"sow-testimonial-name\"><strong>Maria, Master&#039;s student from Spain: <\/strong><\/span>\n\t\t\t\t\t\t\t\t\t\t\t\t\t\t\t\t\t\t\t\t\t\t\t\t\t\t\t\t\t<\/div>\n\t\t\t\t<\/div>\n\n\t\t\t\t\t\t\t\t\t<div class=\"sow-testimonial-text\">\n\t\t\t\t\t\t<p>\"Die Workshops zu interkultureller Kommunikation und Zeitmanagement haben mir nicht nur geholfen, mein Studium besser zu organisieren, sondern auch mein Selbstvertrauen bei Bewerbungen zu st\u00e4rken. Ich f\u00fchle mich jetzt viel sicherer, wenn ich mit Arbeitgebern spreche und mich in der internationalen Arbeitswelt zurechtfinde.\"<\/p>\n\t\t\t\t\t<\/div>\n\t\t\t\t\t\t\t<\/div>\n\t\t<\/div>\n\t\t\t\t\t<div class=\"sow-testimonial-wrapper sow-user-left sow-layout-side\">\n\t\t\t<div class=\"sow-testimonial\">\n\t\t\t\t\n\t\t\t\t<div class=\"sow-testimonial-user\">\n\t\t\t\t\t\t\t\t\t\t<div class=\"sow-image-wrapper sow-image-wrapper-shape-round\">\n\t\t\t\t\t\t\t\t\t\t\t\t<div class=\"sow-round-image-frame\" style=\"background-image: url( https:\/\/blogs.uni-siegen.de\/fit-in-siegen\/files\/2024\/09\/g022cf602fe3db95211ae0aa4167044a72c258df08a9893d881cd0e4fcc0cccbe840bf4ed5284c298bdae536ff6ac3cfb_1920.jpg );\"><\/div>\t\t\t\t\t\t\t\t\t\t\t<\/div>\n\t\t\t\t\t\n\t\t\t\t\t<div class=\"sow-text\">\n\t\t\t\t\t\t\t\t\t\t\t\t\t<span class=\"sow-testimonial-name\"><strong>Vikram, Master&#039;s student from India<\/strong><\/span>\n\t\t\t\t\t\t\t\t\t\t\t\t\t\t\t\t\t\t\t\t\t\t\t\t\t\t\t\t\t<\/div>\n\t\t\t\t<\/div>\n\n\t\t\t\t\t\t\t\t\t<div class=\"sow-testimonial-text\">\n\t\t\t\t\t\t<p>\"Der Workshop \u00fcber Bewerbungstechniken in Deutschland hat mir beigebracht, wie ich meinen Lebenslauf und mein Anschreiben an die Erwartungen des deutschen Arbeitsmarktes anpassen kann. Diese F\u00e4higkeiten waren entscheidend, als ich ein Praktikum in einem deutschen Unternehmen ergattert habe. Ohne den Workshop h\u00e4tte ich mich weniger gut vorbereitet gef\u00fchlt.\"<\/p>\n\t\t\t\t\t<\/div>\n\t\t\t\t\t\t\t<\/div>\n\t\t<\/div>\n\t\t\t\t\t<div class=\"sow-testimonial-wrapper sow-user-left sow-layout-side\">\n\t\t\t<div class=\"sow-testimonial\">\n\t\t\t\t\n\t\t\t\t<div class=\"sow-testimonial-user\">\n\t\t\t\t\t\t\t\t\t\t<div class=\"sow-image-wrapper sow-image-wrapper-shape-round\">\n\t\t\t\t\t\t\t\t\t\t\t\t<div class=\"sow-round-image-frame\" style=\"background-image: url( https:\/\/layouts.siteorigin.com\/wp-content\/uploads\/2017\/05\/sibvworyqs0-ayo-ogunseinde.jpg#750x500 );\"><\/div>\t\t\t\t\t\t\t\t\t\t\t<\/div>\n\t\t\t\t\t\n\t\t\t\t\t<div class=\"sow-text\">\n\t\t\t\t\t\t\t\t\t\t\t\t\t<span class=\"sow-testimonial-name\"><strong>Didier, Master&#039;s student from Cameroon: <\/strong><\/span>\n\t\t\t\t\t\t\t\t\t\t\t\t\t\t\t\t\t\t\t\t\t\t\t\t\t\t\t\t\t<\/div>\n\t\t\t\t<\/div>\n\n\t\t\t\t\t\t\t\t\t<div class=\"sow-testimonial-text\">\n\t\t\t\t\t\t<p><em>\"Die Soft-Skills-Workshops halfen mir, meine Pr\u00e4sentationsf\u00e4higkeiten und meine Teamarbeit zu verbessern, was sich direkt auf meine Forschung und die Zusammenarbeit mit meinem Vorgesetzten auswirkte. Au\u00dferdem erhielt ich wertvolle Einblicke in die Erwartungen von Arbeitgebern, was mich besser auf meine Karriere nach dem Studium vorbereitet.\"<\/em><\/p>\n\t\t\t\t\t<\/div>\n\t\t\t\t\t\t\t<\/div>\n\t\t<\/div>\n\t<\/div>\n<\/div><\/div><\/div><\/div><\/div><\/div><\/div>","protected":false},"excerpt":{"rendered":"<p>Kenne deine St\u00e4rken. Steigere deine Besch\u00e4ftigungsf\u00e4higkeit. Um sich auf den deutschen Arbeitsmarkt vorzubereiten, braucht es mehr als akademisches Wissen. Unsere karriereorientierten Angebote helfen dir, Schl\u00fcsselkompetenzen zu entwickeln, die Arbeitskultur zu verstehen und deinen Karriereweg selbstbewusst zu gestalten. Verschaffe dir die F\u00e4higkeiten, Einblicke und Unterst\u00fctzung, die du f\u00fcr einen erfolgreichen Einstieg in den deutschen Arbeitsmarkt brauchst. &hellip; <\/p>\n<p class=\"link-more\"><a href=\"https:\/\/blogs.uni-siegen.de\/fit-in-siegen\/de\/unsere-fit-saulen\/soft-skills-beschaeftigungsfaehigkeit\/\" class=\"more-link\"><span class=\"screen-reader-text\">\u201eSoft Skills &amp; Employability\u201c <\/span>weiterlesen<\/a><\/p>\n","protected":false},"author":631,"featured_media":0,"parent":1808,"menu_order":3,"comment_status":"closed","ping_status":"closed","template":"","meta":{"footnotes":""},"class_list":["post-3278","page","type-page","status-publish","hentry"],"_links":{"self":[{"href":"https:\/\/blogs.uni-siegen.de\/fit-in-siegen\/de\/wp-json\/wp\/v2\/pages\/3278","targetHints":{"allow":["GET"]}}],"collection":[{"href":"https:\/\/blogs.uni-siegen.de\/fit-in-siegen\/de\/wp-json\/wp\/v2\/pages"}],"about":[{"href":"https:\/\/blogs.uni-siegen.de\/fit-in-siegen\/de\/wp-json\/wp\/v2\/types\/page"}],"author":[{"embeddable":true,"href":"https:\/\/blogs.uni-siegen.de\/fit-in-siegen\/de\/wp-json\/wp\/v2\/users\/631"}],"replies":[{"embeddable":true,"href":"https:\/\/blogs.uni-siegen.de\/fit-in-siegen\/de\/wp-json\/wp\/v2\/comments?post=3278"}],"version-history":[{"count":1,"href":"https:\/\/blogs.uni-siegen.de\/fit-in-siegen\/de\/wp-json\/wp\/v2\/pages\/3278\/revisions"}],"predecessor-version":[{"id":3296,"href":"https:\/\/blogs.uni-siegen.de\/fit-in-siegen\/de\/wp-json\/wp\/v2\/pages\/3278\/revisions\/3296"}],"up":[{"embeddable":true,"href":"https:\/\/blogs.uni-siegen.de\/fit-in-siegen\/de\/wp-json\/wp\/v2\/pages\/1808"}],"wp:attachment":[{"href":"https:\/\/blogs.uni-siegen.de\/fit-in-siegen\/de\/wp-json\/wp\/v2\/media?parent=3278"}],"curies":[{"name":"wp","href":"https:\/\/api.w.org\/{rel}","templated":true}]}}