{"id":3305,"date":"2024-09-05T15:14:47","date_gmt":"2024-09-05T13:14:47","guid":{"rendered":"https:\/\/blogs.uni-siegen.de\/fit-in-siegen\/kommende-veranstaltungen\/"},"modified":"2024-09-05T15:14:47","modified_gmt":"2024-09-05T13:14:47","slug":"kommende-veranstaltungen","status":"publish","type":"page","link":"https:\/\/blogs.uni-siegen.de\/fit-in-siegen\/de\/kommende-veranstaltungen\/","title":{"rendered":"Kommende Veranstaltungen"},"content":{"rendered":"<div id=\"pl-3305\"  class=\"panel-layout\" ><div id=\"pg-3305-0\"  class=\"panel-grid panel-no-style\" ><div id=\"pgc-3305-0-0\"  class=\"panel-grid-cell\" ><div id=\"panel-3305-0-0-0\" class=\"so-panel widget widget_sow-editor panel-first-child panel-last-child\" data-index=\"0\" ><div\n\t\t\t\n\t\t\tclass=\"so-widget-sow-editor so-widget-sow-editor-base\"\n\t\t\t\n\t\t>\n<div class=\"siteorigin-widget-tinymce textwidget\">\n\t<p>Klicke auf das jeweilige Angebot, um weitere Informationen zu Anmeldung, Inhalten, Terminen usw. zu erhalten.<\/p>\n<\/div>\n<\/div><\/div><\/div><\/div><div id=\"pg-3305-1\"  class=\"panel-grid panel-no-style\" ><div id=\"pgc-3305-1-0\"  class=\"panel-grid-cell\" ><div id=\"panel-3305-1-0-0\" class=\"so-panel widget widget_sow-image panel-first-child panel-last-child\" data-index=\"1\" ><div\n\t\t\t\n\t\t\tclass=\"so-widget-sow-image so-widget-sow-image-default-8b5b6f678277-3305\"\n\t\t\t\n\t\t>\n<div class=\"sow-image-container\">\n\t\t<img \n\tsrc=\"https:\/\/blogs.uni-siegen.de\/fit-in-siegen\/files\/2024\/09\/component1.png\" width=\"240\" height=\"499\" srcset=\"https:\/\/blogs.uni-siegen.de\/fit-in-siegen\/files\/2024\/09\/component1.png 240w, https:\/\/blogs.uni-siegen.de\/fit-in-siegen\/files\/2024\/09\/component1-144x300.png 144w\" sizes=\"(max-width: 240px) 100vw, 240px\" alt=\"\" \t\tclass=\"so-widget-image\"\/>\n\t<\/div>\n\n<\/div><\/div><\/div><div id=\"pgc-3305-1-1\"  class=\"panel-grid-cell\" ><div id=\"panel-3305-1-1-0\" class=\"so-panel widget widget_sow-post-carousel panel-first-child panel-last-child\" data-index=\"2\" ><div\n\t\t\t\n\t\t\tclass=\"so-widget-sow-post-carousel so-widget-sow-post-carousel-base-0471499d4c66-3305\"\n\t\t\t\n\t\t>\t<div\n\t\tclass=\"sow-post-carousel-wrapper sow-post-carousel-theme-base\"\n\t\tstyle=\"overflow: hidden; max-width: 100%; min-height: 182px\"\n\t>\n\t\t<div class=\"sow-carousel-title\">\n\t\t\t<div class=\"sow-carousel-navigation \">\n\t\t\t\t\t\t<a href=\"#\" class=\"sow-carousel-next\" title=\"Next\" aria-label=\"Next Posts\" role=\"button\"><\/a>\n\t\t\t\t\t\t<a href=\"#\" class=\"sow-carousel-previous\" title=\"Previous\" aria-label=\"Previous Posts\" role=\"button\"><\/a>\n\t\t\t\t\t<\/div>\n\t<\/div>\n\n<div class=\"sow-carousel-container \">\n\t\t<div class=\"sow-carousel-wrapper\"\n\t\tdata-dir=\"ltr\"\n\t\tstyle=\"opacity: 0;\"\n\t\tdata-widget=\"post\" data-fetching=\"false\" data-page=\"1\" data-ajax-url=\"https:\/\/blogs.uni-siegen.de\/fit-in-siegen\/wp-admin\/admin-ajax.php?_widgets_nonce=a01a6055b6\" data-item_count=\"3\" data-carousel_settings=\"{&quot;loop&quot;:true,&quot;animation&quot;:&quot;ease&quot;,&quot;animation_speed&quot;:400,&quot;autoplay&quot;:&quot;off&quot;,&quot;pauseOnHover&quot;:&quot;&quot;,&quot;autoplaySpeed&quot;:8000,&quot;item_overflow&quot;:true,&quot;autoplay_continuous_scroll&quot;:false}\" data-responsive=\"{&quot;desktop_slides_to_scroll&quot;:1,&quot;tablet_landscape_breakpoint&quot;:1366,&quot;tablet_landscape_slides_to_scroll&quot;:2,&quot;tablet_portrait_breakpoint&quot;:1025,&quot;tablet_portrait_slides_to_scroll&quot;:2,&quot;mobile_breakpoint&quot;:480,&quot;mobile_slides_to_scroll&quot;:1}\" data-variable_width=\"true\" \t>\n\t\t<div\n\t\t\tclass=\"sow-carousel-items\"\n\t\t\t\t\t>\n\t\t\t\t<div class=\"sow-carousel-item\" tabindex=\"-1\" style=\"float: left;\">\n\t\t<div class=\"sow-carousel-thumbnail\">\n\t\t\t\t\t\t\t<a\n\t\t\t\t\thref=\"https:\/\/blogs.uni-siegen.de\/fit-in-siegen\/de\/2024\/10\/16\/new-in-siegen\/\"\n\t\t\t\t\t\t\t\t\t\tstyle=\"background-image: url( https:\/\/blogs.uni-siegen.de\/fit-in-siegen\/files\/2024\/10\/csm_SiegenWEBSEITE_2022_5_f2b6d2f76e-272x182.png )\"\n\t\t\t\t\taria-labelledby=\"sow-carousel-id-3512\"\n\t\t\t\t\ttabindex=\"-1\"\n\t\t\t\t>\n\t\t\t\t\t<span class=\"overlay\"><\/span>\n\t\t\t\t<\/a>\n\t\t\t\t\t<\/div>\n\t\t<h3 class=\"sow-carousel-item-title\">\n\t\t\t<a\n\t\t\t\thref=\"https:\/\/blogs.uni-siegen.de\/fit-in-siegen\/de\/2024\/10\/16\/new-in-siegen\/\"\n\t\t\t\tid=\"sow-carousel-id-3512\"\n\t\t\t\t\t\t\t\ttabindex=\"-1\"\n\t\t\t>\n\n\t\t\t\tNew in Siegen? | FIT: Welcome &amp; Orientation\t\t\t<\/a>\n\t\t<\/h3>\n\t<\/div>\n\t\t<div class=\"sow-carousel-item\" tabindex=\"-1\" style=\"float: left;\">\n\t\t<div class=\"sow-carousel-thumbnail\">\n\t\t\t\t\t\t\t<a\n\t\t\t\t\thref=\"https:\/\/blogs.uni-siegen.de\/fit-in-siegen\/de\/2026\/03\/26\/05-06-intercultural-session-understanding-german-behavior-fit-welcome-orientation\/\"\n\t\t\t\t\t\t\t\t\t\tstyle=\"background-image: url( https:\/\/blogs.uni-siegen.de\/fit-in-siegen\/files\/2026\/03\/geralt-individual-5131429-272x182.jpg )\"\n\t\t\t\t\taria-labelledby=\"sow-carousel-id-3353\"\n\t\t\t\t\ttabindex=\"-1\"\n\t\t\t\t>\n\t\t\t\t\t<span class=\"overlay\"><\/span>\n\t\t\t\t<\/a>\n\t\t\t\t\t<\/div>\n\t\t<h3 class=\"sow-carousel-item-title\">\n\t\t\t<a\n\t\t\t\thref=\"https:\/\/blogs.uni-siegen.de\/fit-in-siegen\/de\/2026\/03\/26\/05-06-intercultural-session-understanding-german-behavior-fit-welcome-orientation\/\"\n\t\t\t\tid=\"sow-carousel-id-3353\"\n\t\t\t\t\t\t\t\ttabindex=\"-1\"\n\t\t\t>\n\n\t\t\t\t05.06. | Intercultural Session: Understanding German Behavior | FIT: Welcome &amp; Orientation\t\t\t<\/a>\n\t\t<\/h3>\n\t<\/div>\n\t\t<div class=\"sow-carousel-item\" tabindex=\"-1\" style=\"float: left;\">\n\t\t<div class=\"sow-carousel-thumbnail\">\n\t\t\t\t\t\t\t<a\n\t\t\t\t\thref=\"https:\/\/blogs.uni-siegen.de\/fit-in-siegen\/de\/2026\/03\/26\/22-06-intercultural-session-smart-living-in-a-new-country-fit-welcome-orientation\/\"\n\t\t\t\t\t\t\t\t\t\tstyle=\"background-image: url( https:\/\/blogs.uni-siegen.de\/fit-in-siegen\/files\/2026\/03\/printablue-piggy-bank-10016128-272x182.jpg )\"\n\t\t\t\t\taria-labelledby=\"sow-carousel-id-3351\"\n\t\t\t\t\ttabindex=\"-1\"\n\t\t\t\t>\n\t\t\t\t\t<span class=\"overlay\"><\/span>\n\t\t\t\t<\/a>\n\t\t\t\t\t<\/div>\n\t\t<h3 class=\"sow-carousel-item-title\">\n\t\t\t<a\n\t\t\t\thref=\"https:\/\/blogs.uni-siegen.de\/fit-in-siegen\/de\/2026\/03\/26\/22-06-intercultural-session-smart-living-in-a-new-country-fit-welcome-orientation\/\"\n\t\t\t\tid=\"sow-carousel-id-3351\"\n\t\t\t\t\t\t\t\ttabindex=\"-1\"\n\t\t\t>\n\n\t\t\t\t22.06. | Intercultural Session: Smart Living in a New Country | FIT: Welcome &amp; Orientation\t\t\t<\/a>\n\t\t<\/h3>\n\t<\/div>\n\t\t\t<\/div>\n\t\t\t<\/div>\n\n\t<\/div>\n\t\t<input type=\"hidden\" name=\"instance_hash\" value=\"4e03a303\"\/>\n\t<\/div>\n<\/div><\/div><\/div><\/div><div id=\"pg-3305-2\"  class=\"panel-grid panel-no-style\" ><div id=\"pgc-3305-2-0\"  class=\"panel-grid-cell\" ><div id=\"panel-3305-2-0-0\" class=\"so-panel widget widget_sow-image panel-first-child panel-last-child\" data-index=\"3\" ><div\n\t\t\t\n\t\t\tclass=\"so-widget-sow-image so-widget-sow-image-default-8b5b6f678277-3351\"\n\t\t\t\n\t\t>\n<div class=\"sow-image-container\">\n\t\t<img \n\tsrc=\"https:\/\/blogs.uni-siegen.de\/fit-in-siegen\/files\/2024\/09\/component2.png\" width=\"239\" height=\"499\" srcset=\"https:\/\/blogs.uni-siegen.de\/fit-in-siegen\/files\/2024\/09\/component2.png 239w, https:\/\/blogs.uni-siegen.de\/fit-in-siegen\/files\/2024\/09\/component2-144x300.png 144w\" sizes=\"(max-width: 239px) 100vw, 239px\" alt=\"\" \t\tclass=\"so-widget-image\"\/>\n\t<\/div>\n\n<\/div><\/div><\/div><div id=\"pgc-3305-2-1\"  class=\"panel-grid-cell\" ><div id=\"panel-3305-2-1-0\" class=\"so-panel widget widget_sow-post-carousel panel-first-child panel-last-child\" data-index=\"4\" ><div\n\t\t\t\n\t\t\tclass=\"so-widget-sow-post-carousel so-widget-sow-post-carousel-base-0471499d4c66-3351\"\n\t\t\t\n\t\t>\t<div\n\t\tclass=\"sow-post-carousel-wrapper sow-post-carousel-theme-base\"\n\t\tstyle=\"overflow: hidden; max-width: 100%; min-height: 182px\"\n\t>\n\t\t<div class=\"sow-carousel-title\">\n\t\t\t<div class=\"sow-carousel-navigation \">\n\t\t\t\t\t\t<a href=\"#\" class=\"sow-carousel-next\" title=\"Next\" aria-label=\"Next Posts\" role=\"button\"><\/a>\n\t\t\t\t\t\t<a href=\"#\" class=\"sow-carousel-previous\" title=\"Previous\" aria-label=\"Previous Posts\" role=\"button\"><\/a>\n\t\t\t\t\t<\/div>\n\t<\/div>\n\n<div class=\"sow-carousel-container \">\n\t\t<div class=\"sow-carousel-wrapper\"\n\t\tdata-dir=\"ltr\"\n\t\tstyle=\"opacity: 0;\"\n\t\tdata-widget=\"post\" data-fetching=\"false\" data-page=\"1\" data-ajax-url=\"https:\/\/blogs.uni-siegen.de\/fit-in-siegen\/wp-admin\/admin-ajax.php?_widgets_nonce=a01a6055b6\" data-item_count=\"9\" data-carousel_settings=\"{&quot;loop&quot;:true,&quot;animation&quot;:&quot;ease&quot;,&quot;animation_speed&quot;:400,&quot;autoplay&quot;:&quot;off&quot;,&quot;pauseOnHover&quot;:&quot;&quot;,&quot;autoplaySpeed&quot;:8000,&quot;item_overflow&quot;:true,&quot;autoplay_continuous_scroll&quot;:false}\" data-responsive=\"{&quot;desktop_slides_to_scroll&quot;:1,&quot;tablet_landscape_breakpoint&quot;:1366,&quot;tablet_landscape_slides_to_scroll&quot;:2,&quot;tablet_portrait_breakpoint&quot;:1025,&quot;tablet_portrait_slides_to_scroll&quot;:2,&quot;mobile_breakpoint&quot;:480,&quot;mobile_slides_to_scroll&quot;:1}\" data-variable_width=\"true\" \t>\n\t\t<div\n\t\t\tclass=\"sow-carousel-items\"\n\t\t\t\t\t>\n\t\t\t\t<div class=\"sow-carousel-item\" tabindex=\"-1\" style=\"float: left;\">\n\t\t<div class=\"sow-carousel-thumbnail\">\n\t\t\t\t\t\t\t<a\n\t\t\t\t\thref=\"https:\/\/blogs.uni-siegen.de\/fit-in-siegen\/de\/2025\/04\/04\/03-02-28-02-february-in-the-slr-fit-well-being-social-integration\/\"\n\t\t\t\t\t\t\t\t\t\tstyle=\"background-image: url( https:\/\/blogs.uni-siegen.de\/fit-in-siegen\/files\/2025\/02\/IMG_3739-Kopie-272x182.jpg )\"\n\t\t\t\t\taria-labelledby=\"sow-carousel-id-3487\"\n\t\t\t\t\ttabindex=\"-1\"\n\t\t\t\t>\n\t\t\t\t\t<span class=\"overlay\"><\/span>\n\t\t\t\t<\/a>\n\t\t\t\t\t<\/div>\n\t\t<h3 class=\"sow-carousel-item-title\">\n\t\t\t<a\n\t\t\t\thref=\"https:\/\/blogs.uni-siegen.de\/fit-in-siegen\/de\/2025\/04\/04\/03-02-28-02-february-in-the-slr-fit-well-being-social-integration\/\"\n\t\t\t\tid=\"sow-carousel-id-3487\"\n\t\t\t\t\t\t\t\ttabindex=\"-1\"\n\t\t\t>\n\n\t\t\t\tApril in the SLR |  FIT: Well-Being &amp; Social Integration\t\t\t<\/a>\n\t\t<\/h3>\n\t<\/div>\n\t\t<div class=\"sow-carousel-item\" tabindex=\"-1\" style=\"float: left;\">\n\t\t<div class=\"sow-carousel-thumbnail\">\n\t\t\t\t\t\t\t<a\n\t\t\t\t\thref=\"https:\/\/blogs.uni-siegen.de\/fit-in-siegen\/de\/2026\/03\/30\/29-04-speed-friending-fit-well-being-social-integration\/\"\n\t\t\t\t\t\t\t\t\t\tstyle=\"background-image: url( https:\/\/blogs.uni-siegen.de\/fit-in-siegen\/files\/2026\/03\/pexels-silverkblack-36729916-272x182.jpg )\"\n\t\t\t\t\taria-labelledby=\"sow-carousel-id-3349\"\n\t\t\t\t\ttabindex=\"-1\"\n\t\t\t\t>\n\t\t\t\t\t<span class=\"overlay\"><\/span>\n\t\t\t\t<\/a>\n\t\t\t\t\t<\/div>\n\t\t<h3 class=\"sow-carousel-item-title\">\n\t\t\t<a\n\t\t\t\thref=\"https:\/\/blogs.uni-siegen.de\/fit-in-siegen\/de\/2026\/03\/30\/29-04-speed-friending-fit-well-being-social-integration\/\"\n\t\t\t\tid=\"sow-carousel-id-3349\"\n\t\t\t\t\t\t\t\ttabindex=\"-1\"\n\t\t\t>\n\n\t\t\t\t29.04. Speed-Friending | FIT: Well-Being &amp; Social Integration\t\t\t<\/a>\n\t\t<\/h3>\n\t<\/div>\n\t\t<div class=\"sow-carousel-item\" tabindex=\"-1\" style=\"float: left;\">\n\t\t<div class=\"sow-carousel-thumbnail\">\n\t\t\t\t\t\t\t<a\n\t\t\t\t\thref=\"https:\/\/blogs.uni-siegen.de\/fit-in-siegen\/de\/2026\/04\/17\/30-04-slr-special-event-voices-of-siegen-a-poetry-slam-night-fit-well-being-social-integration\/\"\n\t\t\t\t\t\t\t\t\t\tstyle=\"background-image: url( https:\/\/blogs.uni-siegen.de\/fit-in-siegen\/files\/2026\/04\/pexels-damianscarlassa-16963920-272x182.jpg )\"\n\t\t\t\t\taria-labelledby=\"sow-carousel-id-3333\"\n\t\t\t\t\ttabindex=\"-1\"\n\t\t\t\t>\n\t\t\t\t\t<span class=\"overlay\"><\/span>\n\t\t\t\t<\/a>\n\t\t\t\t\t<\/div>\n\t\t<h3 class=\"sow-carousel-item-title\">\n\t\t\t<a\n\t\t\t\thref=\"https:\/\/blogs.uni-siegen.de\/fit-in-siegen\/de\/2026\/04\/17\/30-04-slr-special-event-voices-of-siegen-a-poetry-slam-night-fit-well-being-social-integration\/\"\n\t\t\t\tid=\"sow-carousel-id-3333\"\n\t\t\t\t\t\t\t\ttabindex=\"-1\"\n\t\t\t>\n\n\t\t\t\t30.04. SLR Special Event: Voices of Siegen \u2013 A Poetry Slam Night | FIT: Well-Being &amp; Social Integration\t\t\t<\/a>\n\t\t<\/h3>\n\t<\/div>\n\t\t<div class=\"sow-carousel-item\" tabindex=\"-1\" style=\"float: left;\">\n\t\t<div class=\"sow-carousel-thumbnail\">\n\t\t\t\t\t\t\t<a\n\t\t\t\t\thref=\"https:\/\/blogs.uni-siegen.de\/fit-in-siegen\/de\/2026\/04\/02\/29-04-beat-procrastination-a-practical-workshop-for-getting-started-staying-on-track-fit-well-being-social-integration\/\"\n\t\t\t\t\t\t\t\t\t\tstyle=\"background-image: url( https:\/\/blogs.uni-siegen.de\/fit-in-siegen\/files\/2026\/04\/pexels-freestockpro-12932901-272x182.jpg )\"\n\t\t\t\t\taria-labelledby=\"sow-carousel-id-3347\"\n\t\t\t\t\ttabindex=\"-1\"\n\t\t\t\t>\n\t\t\t\t\t<span class=\"overlay\"><\/span>\n\t\t\t\t<\/a>\n\t\t\t\t\t<\/div>\n\t\t<h3 class=\"sow-carousel-item-title\">\n\t\t\t<a\n\t\t\t\thref=\"https:\/\/blogs.uni-siegen.de\/fit-in-siegen\/de\/2026\/04\/02\/29-04-beat-procrastination-a-practical-workshop-for-getting-started-staying-on-track-fit-well-being-social-integration\/\"\n\t\t\t\tid=\"sow-carousel-id-3347\"\n\t\t\t\t\t\t\t\ttabindex=\"-1\"\n\t\t\t>\n\n\t\t\t\t21.05. Beat Procrastination \u2014 A Practical Workshop for Getting Started &amp; Staying on Track | FIT: Well-Being &amp; Social Integration\t\t\t<\/a>\n\t\t<\/h3>\n\t<\/div>\n\t\t<div class=\"sow-carousel-item\" tabindex=\"-1\" style=\"float: left;\">\n\t\t<div class=\"sow-carousel-thumbnail\">\n\t\t\t\t\t\t\t<a\n\t\t\t\t\thref=\"https:\/\/blogs.uni-siegen.de\/fit-in-siegen\/de\/2026\/04\/02\/26-06-increase-your-self-confidence-a-practical-workshop-for-feeling-more-grounded-secure-fit-well-being-social-integration\/\"\n\t\t\t\t\t\t\t\t\t\tstyle=\"background-image: url( https:\/\/blogs.uni-siegen.de\/fit-in-siegen\/files\/2026\/04\/pexels-ds-stories-6005437-272x182.jpg )\"\n\t\t\t\t\taria-labelledby=\"sow-carousel-id-3345\"\n\t\t\t\t\ttabindex=\"-1\"\n\t\t\t\t>\n\t\t\t\t\t<span class=\"overlay\"><\/span>\n\t\t\t\t<\/a>\n\t\t\t\t\t<\/div>\n\t\t<h3 class=\"sow-carousel-item-title\">\n\t\t\t<a\n\t\t\t\thref=\"https:\/\/blogs.uni-siegen.de\/fit-in-siegen\/de\/2026\/04\/02\/26-06-increase-your-self-confidence-a-practical-workshop-for-feeling-more-grounded-secure-fit-well-being-social-integration\/\"\n\t\t\t\tid=\"sow-carousel-id-3345\"\n\t\t\t\t\t\t\t\ttabindex=\"-1\"\n\t\t\t>\n\n\t\t\t\t26.06. Increase your Self-Confidence \u2014 A Practical Workshop for Feeling More Grounded &amp; Secure | FIT: Well-Being &amp; Social Integration\t\t\t<\/a>\n\t\t<\/h3>\n\t<\/div>\n\t\t<div class=\"sow-carousel-item\" tabindex=\"-1\" style=\"float: left;\">\n\t\t<div class=\"sow-carousel-thumbnail\">\n\t\t\t\t\t\t\t<a\n\t\t\t\t\thref=\"https:\/\/blogs.uni-siegen.de\/fit-in-siegen\/de\/2026\/04\/02\/03-07-creative-relaxation-mind-body-imagination-fit-well-being-social-integration\/\"\n\t\t\t\t\t\t\t\t\t\tstyle=\"background-image: url( https:\/\/blogs.uni-siegen.de\/fit-in-siegen\/files\/2026\/04\/pexels-markus-winkler-1430818-30901663-272x182.jpg )\"\n\t\t\t\t\taria-labelledby=\"sow-carousel-id-3343\"\n\t\t\t\t\ttabindex=\"-1\"\n\t\t\t\t>\n\t\t\t\t\t<span class=\"overlay\"><\/span>\n\t\t\t\t<\/a>\n\t\t\t\t\t<\/div>\n\t\t<h3 class=\"sow-carousel-item-title\">\n\t\t\t<a\n\t\t\t\thref=\"https:\/\/blogs.uni-siegen.de\/fit-in-siegen\/de\/2026\/04\/02\/03-07-creative-relaxation-mind-body-imagination-fit-well-being-social-integration\/\"\n\t\t\t\tid=\"sow-carousel-id-3343\"\n\t\t\t\t\t\t\t\ttabindex=\"-1\"\n\t\t\t>\n\n\t\t\t\t03.07. Creative Relaxation \u2013 Mind, Body &amp; Imagination | FIT: Well-Being &amp; Social Integration\t\t\t<\/a>\n\t\t<\/h3>\n\t<\/div>\n\t\t<div class=\"sow-carousel-item\" tabindex=\"-1\" style=\"float: left;\">\n\t\t<div class=\"sow-carousel-thumbnail\">\n\t\t\t\t\t\t\t<a\n\t\t\t\t\thref=\"https:\/\/blogs.uni-siegen.de\/fit-in-siegen\/de\/2026\/04\/02\/24-07-enough-with-exam-jitters-a-practical-workshop-for-exam-success-fit-well-being-social-integration\/\"\n\t\t\t\t\t\t\t\t\t\tstyle=\"background-image: url( https:\/\/blogs.uni-siegen.de\/fit-in-siegen\/files\/2026\/04\/pexels-karola-g-6958551-272x182.jpg )\"\n\t\t\t\t\taria-labelledby=\"sow-carousel-id-3341\"\n\t\t\t\t\ttabindex=\"-1\"\n\t\t\t\t>\n\t\t\t\t\t<span class=\"overlay\"><\/span>\n\t\t\t\t<\/a>\n\t\t\t\t\t<\/div>\n\t\t<h3 class=\"sow-carousel-item-title\">\n\t\t\t<a\n\t\t\t\thref=\"https:\/\/blogs.uni-siegen.de\/fit-in-siegen\/de\/2026\/04\/02\/24-07-enough-with-exam-jitters-a-practical-workshop-for-exam-success-fit-well-being-social-integration\/\"\n\t\t\t\tid=\"sow-carousel-id-3341\"\n\t\t\t\t\t\t\t\ttabindex=\"-1\"\n\t\t\t>\n\n\t\t\t\t24.07. Enough with Exam Jitters \u2014 A Practical Workshop for Exam Success | FIT: Well-Being &amp; Social Integration\t\t\t<\/a>\n\t\t<\/h3>\n\t<\/div>\n\t\t<div class=\"sow-carousel-item\" tabindex=\"-1\" style=\"float: left;\">\n\t\t<div class=\"sow-carousel-thumbnail\">\n\t\t\t\t\t\t\t<a\n\t\t\t\t\thref=\"https:\/\/blogs.uni-siegen.de\/fit-in-siegen\/de\/2026\/04\/02\/22-08-stronger-after-rejection-building-resilience-and-confidence-in-the-job-application-journey-fit-well-being-social-integration\/\"\n\t\t\t\t\t\t\t\t\t\tstyle=\"background-image: url( https:\/\/blogs.uni-siegen.de\/fit-in-siegen\/files\/2026\/04\/franz26-ai-generated-8176900-272x182.jpg )\"\n\t\t\t\t\taria-labelledby=\"sow-carousel-id-3339\"\n\t\t\t\t\ttabindex=\"-1\"\n\t\t\t\t>\n\t\t\t\t\t<span class=\"overlay\"><\/span>\n\t\t\t\t<\/a>\n\t\t\t\t\t<\/div>\n\t\t<h3 class=\"sow-carousel-item-title\">\n\t\t\t<a\n\t\t\t\thref=\"https:\/\/blogs.uni-siegen.de\/fit-in-siegen\/de\/2026\/04\/02\/22-08-stronger-after-rejection-building-resilience-and-confidence-in-the-job-application-journey-fit-well-being-social-integration\/\"\n\t\t\t\tid=\"sow-carousel-id-3339\"\n\t\t\t\t\t\t\t\ttabindex=\"-1\"\n\t\t\t>\n\n\t\t\t\t22.08. Stronger After Rejection: Building Resilience and Confidence in the Job Application Journey | FIT: Well-Being &amp; Social Integration\t\t\t<\/a>\n\t\t<\/h3>\n\t<\/div>\n\t\t<div class=\"sow-carousel-item\" tabindex=\"-1\" style=\"float: left;\">\n\t\t<div class=\"sow-carousel-thumbnail\">\n\t\t\t\t\t\t\t<a\n\t\t\t\t\thref=\"https:\/\/blogs.uni-siegen.de\/fit-in-siegen\/de\/2026\/04\/02\/31-08-protecting-your-mental-health-in-studies-and-work-life-stress-management-and-overload-prevention-fit-well-being-social-integration\/\"\n\t\t\t\t\t\t\t\t\t\tstyle=\"background-image: url( https:\/\/blogs.uni-siegen.de\/fit-in-siegen\/files\/2026\/04\/roszie-psychotherapy-7393380-272x182.png )\"\n\t\t\t\t\taria-labelledby=\"sow-carousel-id-3337\"\n\t\t\t\t\ttabindex=\"-1\"\n\t\t\t\t>\n\t\t\t\t\t<span class=\"overlay\"><\/span>\n\t\t\t\t<\/a>\n\t\t\t\t\t<\/div>\n\t\t<h3 class=\"sow-carousel-item-title\">\n\t\t\t<a\n\t\t\t\thref=\"https:\/\/blogs.uni-siegen.de\/fit-in-siegen\/de\/2026\/04\/02\/31-08-protecting-your-mental-health-in-studies-and-work-life-stress-management-and-overload-prevention-fit-well-being-social-integration\/\"\n\t\t\t\tid=\"sow-carousel-id-3337\"\n\t\t\t\t\t\t\t\ttabindex=\"-1\"\n\t\t\t>\n\n\t\t\t\t31.08. Protecting Your Mental Health in Studies and Work Life: Stress Management and Overload Prevention | FIT: Well-Being &amp; Social Integration\t\t\t<\/a>\n\t\t<\/h3>\n\t<\/div>\n\t\t\t<\/div>\n\t\t\t<\/div>\n\n\t<\/div>\n\t\t<input type=\"hidden\" name=\"instance_hash\" value=\"ff39eaf4\"\/>\n\t<\/div>\n<\/div><\/div><\/div><\/div><div id=\"pg-3305-3\"  class=\"panel-grid panel-no-style\" ><div id=\"pgc-3305-3-0\"  class=\"panel-grid-cell\" ><div id=\"panel-3305-3-0-0\" class=\"so-panel widget widget_sow-image panel-first-child panel-last-child\" data-index=\"5\" ><div\n\t\t\t\n\t\t\tclass=\"so-widget-sow-image so-widget-sow-image-default-8b5b6f678277-3337\"\n\t\t\t\n\t\t>\n<div class=\"sow-image-container\">\n\t\t<img \n\tsrc=\"https:\/\/blogs.uni-siegen.de\/fit-in-siegen\/files\/2024\/09\/component3.png\" width=\"243\" height=\"494\" srcset=\"https:\/\/blogs.uni-siegen.de\/fit-in-siegen\/files\/2024\/09\/component3.png 243w, https:\/\/blogs.uni-siegen.de\/fit-in-siegen\/files\/2024\/09\/component3-148x300.png 148w\" sizes=\"(max-width: 243px) 100vw, 243px\" alt=\"\" \t\tclass=\"so-widget-image\"\/>\n\t<\/div>\n\n<\/div><\/div><\/div><div id=\"pgc-3305-3-1\"  class=\"panel-grid-cell\" ><div id=\"panel-3305-3-1-0\" class=\"so-panel widget widget_sow-post-carousel panel-first-child panel-last-child\" data-index=\"6\" ><div\n\t\t\t\n\t\t\tclass=\"so-widget-sow-post-carousel so-widget-sow-post-carousel-base-0471499d4c66-3337\"\n\t\t\t\n\t\t>\t<div\n\t\tclass=\"sow-post-carousel-wrapper sow-post-carousel-theme-base\"\n\t\tstyle=\"overflow: hidden; max-width: 100%; min-height: 182px\"\n\t>\n\t\t<div class=\"sow-carousel-title\">\n\t\t\t<div class=\"sow-carousel-navigation \">\n\t\t\t\t\t\t<a href=\"#\" class=\"sow-carousel-next\" title=\"Next\" aria-label=\"Next Posts\" role=\"button\"><\/a>\n\t\t\t\t\t\t<a href=\"#\" class=\"sow-carousel-previous\" title=\"Previous\" aria-label=\"Previous Posts\" role=\"button\"><\/a>\n\t\t\t\t\t<\/div>\n\t<\/div>\n\n<div class=\"sow-carousel-container \">\n\t\t<div class=\"sow-carousel-wrapper\"\n\t\tdata-dir=\"ltr\"\n\t\tstyle=\"opacity: 0;\"\n\t\tdata-widget=\"post\" data-fetching=\"false\" data-page=\"1\" data-ajax-url=\"https:\/\/blogs.uni-siegen.de\/fit-in-siegen\/wp-admin\/admin-ajax.php?_widgets_nonce=a01a6055b6\" data-item_count=\"10\" data-carousel_settings=\"{&quot;loop&quot;:true,&quot;animation&quot;:&quot;ease&quot;,&quot;animation_speed&quot;:400,&quot;autoplay&quot;:&quot;off&quot;,&quot;pauseOnHover&quot;:&quot;&quot;,&quot;autoplaySpeed&quot;:8000,&quot;item_overflow&quot;:true,&quot;autoplay_continuous_scroll&quot;:false}\" data-responsive=\"{&quot;desktop_slides_to_scroll&quot;:1,&quot;tablet_landscape_breakpoint&quot;:1366,&quot;tablet_landscape_slides_to_scroll&quot;:2,&quot;tablet_portrait_breakpoint&quot;:1025,&quot;tablet_portrait_slides_to_scroll&quot;:2,&quot;mobile_breakpoint&quot;:480,&quot;mobile_slides_to_scroll&quot;:1}\" data-variable_width=\"true\" \t>\n\t\t<div\n\t\t\tclass=\"sow-carousel-items\"\n\t\t\t\t\t>\n\t\t\t\t<div class=\"sow-carousel-item\" tabindex=\"-1\" style=\"float: left;\">\n\t\t<div class=\"sow-carousel-thumbnail\">\n\t\t\t\t\t\t\t<a\n\t\t\t\t\thref=\"https:\/\/blogs.uni-siegen.de\/fit-in-siegen\/de\/2026\/03\/26\/08-05-26-starken-sichtbar-machen-scharfe-dein-bewerberprofil-fur-den-arbeitsmarkt-fit-soft-skills-employability\/\"\n\t\t\t\t\t\t\t\t\t\tstyle=\"background-image: url( https:\/\/blogs.uni-siegen.de\/fit-in-siegen\/files\/2026\/03\/pexels-skylar-kang-6045332-272x182.jpg )\"\n\t\t\t\t\taria-labelledby=\"sow-carousel-id-3373\"\n\t\t\t\t\ttabindex=\"-1\"\n\t\t\t\t>\n\t\t\t\t\t<span class=\"overlay\"><\/span>\n\t\t\t\t<\/a>\n\t\t\t\t\t<\/div>\n\t\t<h3 class=\"sow-carousel-item-title\">\n\t\t\t<a\n\t\t\t\thref=\"https:\/\/blogs.uni-siegen.de\/fit-in-siegen\/de\/2026\/03\/26\/08-05-26-starken-sichtbar-machen-scharfe-dein-bewerberprofil-fur-den-arbeitsmarkt-fit-soft-skills-employability\/\"\n\t\t\t\tid=\"sow-carousel-id-3373\"\n\t\t\t\t\t\t\t\ttabindex=\"-1\"\n\t\t\t>\n\n\t\t\t\t08.05.26 | St\u00e4rken sichtbar machen &#8211; Sch\u00e4rfe Dein Bewerberprofil f\u00fcr den Arbeitsmarkt | FIT: Soft Skills &amp; Employability\t\t\t<\/a>\n\t\t<\/h3>\n\t<\/div>\n\t\t<div class=\"sow-carousel-item\" tabindex=\"-1\" style=\"float: left;\">\n\t\t<div class=\"sow-carousel-thumbnail\">\n\t\t\t\t\t\t\t<a\n\t\t\t\t\thref=\"https:\/\/blogs.uni-siegen.de\/fit-in-siegen\/de\/2026\/03\/26\/15-05-2026-employability-training-fit-soft-skills-employability\/\"\n\t\t\t\t\t\t\t\t\t\tstyle=\"background-image: url( https:\/\/blogs.uni-siegen.de\/fit-in-siegen\/files\/2026\/03\/geralt-training-2874597_1280-272x182.jpg )\"\n\t\t\t\t\taria-labelledby=\"sow-carousel-id-3362\"\n\t\t\t\t\ttabindex=\"-1\"\n\t\t\t\t>\n\t\t\t\t\t<span class=\"overlay\"><\/span>\n\t\t\t\t<\/a>\n\t\t\t\t\t<\/div>\n\t\t<h3 class=\"sow-carousel-item-title\">\n\t\t\t<a\n\t\t\t\thref=\"https:\/\/blogs.uni-siegen.de\/fit-in-siegen\/de\/2026\/03\/26\/15-05-2026-employability-training-fit-soft-skills-employability\/\"\n\t\t\t\tid=\"sow-carousel-id-3362\"\n\t\t\t\t\t\t\t\ttabindex=\"-1\"\n\t\t\t>\n\n\t\t\t\t15.05.2026 | Employability Training | FIT: Soft Skills &amp; Employability\t\t\t<\/a>\n\t\t<\/h3>\n\t<\/div>\n\t\t<div class=\"sow-carousel-item\" tabindex=\"-1\" style=\"float: left;\">\n\t\t<div class=\"sow-carousel-thumbnail\">\n\t\t\t\t\t\t\t<a\n\t\t\t\t\thref=\"https:\/\/blogs.uni-siegen.de\/fit-in-siegen\/de\/2026\/03\/26\/16-05-26-workshop-job-hunt-boot-camp-fit-soft-skills-employability\/\"\n\t\t\t\t\t\t\t\t\t\tstyle=\"background-image: url( https:\/\/blogs.uni-siegen.de\/fit-in-siegen\/files\/2026\/03\/sharifdesigns-ai-generated-8818858_1280-272x182.jpg )\"\n\t\t\t\t\taria-labelledby=\"sow-carousel-id-3364\"\n\t\t\t\t\ttabindex=\"-1\"\n\t\t\t\t>\n\t\t\t\t\t<span class=\"overlay\"><\/span>\n\t\t\t\t<\/a>\n\t\t\t\t\t<\/div>\n\t\t<h3 class=\"sow-carousel-item-title\">\n\t\t\t<a\n\t\t\t\thref=\"https:\/\/blogs.uni-siegen.de\/fit-in-siegen\/de\/2026\/03\/26\/16-05-26-workshop-job-hunt-boot-camp-fit-soft-skills-employability\/\"\n\t\t\t\tid=\"sow-carousel-id-3364\"\n\t\t\t\t\t\t\t\ttabindex=\"-1\"\n\t\t\t>\n\n\t\t\t\t16.05.26 Workshop: Job Hunt Boot Camp | FIT: Soft Skills &amp; Employability\t\t\t<\/a>\n\t\t<\/h3>\n\t<\/div>\n\t\t<div class=\"sow-carousel-item\" tabindex=\"-1\" style=\"float: left;\">\n\t\t<div class=\"sow-carousel-thumbnail\">\n\t\t\t\t\t\t\t<a\n\t\t\t\t\thref=\"https:\/\/blogs.uni-siegen.de\/fit-in-siegen\/de\/2026\/03\/26\/29-05-26-make-your-strengths-visible-your-job-profile-as-key-to-the-job-market-fit-soft-skills-employability\/\"\n\t\t\t\t\t\t\t\t\t\tstyle=\"background-image: url( https:\/\/blogs.uni-siegen.de\/fit-in-siegen\/files\/2026\/03\/pexels-skylar-kang-6045332-272x182.jpg )\"\n\t\t\t\t\taria-labelledby=\"sow-carousel-id-3375\"\n\t\t\t\t\ttabindex=\"-1\"\n\t\t\t\t>\n\t\t\t\t\t<span class=\"overlay\"><\/span>\n\t\t\t\t<\/a>\n\t\t\t\t\t<\/div>\n\t\t<h3 class=\"sow-carousel-item-title\">\n\t\t\t<a\n\t\t\t\thref=\"https:\/\/blogs.uni-siegen.de\/fit-in-siegen\/de\/2026\/03\/26\/29-05-26-make-your-strengths-visible-your-job-profile-as-key-to-the-job-market-fit-soft-skills-employability\/\"\n\t\t\t\tid=\"sow-carousel-id-3375\"\n\t\t\t\t\t\t\t\ttabindex=\"-1\"\n\t\t\t>\n\n\t\t\t\t29.05.26 |Make your Strengths Visible \u2013 Your Job Profile as Key to the Job Market | FIT: Soft Skills &amp; Employability\t\t\t<\/a>\n\t\t<\/h3>\n\t<\/div>\n\t\t<div class=\"sow-carousel-item\" tabindex=\"-1\" style=\"float: left;\">\n\t\t<div class=\"sow-carousel-thumbnail\">\n\t\t\t\t\t\t\t<a\n\t\t\t\t\thref=\"https:\/\/blogs.uni-siegen.de\/fit-in-siegen\/de\/2026\/03\/26\/11-12-06-2026-workshop-german-work-culture-professional-behavior-communication-intercultural-competence-fit-soft-skills-employability\/\"\n\t\t\t\t\t\t\t\t\t\tstyle=\"background-image: url( https:\/\/blogs.uni-siegen.de\/fit-in-siegen\/files\/2026\/03\/pexels-fauxels-3184286-272x182.jpg )\"\n\t\t\t\t\taria-labelledby=\"sow-carousel-id-3366\"\n\t\t\t\t\ttabindex=\"-1\"\n\t\t\t\t>\n\t\t\t\t\t<span class=\"overlay\"><\/span>\n\t\t\t\t<\/a>\n\t\t\t\t\t<\/div>\n\t\t<h3 class=\"sow-carousel-item-title\">\n\t\t\t<a\n\t\t\t\thref=\"https:\/\/blogs.uni-siegen.de\/fit-in-siegen\/de\/2026\/03\/26\/11-12-06-2026-workshop-german-work-culture-professional-behavior-communication-intercultural-competence-fit-soft-skills-employability\/\"\n\t\t\t\tid=\"sow-carousel-id-3366\"\n\t\t\t\t\t\t\t\ttabindex=\"-1\"\n\t\t\t>\n\n\t\t\t\t11.+12.06.2026 | Workshop: German Work Culture | FIT: Soft Skills &amp; Employability\t\t\t<\/a>\n\t\t<\/h3>\n\t<\/div>\n\t\t<div class=\"sow-carousel-item\" tabindex=\"-1\" style=\"float: left;\">\n\t\t<div class=\"sow-carousel-thumbnail\">\n\t\t\t\t\t\t\t<a\n\t\t\t\t\thref=\"https:\/\/blogs.uni-siegen.de\/fit-in-siegen\/de\/2026\/03\/26\/11-07-2026-workshop-how-to-build-a-network-for-you-first-job-in-germany-job-search-strategies-and-career-development-fit-soft-skills-employability\/\"\n\t\t\t\t\t\t\t\t\t\tstyle=\"background-image: url( https:\/\/blogs.uni-siegen.de\/fit-in-siegen\/files\/2025\/09\/pexels-anntarazevich-5598295-272x182.jpg )\"\n\t\t\t\t\taria-labelledby=\"sow-carousel-id-3360\"\n\t\t\t\t\ttabindex=\"-1\"\n\t\t\t\t>\n\t\t\t\t\t<span class=\"overlay\"><\/span>\n\t\t\t\t<\/a>\n\t\t\t\t\t<\/div>\n\t\t<h3 class=\"sow-carousel-item-title\">\n\t\t\t<a\n\t\t\t\thref=\"https:\/\/blogs.uni-siegen.de\/fit-in-siegen\/de\/2026\/03\/26\/11-07-2026-workshop-how-to-build-a-network-for-you-first-job-in-germany-job-search-strategies-and-career-development-fit-soft-skills-employability\/\"\n\t\t\t\tid=\"sow-carousel-id-3360\"\n\t\t\t\t\t\t\t\ttabindex=\"-1\"\n\t\t\t>\n\n\t\t\t\t11.07.2026 | Workshop: How to Build a Network for you First Job in Germany | FIT: Soft Skills &amp; Employability\t\t\t<\/a>\n\t\t<\/h3>\n\t<\/div>\n\t\t<div class=\"sow-carousel-item\" tabindex=\"-1\" style=\"float: left;\">\n\t\t<div class=\"sow-carousel-thumbnail\">\n\t\t\t\t\t\t\t<a\n\t\t\t\t\thref=\"https:\/\/blogs.uni-siegen.de\/fit-in-siegen\/de\/2026\/03\/26\/31-07-26-workshop-strategic-job-search-where-to-find-jobs-and-how-to-choose-the-right-company-fit-soft-skills-employability\/\"\n\t\t\t\t\t\t\t\t\t\tstyle=\"background-image: url( https:\/\/blogs.uni-siegen.de\/fit-in-siegen\/files\/2026\/03\/pexels-vlad-deep-29415806-6939518-272x182.jpg )\"\n\t\t\t\t\taria-labelledby=\"sow-carousel-id-3368\"\n\t\t\t\t\ttabindex=\"-1\"\n\t\t\t\t>\n\t\t\t\t\t<span class=\"overlay\"><\/span>\n\t\t\t\t<\/a>\n\t\t\t\t\t<\/div>\n\t\t<h3 class=\"sow-carousel-item-title\">\n\t\t\t<a\n\t\t\t\thref=\"https:\/\/blogs.uni-siegen.de\/fit-in-siegen\/de\/2026\/03\/26\/31-07-26-workshop-strategic-job-search-where-to-find-jobs-and-how-to-choose-the-right-company-fit-soft-skills-employability\/\"\n\t\t\t\tid=\"sow-carousel-id-3368\"\n\t\t\t\t\t\t\t\ttabindex=\"-1\"\n\t\t\t>\n\n\t\t\t\t31.07.26 | Workshop: Strategic Job Search | FIT: Soft Skills &amp; Employability\t\t\t<\/a>\n\t\t<\/h3>\n\t<\/div>\n\t\t<div class=\"sow-carousel-item\" tabindex=\"-1\" style=\"float: left;\">\n\t\t<div class=\"sow-carousel-thumbnail\">\n\t\t\t\t\t\t\t<a\n\t\t\t\t\thref=\"https:\/\/blogs.uni-siegen.de\/fit-in-siegen\/de\/2026\/03\/26\/31-08-14-09-26-selbstlernkurs-die-future-skill-resilienz-fit-soft-skills-employability\/\"\n\t\t\t\t\t\t\t\t\t\tstyle=\"background-image: url( https:\/\/blogs.uni-siegen.de\/fit-in-siegen\/files\/2026\/03\/pexels-strannik-sk-36491580-272x182.jpg )\"\n\t\t\t\t\taria-labelledby=\"sow-carousel-id-3370\"\n\t\t\t\t\ttabindex=\"-1\"\n\t\t\t\t>\n\t\t\t\t\t<span class=\"overlay\"><\/span>\n\t\t\t\t<\/a>\n\t\t\t\t\t<\/div>\n\t\t<h3 class=\"sow-carousel-item-title\">\n\t\t\t<a\n\t\t\t\thref=\"https:\/\/blogs.uni-siegen.de\/fit-in-siegen\/de\/2026\/03\/26\/31-08-14-09-26-selbstlernkurs-die-future-skill-resilienz-fit-soft-skills-employability\/\"\n\t\t\t\tid=\"sow-carousel-id-3370\"\n\t\t\t\t\t\t\t\ttabindex=\"-1\"\n\t\t\t>\n\n\t\t\t\t31.08.-14.09.26 |Selbstlernkurs &#8211; Die Future Skill Resilienz| FIT: Soft Skills &amp; Employability\t\t\t<\/a>\n\t\t<\/h3>\n\t<\/div>\n\t\t<div class=\"sow-carousel-item\" tabindex=\"-1\" style=\"float: left;\">\n\t\t<div class=\"sow-carousel-thumbnail\">\n\t\t\t\t\t\t\t<a\n\t\t\t\t\thref=\"https:\/\/blogs.uni-siegen.de\/fit-in-siegen\/de\/2026\/04\/02\/04-09-positioning-your-profile-a-strategic-application-workshop-for-women-fit-soft-skills-employability\/\"\n\t\t\t\t\t\t\t\t\t\tstyle=\"background-image: url( https:\/\/blogs.uni-siegen.de\/fit-in-siegen\/files\/2026\/04\/pexels-olia-danilevich-8145335-272x182.jpg )\"\n\t\t\t\t\taria-labelledby=\"sow-carousel-id-3335\"\n\t\t\t\t\ttabindex=\"-1\"\n\t\t\t\t>\n\t\t\t\t\t<span class=\"overlay\"><\/span>\n\t\t\t\t<\/a>\n\t\t\t\t\t<\/div>\n\t\t<h3 class=\"sow-carousel-item-title\">\n\t\t\t<a\n\t\t\t\thref=\"https:\/\/blogs.uni-siegen.de\/fit-in-siegen\/de\/2026\/04\/02\/04-09-positioning-your-profile-a-strategic-application-workshop-for-women-fit-soft-skills-employability\/\"\n\t\t\t\tid=\"sow-carousel-id-3335\"\n\t\t\t\t\t\t\t\ttabindex=\"-1\"\n\t\t\t>\n\n\t\t\t\t04.09. Positioning Your Profile: A Strategic Application Workshop for Women| FIT: Soft Skills &amp; Employability\t\t\t<\/a>\n\t\t<\/h3>\n\t<\/div>\n\t\t<div class=\"sow-carousel-item\" tabindex=\"-1\" style=\"float: left;\">\n\t\t<div class=\"sow-carousel-thumbnail\">\n\t\t\t\t\t\t\t<a\n\t\t\t\t\thref=\"https:\/\/blogs.uni-siegen.de\/fit-in-siegen\/de\/2026\/03\/26\/07-21-09-26-self-study-course-future-skill-resilience-fit-soft-skills-employability\/\"\n\t\t\t\t\t\t\t\t\t\tstyle=\"background-image: url( https:\/\/blogs.uni-siegen.de\/fit-in-siegen\/files\/2026\/03\/pexels-strannik-sk-36491580-272x182.jpg )\"\n\t\t\t\t\taria-labelledby=\"sow-carousel-id-3372\"\n\t\t\t\t\ttabindex=\"-1\"\n\t\t\t\t>\n\t\t\t\t\t<span class=\"overlay\"><\/span>\n\t\t\t\t<\/a>\n\t\t\t\t\t<\/div>\n\t\t<h3 class=\"sow-carousel-item-title\">\n\t\t\t<a\n\t\t\t\thref=\"https:\/\/blogs.uni-siegen.de\/fit-in-siegen\/de\/2026\/03\/26\/07-21-09-26-self-study-course-future-skill-resilience-fit-soft-skills-employability\/\"\n\t\t\t\tid=\"sow-carousel-id-3372\"\n\t\t\t\t\t\t\t\ttabindex=\"-1\"\n\t\t\t>\n\n\t\t\t\t07.-21.09.26 |Self-study course Future Skill Resilience | FIT: Soft Skills &amp; Employability\t\t\t<\/a>\n\t\t<\/h3>\n\t<\/div>\n\t\t\t<\/div>\n\t\t\t<\/div>\n\n\t<\/div>\n\t\t<input type=\"hidden\" name=\"instance_hash\" value=\"db232896\"\/>\n\t<\/div>\n<\/div><\/div><\/div><\/div><div id=\"pg-3305-4\"  class=\"panel-grid panel-no-style\" ><div id=\"pgc-3305-4-0\"  class=\"panel-grid-cell\" ><div id=\"panel-3305-4-0-0\" class=\"so-panel widget widget_sow-image panel-first-child panel-last-child\" data-index=\"7\" ><div\n\t\t\t\n\t\t\tclass=\"so-widget-sow-image so-widget-sow-image-default-8b5b6f678277-3372\"\n\t\t\t\n\t\t>\n<div class=\"sow-image-container\">\n\t\t<img \n\tsrc=\"https:\/\/blogs.uni-siegen.de\/fit-in-siegen\/files\/2024\/09\/component4.png\" width=\"241\" height=\"497\" srcset=\"https:\/\/blogs.uni-siegen.de\/fit-in-siegen\/files\/2024\/09\/component4.png 241w, https:\/\/blogs.uni-siegen.de\/fit-in-siegen\/files\/2024\/09\/component4-145x300.png 145w\" sizes=\"(max-width: 241px) 100vw, 241px\" alt=\"\" \t\tclass=\"so-widget-image\"\/>\n\t<\/div>\n\n<\/div><\/div><\/div><div id=\"pgc-3305-4-1\"  class=\"panel-grid-cell\" ><div id=\"panel-3305-4-1-0\" class=\"so-panel widget widget_sow-post-carousel panel-first-child panel-last-child\" data-index=\"8\" ><div\n\t\t\t\n\t\t\tclass=\"so-widget-sow-post-carousel so-widget-sow-post-carousel-base-0471499d4c66-3372\"\n\t\t\t\n\t\t><\/div><\/div><\/div><\/div><div id=\"pg-3305-5\"  class=\"panel-grid panel-no-style\" ><div id=\"pgc-3305-5-0\"  class=\"panel-grid-cell panel-grid-cell-empty\" ><\/div><\/div><\/div>","protected":false},"excerpt":{"rendered":"<p>Klicke auf das jeweilige Angebot, um weitere Informationen zu Anmeldung, Inhalten, Terminen usw. zu erhalten.<\/p>\n","protected":false},"author":631,"featured_media":0,"parent":0,"menu_order":0,"comment_status":"closed","ping_status":"closed","template":"","meta":{"footnotes":""},"class_list":["post-3305","page","type-page","status-publish","hentry"],"_links":{"self":[{"href":"https:\/\/blogs.uni-siegen.de\/fit-in-siegen\/de\/wp-json\/wp\/v2\/pages\/3305","targetHints":{"allow":["GET"]}}],"collection":[{"href":"https:\/\/blogs.uni-siegen.de\/fit-in-siegen\/de\/wp-json\/wp\/v2\/pages"}],"about":[{"href":"https:\/\/blogs.uni-siegen.de\/fit-in-siegen\/de\/wp-json\/wp\/v2\/types\/page"}],"author":[{"embeddable":true,"href":"https:\/\/blogs.uni-siegen.de\/fit-in-siegen\/de\/wp-json\/wp\/v2\/users\/631"}],"replies":[{"embeddable":true,"href":"https:\/\/blogs.uni-siegen.de\/fit-in-siegen\/de\/wp-json\/wp\/v2\/comments?post=3305"}],"version-history":[{"count":0,"href":"https:\/\/blogs.uni-siegen.de\/fit-in-siegen\/de\/wp-json\/wp\/v2\/pages\/3305\/revisions"}],"wp:attachment":[{"href":"https:\/\/blogs.uni-siegen.de\/fit-in-siegen\/de\/wp-json\/wp\/v2\/media?parent=3305"}],"curies":[{"name":"wp","href":"https:\/\/api.w.org\/{rel}","templated":true}]}}