{"id":3543,"date":"2024-09-05T17:03:45","date_gmt":"2024-09-05T15:03:45","guid":{"rendered":"https:\/\/blogs.uni-siegen.de\/fit-in-siegen\/unsere-fit-saulen\/wohlbefinden-soziale-integration\/international-stammtisch\/"},"modified":"2026-04-24T16:36:31","modified_gmt":"2026-04-24T14:36:31","slug":"international-stammtisch","status":"publish","type":"page","link":"https:\/\/blogs.uni-siegen.de\/fit-in-siegen\/de\/unsere-fit-saulen\/wohlbefinden-soziale-integration\/international-stammtisch\/","title":{"rendered":"Internationaler Stammtisch"},"content":{"rendered":"<div id=\"pl-3543\"  class=\"panel-layout\" ><div id=\"pg-3543-0\"  class=\"panel-grid panel-no-style\" ><div id=\"pgc-3543-0-0\"  class=\"panel-grid-cell\" ><div id=\"panel-3543-0-0-0\" class=\"so-panel widget widget_sow-headline panel-first-child\" data-index=\"0\" ><div\n\t\t\t\n\t\t\tclass=\"so-widget-sow-headline so-widget-sow-headline-default-078d54a86dec-3543 so-widget-fittext-wrapper\"\n\t\t\t data-fit-text-compressor=\"0.85\"\n\t\t><div class=\"sow-headline-container \">\n\t\t\t\t\t\t\t<h2 class=\"sow-headline\">\n\t\t\t\t\t\t Komm vorbei, lern Leute kennen und genie\u00df die Zeit\t\t\t\t\t\t<\/h2>\n\t\t\t\t\t\t\t\t\t\t\t<div class=\"decoration\">\n\t\t\t\t\t\t<div class=\"decoration-inside\"><\/div>\n\t\t\t\t\t<\/div>\n\t\t\t\t\t\t\t\t\t\t\t<h3 class=\"sow-sub-headline\">\n\t\t\t\t\t\tKomm zu unserem Internationalen Stammtisch und lerne Studierenden aus aller Welt in einer entspannten und offenen Atmosph\u00e4re kennen. Teile deine Erfahrungen, finde neue Freund*innen und genie\u00dfe einen w\u00f6chentlichen Treffpunkt zum Abschalten, Austauschen und um Teil der Community zu sein. \t\t\t\t\t\t<\/h3>\n\t\t\t\t\t\t<\/div>\n<\/div><\/div><div id=\"panel-3543-0-0-1\" class=\"so-panel widget widget_sow-cta\" data-index=\"1\" ><div\n\t\t\t\n\t\t\tclass=\"so-widget-sow-cta so-widget-sow-cta-default-6467442c1346-3543\"\n\t\t\t\n\t\t><div\n\tclass=\"sow-cta-base\"\n\t>\n\t\n\t<div class=\"sow-cta-wrapper\">\n\n\t\t<div class=\"sow-cta-text\">\n\t\t\t\t\t\t\t<h4 class=\"sow-cta-title\">\n\t\t\t\t\tBleib auf dem Laufenden\t\t\t\t<\/h4>\n\t\t\t\n\t\t\t\t\t\t\t<h4 class=\"sow-cta-subtitle\">\n\t\t\t\t\tDer w\u00f6chentliche Treffpunkt wird hier bekannt gegeben!\t\t\t\t<\/h4>\n\t\t\t\t\t<\/div>\n\n\t\t<div\n\t\t\t\n\t\t\tclass=\"so-widget-sow-button so-widget-sow-button-flat-66466acb9e12\"\n\t\t\t\n\t\t><div class=\"ow-button-base ow-button-align-center\"\n>\n\t\t\t<a\n\t\t\t\t\thref=\"https:\/\/www.uni-siegen.de\/en\/2026\/international-stammtisch\"\n\t\t\t\t\tclass=\"sowb-button ow-icon-placement-left ow-button-hover\" \t>\n\t\t<span>\n\t\t\t\n\t\t\tInternationaler Stammtisch\t\t<\/span>\n\t\t\t<\/a>\n\t<\/div>\n<\/div>\n\t<\/div>\n\n\t<\/div>\n<\/div><\/div><div id=\"panel-3543-0-0-2\" class=\"so-panel widget widget_sow-accordion\" data-index=\"2\" ><div\n\t\t\t\n\t\t\tclass=\"so-widget-sow-accordion so-widget-sow-accordion-default-6d6b5f7a2e6e-3543\"\n\t\t\t\n\t\t><h3 class=\"widget-title\">FAQ<\/h3><div>\n\t<div class=\"sow-accordion\">\n\t\t\t<div class=\"sow-accordion-panel\n\t\t\t\t\t\"\n\t\t\t\tdata-anchor-id=\"worum-gehts\">\n\t\t\t\t\t<div class=\"sow-accordion-panel-header-container\" role=\"heading\" aria-level=\"2\">\n\t\t\t\t\t<div class=\"sow-accordion-panel-header\" tabindex=\"0\" role=\"button\" id=\"accordion-label-worum-geht%e2%80%99s\" aria-controls=\"accordion-content-worum-geht%e2%80%99s\" aria-expanded=\"false\">\n\t\t\t\t\t\t<div class=\"sow-accordion-title sow-accordion-title-icon-left\">\n\t\t\t\t\t\t\t\t\t\t\t\t\t\tWorum geht\u2019s?\t\t\t\t\t\t\t\t\t\t\t\t\t<\/div>\n\t\t\t\t\t\t<div class=\"sow-accordion-open-close-button\">\n\t\t\t\t\t\t\t<div class=\"sow-accordion-open-button\">\n\t\t\t\t\t\t\t\t<span class=\"sow-icon-ionicons\" data-sow-icon=\"&#xf218;\"\n\t\t \n\t\taria-hidden=\"true\"><\/span>\t\t\t\t\t\t\t<\/div>\n\t\t\t\t\t\t\t<div class=\"sow-accordion-close-button\">\n\t\t\t\t\t\t\t\t<span class=\"sow-icon-ionicons\" data-sow-icon=\"&#xf209;\"\n\t\t \n\t\taria-hidden=\"true\"><\/span>\t\t\t\t\t\t\t<\/div>\n\t\t\t\t\t\t<\/div>\n\t\t\t\t\t<\/div>\n\t\t\t\t<\/div>\n\n\t\t\t<div\n\t\t\t\tclass=\"sow-accordion-panel-content\"\n\t\t\t\trole=\"region\"\n\t\t\t\taria-labelledby=\"accordion-label-worum-geht%e2%80%99s\"\n\t\t\t\tid=\"accordion-content-worum-geht%e2%80%99s\"\n\t\t\t\tstyle=\"display: none;\"\t\t\t>\n\t\t\t\t<div class=\"sow-accordion-panel-border\">\n\t\t\t\t\t<p>Du willst leicht ins Gespr\u00e4ch kommen und neue Leute kennenlernen? Dann ist der Internationale Stammtisch genau dein Ding! Jeden Donnerstag treffen wir uns zu einem Abend mit guten Gespr\u00e4chen, neuen Kontakten und viel Spa\u00df \u2013 ganz entspannt und in lockerer Atmosph\u00e4re. Egal, ob du gerade erst in Deutschland angekommen bist oder schon l\u00e4nger hier lebst: Der Stammtisch ist die perfekte Gelegenheit, Freundschaften zu kn\u00fcpfen und dich mehr wie zu Hause zu f\u00fchlen.   <\/p>\n<p>Stell dir einen Abend voller Lachen, offener Gespr\u00e4che und netter Begegnungen mit internationalen und deutschen Studierenden vor. Es ist mehr als nur ein Treffen \u2013 es ist deine Chance, deine Geschichte zu teilen, neue Kulturen kennenzulernen und das Leben vor Ort zu entdecken. Du wirst dich verbunden f\u00fchlen, Unterst\u00fctzung finden und Teil einer wachsenden internationalen Community hier in Deutschland werden.  <\/p>\n<p>Und das Beste? Die Teilnahme ist komplett kostenlos \u2013 du zahlst nur deine eigenen Getr\u00e4nke (nat\u00fcrlich gibt es auch alkoholfreie Optionen!) oder eventuelle Eintrittskosten. Warum also zu Hause bleiben, wenn du drau\u00dfen Erinnerungen sammeln kannst \u2013 mit Leuten aus der ganzen Welt? Egal ob eher sch\u00fcchtern oder super offen: Bei uns ist immer ein Platz f\u00fcr dich frei.  <\/p>\n<p>Trag dir den Termin ein und komm diesen Donnerstag beim Internationalen Stammtisch vorbei. Wir freuen uns darauf, dich kennenzulernen! <\/p>\n\t\t\t\t<\/div>\n\t\t\t<\/div>\n\t\t<\/div>\n\t\t\t<div class=\"sow-accordion-panel\n\t\t\t\t\t\"\n\t\t\t\tdata-anchor-id=\"was-ist-ein-stammtisch\">\n\t\t\t\t\t<div class=\"sow-accordion-panel-header-container\" role=\"heading\" aria-level=\"2\">\n\t\t\t\t\t<div class=\"sow-accordion-panel-header\" tabindex=\"0\" role=\"button\" id=\"accordion-label-was-ist-ein-%e2%80%9estammtisch%e2%80%9c\" aria-controls=\"accordion-content-was-ist-ein-%e2%80%9estammtisch%e2%80%9c\" aria-expanded=\"false\">\n\t\t\t\t\t\t<div class=\"sow-accordion-title sow-accordion-title-icon-left\">\n\t\t\t\t\t\t\t\t\t\t\t\t\t\tWas ist ein \u201eStammtisch\u201c?\t\t\t\t\t\t\t\t\t\t\t\t\t<\/div>\n\t\t\t\t\t\t<div class=\"sow-accordion-open-close-button\">\n\t\t\t\t\t\t\t<div class=\"sow-accordion-open-button\">\n\t\t\t\t\t\t\t\t<span class=\"sow-icon-ionicons\" data-sow-icon=\"&#xf218;\"\n\t\t \n\t\taria-hidden=\"true\"><\/span>\t\t\t\t\t\t\t<\/div>\n\t\t\t\t\t\t\t<div class=\"sow-accordion-close-button\">\n\t\t\t\t\t\t\t\t<span class=\"sow-icon-ionicons\" data-sow-icon=\"&#xf209;\"\n\t\t \n\t\taria-hidden=\"true\"><\/span>\t\t\t\t\t\t\t<\/div>\n\t\t\t\t\t\t<\/div>\n\t\t\t\t\t<\/div>\n\t\t\t\t<\/div>\n\n\t\t\t<div\n\t\t\t\tclass=\"sow-accordion-panel-content\"\n\t\t\t\trole=\"region\"\n\t\t\t\taria-labelledby=\"accordion-label-was-ist-ein-%e2%80%9estammtisch%e2%80%9c\"\n\t\t\t\tid=\"accordion-content-was-ist-ein-%e2%80%9estammtisch%e2%80%9c\"\n\t\t\t\tstyle=\"display: none;\"\t\t\t>\n\t\t\t\t<div class=\"sow-accordion-panel-border\">\n\t\t\t\t\t<p>Wenn du neu in Deutschland bist, fragst du dich vielleicht: Was genau ist eigentlich ein Stammtisch?<br>Keine Sorge \u2013 damit bist du nicht allein! Das Wort \u201eStammtisch\u201c klingt vielleicht erstmal etwas formell, aber in Wirklichkeit ist genau das Gegenteil der Fall.<br>Urspr\u00fcnglich waren Stammtische feste Gruppen von Einheimischen, die sich w\u00f6chentlich trafen, um \u00fcber alles M\u00f6gliche zu sprechen \u2013 von Fu\u00dfball bis Politik. Heute hat sich das Konzept weiterentwickelt und schlie\u00dft alle m\u00f6glichen Menschen ein, auch Studierende.<br>Heutzutage ist ein Stammtisch einfach ein lockeres Treffen, oft in einer Kneipe oder einem Caf\u00e9, bei dem sich Freunde oder Gleichgesinnte regelm\u00e4\u00dfig austauschen, entspannen und gemeinsam Zeit verbringen. Stell es dir wie einen informellen Club vor \u2013 ganz ohne Mitgliedskarte!   <\/p>\n<p><strong>Fun Fact<br><\/strong>In vielen traditionellen deutschen Kneipen gibt es sogar einen festen Tisch, der speziell f\u00fcr den Stammtisch reserviert ist und oft mit einem Schild gekennzeichnet wird. Dort sitzt die Gruppe immer \u2013 ein bisschen wie ein eigener VIP-Platz! <\/p>\n\t\t\t\t<\/div>\n\t\t\t<\/div>\n\t\t<\/div>\n\t\t\t<div class=\"sow-accordion-panel\n\t\t\t\t\t\"\n\t\t\t\tdata-anchor-id=\"warum-solltest-du-vorbeikommen\">\n\t\t\t\t\t<div class=\"sow-accordion-panel-header-container\" role=\"heading\" aria-level=\"2\">\n\t\t\t\t\t<div class=\"sow-accordion-panel-header\" tabindex=\"0\" role=\"button\" id=\"accordion-label-warum-solltest-du-vorbeikommen\" aria-controls=\"accordion-content-warum-solltest-du-vorbeikommen\" aria-expanded=\"false\">\n\t\t\t\t\t\t<div class=\"sow-accordion-title sow-accordion-title-icon-left\">\n\t\t\t\t\t\t\t\t\t\t\t\t\t\tWarum solltest du vorbeikommen?\t\t\t\t\t\t\t\t\t\t\t\t\t<\/div>\n\t\t\t\t\t\t<div class=\"sow-accordion-open-close-button\">\n\t\t\t\t\t\t\t<div class=\"sow-accordion-open-button\">\n\t\t\t\t\t\t\t\t<span class=\"sow-icon-ionicons\" data-sow-icon=\"&#xf218;\"\n\t\t \n\t\taria-hidden=\"true\"><\/span>\t\t\t\t\t\t\t<\/div>\n\t\t\t\t\t\t\t<div class=\"sow-accordion-close-button\">\n\t\t\t\t\t\t\t\t<span class=\"sow-icon-ionicons\" data-sow-icon=\"&#xf209;\"\n\t\t \n\t\taria-hidden=\"true\"><\/span>\t\t\t\t\t\t\t<\/div>\n\t\t\t\t\t\t<\/div>\n\t\t\t\t\t<\/div>\n\t\t\t\t<\/div>\n\n\t\t\t<div\n\t\t\t\tclass=\"sow-accordion-panel-content\"\n\t\t\t\trole=\"region\"\n\t\t\t\taria-labelledby=\"accordion-label-warum-solltest-du-vorbeikommen\"\n\t\t\t\tid=\"accordion-content-warum-solltest-du-vorbeikommen\"\n\t\t\t\tstyle=\"display: none;\"\t\t\t>\n\t\t\t\t<div class=\"sow-accordion-panel-border\">\n\t\t\t\t\t<div id=\"panel-359-2-0-0\" class=\"so-panel widget widget_sow-headline panel-first-child\" data-index=\"2\">\n<div class=\"so-widget-sow-headline so-widget-sow-headline-default-c7c1b6629fa0-359\">\n<div class=\"sow-headline-container \">\n<ul>\n<li>Neue Leute kennenlernen: Finde deine Community, teile deine Erfahrungen und kn\u00fcpfe Kontakte, die bleiben.<\/li>\n<li>Lokale Kultur entdecken: Tausche dich mit Einheimischen und internationalen Studierenden aus, lerne mehr \u00fcber deutsche Traditionen und teile gleichzeitig deine eigenen.<\/li>\n<li>Entspannen &amp; abschalten: Nach einer anstrengenden Woche kannst du hier einfach runterkommen und die Zeit in lockerer Atmosph\u00e4re genie\u00dfen.<\/li>\n<li>Sprachen \u00fcben: Verbessere dein Deutsch oder Englisch ganz nebenbei in einer freundlichen Umgebung \u2013 ganz ohne Lehrbuch!<\/li>\n<\/ul>\n<\/div>\n<\/div>\n<\/div>\n\t\t\t\t<\/div>\n\t\t\t<\/div>\n\t\t<\/div>\n\t\t<\/div>\n<\/div>\n<\/div><\/div><div id=\"panel-3543-0-0-3\" class=\"so-panel widget widget_sow-headline\" data-index=\"3\" ><div\n\t\t\t\n\t\t\tclass=\"so-widget-sow-headline so-widget-sow-headline-default-85ea4ac10cbf-3543\"\n\t\t\t\n\t\t><div class=\"sow-headline-container \">\n\t\t\t\t\t\t\t<h2 class=\"sow-headline\">\n\t\t\t\t\t\tWo treffen wir uns?\t\t\t\t\t\t<\/h2>\n\t\t\t\t\t\t\t\t\t\t\t\t<h3 class=\"sow-sub-headline\">\n\t\t\t\t\t\tW\u00f6chentlich wechselnde Locations. Entdecke die angesagtesten Spots in Siegen. \t\t\t\t\t\t<\/h3>\n\t\t\t\t\t\t<\/div>\n<\/div><\/div><div id=\"panel-3543-0-0-4\" class=\"so-panel widget widget_sow-features panel-last-child\" data-index=\"4\" ><div\n\t\t\t\n\t\t\tclass=\"so-widget-sow-features so-widget-sow-features-default-1c6ab2a32d1f-3543\"\n\t\t\t\n\t\t><ul\n\tclass=\"sow-features-list\n\tsow-features-responsive\">\n\n\t\t\t<li\n\t\t\tclass=\"sow-features-feature sow-icon-container-position-top\"\n\t\t\tstyle=\"display: flex; flex-direction: column; width: calc(50% - 25px);\"\n\t\t>\n\t\t\t\n\t\t\t\t\t\t<div\t\t\t\tclass=\"sow-icon-container sow-container-round\"\n\t\t\t\tstyle=\"color: #00385f; \"\n\t\t\t\t\n\t\t\t\t\t\t\t>\n\t\t\t\t<span class=\"sow-icon-ionicons\" data-sow-icon=\"&#xf3c2;\"\n\t\tstyle=\"font-size: 24px; color: #ffffff\" \n\t\taria-hidden=\"true\"><\/span>\t\t\t<\/div>\n\n\t\t\t<div class=\"textwidget\">\n\t\t\t\t\n\t\t\t\t\t\t\t\t\t<h5 class=\"sow-features-feature-title\">\n\t\t\t\t\t\tCafe Jojo Sports\t\t\t\t\t<\/h5>\n\t\t\t\t\n\t\t\t\t\t\t\t\t\t<div class=\"sow-features-feature-text\">\n\t\t\t\t\t<p>Adresse: Formerstra\u00dfe 1, 57076 Siegen<br><a href=\"https:\/\/www.google.de\/maps\/place\/Cafe+Jojo+Sports+-+Siegen\/@50.8989137,8.028782,16z\/data=!3m1!4b1!4m6!3m5!1s0x47bc1cb3ee8a79b3:0x8ca5faf9114eb684!8m2!3d50.8989103!4d8.0313569!16s%2Fg%2F1tcyk4gd?entry=ttu&amp;g_ep=EgoyMDI0MTAxMy4wIKXMDSoASAFQAw%3D%3D\">Google Maps<\/a><\/p>\n\t\t\t\t\t<\/div>\n\t\t\t\t\t\t\t\t<\/div>\n\t\t\t\t\t\t\t\t\t\t<p class=\"sow-more-text\">\n\t\t\t\t\t<a href=\"https:\/\/www.instagram.com\/jojospub\/\" >Jojo's Instagram<\/a>\t\t\t\t<\/p>\n\t\t\t\t\t<\/li>\n\n\t\t\t<li\n\t\t\tclass=\"sow-features-feature sow-icon-container-position-top\"\n\t\t\tstyle=\"display: flex; flex-direction: column; width: calc(50% - 25px);\"\n\t\t>\n\t\t\t\n\t\t\t\t\t\t<div\t\t\t\tclass=\"sow-icon-container sow-container-round\"\n\t\t\t\tstyle=\"color: #00385f; \"\n\t\t\t\t\n\t\t\t\t\t\t\t>\n\t\t\t\t<span class=\"sow-icon-ionicons\" data-sow-icon=\"&#xf46c;\"\n\t\tstyle=\"font-size: 24px; color: #ffffff\" \n\t\taria-hidden=\"true\"><\/span>\t\t\t<\/div>\n\n\t\t\t<div class=\"textwidget\">\n\t\t\t\t\n\t\t\t\t\t\t\t\t\t<h5 class=\"sow-features-feature-title\">\n\t\t\t\t\t\tMusikbar Schellack\t\t\t\t\t<\/h5>\n\t\t\t\t\n\t\t\t\t\t\t\t\t\t<div class=\"sow-features-feature-text\">\n\t\t\t\t\t<p>Adress:e Alte Poststra\u00dfe 26, 57072 Siegen<br><a href=\"https:\/\/www.google.de\/maps\/place\/Musikbar+Schellack\/@50.874083,8.0206435,17z\/data=!3m1!4b1!4m6!3m5!1s0x47bc1c918be4b237:0xa690db09c5d16379!8m2!3d50.8740796!4d8.0232184!16s%2Fg%2F11cjkw0snb?entry=ttu&amp;g_ep=EgoyMDI0MTAxMy4wIKXMDSoASAFQAw%3D%3D\">Google Maps<\/a><\/p>\n\t\t\t\t\t<\/div>\n\t\t\t\t\t\t\t\t<\/div>\n\t\t\t\t\t\t\t\t\t\t<p class=\"sow-more-text\">\n\t\t\t\t\t<a href=\"https:\/\/www.instagram.com\/musikbarschellacksiegen\/\" >Schellack's Instagram<\/a>\t\t\t\t<\/p>\n\t\t\t\t\t<\/li>\n\n\t\t\t<li\n\t\t\tclass=\"sow-features-feature sow-icon-container-position-top\"\n\t\t\tstyle=\"display: flex; flex-direction: column; width: calc(50% - 25px);\"\n\t\t>\n\t\t\t\n\t\t\t\t\t\t<div\t\t\t\tclass=\"sow-icon-container sow-container-round\"\n\t\t\t\tstyle=\"color: #00385f; \"\n\t\t\t\t\n\t\t\t\t\t\t\t>\n\t\t\t\t<span class=\"sow-icon-ionicons\" data-sow-icon=\"&#xf368;\"\n\t\tstyle=\"font-size: 24px; color: #ffffff\" \n\t\taria-hidden=\"true\"><\/span>\t\t\t<\/div>\n\n\t\t\t<div class=\"textwidget\">\n\t\t\t\t\n\t\t\t\t\t\t\t\t\t<h5 class=\"sow-features-feature-title\">\n\t\t\t\t\t\tSchabernack Kneipensport\t\t\t\t\t<\/h5>\n\t\t\t\t\n\t\t\t\t\t\t\t\t\t<div class=\"sow-features-feature-text\">\n\t\t\t\t\t<p>Adresse: Kornmarkt 10, 57072 Siegen<br><a href=\"https:\/\/www.google.de\/maps\/place\/Schabernack+Kneipensport+-+Siegen\/@50.8745176,8.0222923,17z\/data=!3m1!4b1!4m6!3m5!1s0x47bc1dda3cf8aefb:0x8cd435121217ee15!8m2!3d50.8745142!4d8.0248672!16s%2Fg%2F11t15brkv4?entry=ttu&amp;g_ep=EgoyMDI0MTAxMy4wIKXMDSoASAFQAw%3D%3D\">Google Maps<\/a><\/p>\n\t\t\t\t\t<\/div>\n\t\t\t\t\t\t\t\t<\/div>\n\t\t\t\t\t\t\t\t\t\t<p class=\"sow-more-text\">\n\t\t\t\t\t<a href=\"https:\/\/www.instagram.com\/schabernack.kneipensport\/\" >Schabernack's Instagram<\/a>\t\t\t\t<\/p>\n\t\t\t\t\t<\/li>\n\n\t\t\t<li\n\t\t\tclass=\"sow-features-feature sow-icon-container-position-top\"\n\t\t\tstyle=\"display: flex; flex-direction: column; width: calc(50% - 25px);\"\n\t\t>\n\t\t\t\n\t\t\t\t\t\t<div\t\t\t\tclass=\"sow-icon-container sow-container-round\"\n\t\t\t\tstyle=\"color: #00385f; \"\n\t\t\t\t\n\t\t\t\t\t\t\t>\n\t\t\t\t<span class=\"sow-icon-ionicons\" data-sow-icon=\"&#xf486;\"\n\t\tstyle=\"font-size: 24px; color: #ffffff\" \n\t\taria-hidden=\"true\"><\/span>\t\t\t<\/div>\n\n\t\t\t<div class=\"textwidget\">\n\t\t\t\t\n\t\t\t\t\t\t\t\t\t<h5 class=\"sow-features-feature-title\">\n\t\t\t\t\t\tTiffany Stil Bar\t\t\t\t\t<\/h5>\n\t\t\t\t\n\t\t\t\t\t\t\t\t\t<div class=\"sow-features-feature-text\">\n\t\t\t\t\t<p>Adresse: Sandstra\u00dfe 137, 57072 Siegen<br><a href=\"https:\/\/www.google.com\/maps\/place\/\/data=!4m2!3m1!1s0x47bc1d003b08a0c5:0xcd0ed433b9bbb927?sa=X&amp;ved=1t:8290&amp;ictx=111\">Google Maps<\/a><\/p>\n\t\t\t\t\t<\/div>\n\t\t\t\t\t\t\t\t<\/div>\n\t\t\t\t\t\t\t\t\t\t<p class=\"sow-more-text\">\n\t\t\t\t\t<a href=\"https:\/\/www.instagram.com\/tiffany.stilbar\/\" >Tiffany's Instagram<\/a>\t\t\t\t<\/p>\n\t\t\t\t\t<\/li>\n\n\t<\/ul>\n<\/div><\/div><\/div><\/div><\/div>","protected":false},"excerpt":{"rendered":"<p>Komm vorbei, lern Leute kennen und genie\u00df die Zeit Komm zu unserem Internationalen Stammtisch und lerne Studierenden aus aller Welt in einer entspannten und offenen Atmosph\u00e4re kennen. Teile deine Erfahrungen, finde neue Freund*innen und genie\u00dfe einen w\u00f6chentlichen Treffpunkt zum Abschalten, Austauschen und um Teil der Community zu sein. Bleib auf dem Laufenden Der w\u00f6chentliche Treffpunkt &hellip; <\/p>\n<p class=\"link-more\"><a href=\"https:\/\/blogs.uni-siegen.de\/fit-in-siegen\/de\/unsere-fit-saulen\/wohlbefinden-soziale-integration\/international-stammtisch\/\" class=\"more-link\"><span class=\"screen-reader-text\">\u201eInternationaler Stammtisch\u201c <\/span>weiterlesen<\/a><\/p>\n","protected":false},"author":631,"featured_media":0,"parent":1805,"menu_order":0,"comment_status":"closed","ping_status":"closed","template":"","meta":{"footnotes":""},"class_list":["post-3543","page","type-page","status-publish","hentry"],"_links":{"self":[{"href":"https:\/\/blogs.uni-siegen.de\/fit-in-siegen\/de\/wp-json\/wp\/v2\/pages\/3543","targetHints":{"allow":["GET"]}}],"collection":[{"href":"https:\/\/blogs.uni-siegen.de\/fit-in-siegen\/de\/wp-json\/wp\/v2\/pages"}],"about":[{"href":"https:\/\/blogs.uni-siegen.de\/fit-in-siegen\/de\/wp-json\/wp\/v2\/types\/page"}],"author":[{"embeddable":true,"href":"https:\/\/blogs.uni-siegen.de\/fit-in-siegen\/de\/wp-json\/wp\/v2\/users\/631"}],"replies":[{"embeddable":true,"href":"https:\/\/blogs.uni-siegen.de\/fit-in-siegen\/de\/wp-json\/wp\/v2\/comments?post=3543"}],"version-history":[{"count":39,"href":"https:\/\/blogs.uni-siegen.de\/fit-in-siegen\/de\/wp-json\/wp\/v2\/pages\/3543\/revisions"}],"predecessor-version":[{"id":3830,"href":"https:\/\/blogs.uni-siegen.de\/fit-in-siegen\/de\/wp-json\/wp\/v2\/pages\/3543\/revisions\/3830"}],"up":[{"embeddable":true,"href":"https:\/\/blogs.uni-siegen.de\/fit-in-siegen\/de\/wp-json\/wp\/v2\/pages\/1805"}],"wp:attachment":[{"href":"https:\/\/blogs.uni-siegen.de\/fit-in-siegen\/de\/wp-json\/wp\/v2\/media?parent=3543"}],"curies":[{"name":"wp","href":"https:\/\/api.w.org\/{rel}","templated":true}]}}