{"id":3720,"date":"2024-09-05T16:50:40","date_gmt":"2024-09-05T14:50:40","guid":{"rendered":"https:\/\/blogs.uni-siegen.de\/fit-in-siegen\/unsere-fit-saulen\/welcome-orientation\/deutsch-sprachkurse\/"},"modified":"2026-04-22T19:02:48","modified_gmt":"2026-04-22T17:02:48","slug":"deutsch-sprachkurse","status":"publish","type":"page","link":"https:\/\/blogs.uni-siegen.de\/fit-in-siegen\/de\/unsere-fit-saulen\/welcome-orientation\/deutsch-sprachkurse\/","title":{"rendered":"Deutsch Sprachkurse"},"content":{"rendered":"<div id=\"pl-3720\"  class=\"panel-layout\"><div id=\"pg-3720-0\"  class=\"panel-grid panel-no-style\"><div id=\"pgc-3720-0-0\"  class=\"panel-grid-cell\"><div id=\"panel-3720-0-0-0\" class=\"so-panel widget widget_sow-headline panel-first-child panel-last-child\" data-index=\"0\"><div\n\t\t\t\n\t\t\tclass=\"so-widget-sow-headline so-widget-sow-headline-default-078d54a86dec-3720 so-widget-fittext-wrapper\"\n\t\t\t data-fit-text-compressor=\"0.85\"><div class=\"sow-headline-container \">\n\t\t\t\t\t\t\t<h2 class=\"sow-headline\">\n\t\t\t\t\t\tBaue deine Sprachkenntnisse aus. Er\u00f6ffne neue M\u00f6glichkeiten. \t\t\t\t\t\t<\/h2>\n\t\t\t\t\t\t\t\t\t\t\t<div class=\"decoration\">\n\t\t\t\t\t\t<div class=\"decoration-inside\"><\/div>\n\t\t\t\t\t<\/div>\n\t\t\t\t\t\t\t\t\t\t\t<h3 class=\"sow-sub-headline\">\n\t\t\t\t\t\tDie Entwicklung deiner Deutschkenntnisse hilft dir, dich in den Alltag zu integrieren, mit anderen in Kontakt zu treten und in Studium und Beruf erfolgreich zu sein. Vom Anf\u00e4nger- bis zum Fortgeschrittenenkurs f\u00fchren dich die Angebote des Sprachzentrums Schritt f\u00fcr Schritt zu einer sicheren Kommunikation in akademischen und beruflichen Kontexten. \t\t\t\t\t\t<\/h3>\n\t\t\t\t\t\t<\/div>\n<\/div><\/div><\/div><\/div><div id=\"pg-3720-1\"  class=\"panel-grid panel-no-style\"><div id=\"pgc-3720-1-0\"  class=\"panel-grid-cell\"><div id=\"panel-3720-1-0-0\" class=\"so-panel widget widget_sow-editor panel-first-child panel-last-child\" data-index=\"1\"><div\n\t\t\t\n\t\t\tclass=\"so-widget-sow-editor so-widget-sow-editor-base\">\n<div class=\"siteorigin-widget-tinymce textwidget\">\n\t<h2 style=\"text-align: center\"><strong>Hast du Fragen zu Deutschkursen?<\/strong><\/h2>\n<\/div>\n<\/div><\/div><\/div><div id=\"pgc-3720-1-1\"  class=\"panel-grid-cell\"><div id=\"panel-3720-1-1-0\" class=\"so-panel widget widget_sow-editor panel-first-child panel-last-child\" data-index=\"2\"><div\n\t\t\t\n\t\t\tclass=\"so-widget-sow-editor so-widget-sow-editor-base\">\n<div class=\"siteorigin-widget-tinymce textwidget\">\n\t<div class=\"textwidget\">\n<div class=\"sow-features-feature-text\">\n<p><strong>Dr. Kristina Seibert<br \/><\/strong><em>Fachkoordination DaF<\/em><br \/><em>Sprachenzentrum<br \/><\/em>Sandstr. 16-18<br \/>57072 Siegen<br \/>RaumF-S 308<br \/>Tel: 0271\/740-3016 <br \/><a style=\"font-size: 1rem\" href=\"mailto:daf@spz.uni-siegen.de\">Mail<\/a><\/p>\n<\/div>\n<\/div>\n<\/div>\n<\/div><\/div><\/div><\/div><div id=\"pg-3720-2\"  class=\"panel-grid panel-has-style\"><div class=\"panel-row-style panel-row-style-for-3720-2\"><div id=\"pgc-3720-2-0\"  class=\"panel-grid-cell\"><div id=\"panel-3720-2-0-0\" class=\"so-panel widget widget_sow-accordion panel-first-child\" data-index=\"3\"><div\n\t\t\t\n\t\t\tclass=\"so-widget-sow-accordion so-widget-sow-accordion-default-6d6b5f7a2e6e-3720\"><div>\n\t<div class=\"sow-accordion\">\n\t\t\t<div class=\"sow-accordion-panel\n\t\t\t\t\t\"\n\t\t\t\tdata-anchor-id=\"deutsch-intensivprogramm\">\n\t\t\t\t\t<div class=\"sow-accordion-panel-header-container\" role=\"heading\" aria-level=\"2\">\n\t\t\t\t\t<div class=\"sow-accordion-panel-header\" tabindex=\"0\" role=\"button\" id=\"accordion-label-deutsch-intensivprogramm\" aria-controls=\"accordion-content-deutsch-intensivprogramm\" aria-expanded=\"false\">\n\t\t\t\t\t\t<div class=\"sow-accordion-title sow-accordion-title-icon-left\">\n\t\t\t\t\t\t\t\t\t\t\t\t\t\tDeutsch-Intensivprogramm\t\t\t\t\t\t\t\t\t\t\t\t\t<\/div>\n\t\t\t\t\t\t<div class=\"sow-accordion-open-close-button\">\n\t\t\t\t\t\t\t<div class=\"sow-accordion-open-button\">\n\t\t\t\t\t\t\t\t<span class=\"sow-icon-ionicons\" data-sow-icon=\"&#xf218;\"\n\t\t \n\t\taria-hidden=\"true\"><\/span>\t\t\t\t\t\t\t<\/div>\n\t\t\t\t\t\t\t<div class=\"sow-accordion-close-button\">\n\t\t\t\t\t\t\t\t<span class=\"sow-icon-ionicons\" data-sow-icon=\"&#xf209;\"\n\t\t \n\t\taria-hidden=\"true\"><\/span>\t\t\t\t\t\t\t<\/div>\n\t\t\t\t\t\t<\/div>\n\t\t\t\t\t<\/div>\n\t\t\t\t<\/div>\n\n\t\t\t<div\n\t\t\t\tclass=\"sow-accordion-panel-content\"\n\t\t\t\trole=\"region\"\n\t\t\t\taria-labelledby=\"accordion-label-deutsch-intensivprogramm\"\n\t\t\t\tid=\"accordion-content-deutsch-intensivprogramm\"\n\t\t\t\tstyle=\"display: none;\">\n\t\t\t\t<div class=\"sow-accordion-panel-border\">\n\t\t\t\t\t<p>Wird vor Beginn deines Studiums abgehalten (jeden September und M\u00e4rz) f\u00fcr die Stufen A1.1 und B1.1.<\/p>\n<p>Mehr Informationen findest <a href=\"https:\/\/www.uni-siegen.de\/en\/language%20center\/language%20courses\/daf\">du hier<\/a>.<\/p>\n<p>Wenn du einen 3-w\u00f6chigen <strong>Deutsch-Intensivkurs<\/strong> erfolgreich abschlie\u00dft, erh\u00e4ltst du <strong>5 Punkte<\/strong> im Bereich Willkommen &amp; Orientierung f\u00fcr deinen<strong> <a href=\"https:\/\/blogs.uni-siegen.de\/fit-in-siegen\/de\/forging-international-talents-worum-geht-es-dabei\/dein-employabilty-pass\/\">Employability Pass<\/a>.<\/strong><\/p>\n\t\t\t\t<\/div>\n\t\t\t<\/div>\n\t\t<\/div>\n\t\t\t<div class=\"sow-accordion-panel\n\t\t\t\t\t\"\n\t\t\t\tdata-anchor-id=\"semesterlange-deutschkurse\">\n\t\t\t\t\t<div class=\"sow-accordion-panel-header-container\" role=\"heading\" aria-level=\"2\">\n\t\t\t\t\t<div class=\"sow-accordion-panel-header\" tabindex=\"0\" role=\"button\" id=\"accordion-label-semesterlange-deutschkurse\" aria-controls=\"accordion-content-semesterlange-deutschkurse\" aria-expanded=\"false\">\n\t\t\t\t\t\t<div class=\"sow-accordion-title sow-accordion-title-icon-left\">\n\t\t\t\t\t\t\t\t\t\t\t\t\t\tSemesterlange Deutschkurse\t\t\t\t\t\t\t\t\t\t\t\t\t<\/div>\n\t\t\t\t\t\t<div class=\"sow-accordion-open-close-button\">\n\t\t\t\t\t\t\t<div class=\"sow-accordion-open-button\">\n\t\t\t\t\t\t\t\t<span class=\"sow-icon-ionicons\" data-sow-icon=\"&#xf218;\"\n\t\t \n\t\taria-hidden=\"true\"><\/span>\t\t\t\t\t\t\t<\/div>\n\t\t\t\t\t\t\t<div class=\"sow-accordion-close-button\">\n\t\t\t\t\t\t\t\t<span class=\"sow-icon-ionicons\" data-sow-icon=\"&#xf209;\"\n\t\t \n\t\taria-hidden=\"true\"><\/span>\t\t\t\t\t\t\t<\/div>\n\t\t\t\t\t\t<\/div>\n\t\t\t\t\t<\/div>\n\t\t\t\t<\/div>\n\n\t\t\t<div\n\t\t\t\tclass=\"sow-accordion-panel-content\"\n\t\t\t\trole=\"region\"\n\t\t\t\taria-labelledby=\"accordion-label-semesterlange-deutschkurse\"\n\t\t\t\tid=\"accordion-content-semesterlange-deutschkurse\"\n\t\t\t\tstyle=\"display: none;\">\n\t\t\t\t<div class=\"sow-accordion-panel-border\">\n\t\t\t\t\t<p>Das <strong>Sprachenzentrum<\/strong> bietet <a href=\"https:\/\/www.uni-siegen.de\/en\/language%20center\/language%20courses\/daf\">f\u00fcr jedes Sprachniveau passende Kurse in Deutsch als Fremdsprache (DaF) an .<\/a><\/p>\n<p>Semesterlange Deutschkurse unseres Sprachenzentrums k\u00f6nnen ebenfalls einmalig f\u00fcr 5 Punkte in der Kategorie Willkommen &amp; Orientierung f\u00fcr den<strong> <a href=\"https:\/\/blogs.uni-siegen.de\/fit-in-siegen\/de\/forging-international-talents-worum-geht-es-dabei\/dein-employabilty-pass\/\">Employability<\/a><\/strong> Pass angerechnet werden<strong>.<\/strong><\/p>\n<p>Wichtig: Wenn du Vorkenntnisse in Deutsch hast und auf einem h\u00f6heren Niveau als A1 beginnen m\u00f6chtest, musst du dich vorher f\u00fcr einen Einstufungstest anmelden. Weitere Informationen findest du <a href=\"https:\/\/www.uni-siegen.de\/sprachenzentrum\/sprachkurse\/daf\">hier<\/a>. <\/p>\n\t\t\t\t<\/div>\n\t\t\t<\/div>\n\t\t<\/div>\n\t\t\t<div class=\"sow-accordion-panel\n\t\t\t\t\t\"\n\t\t\t\tdata-anchor-id=\"fachdeutsch-fachdeutsch-an-der-hochschule-und-im-beruf-ab-b1-2\">\n\t\t\t\t\t<div class=\"sow-accordion-panel-header-container\" role=\"heading\" aria-level=\"2\">\n\t\t\t\t\t<div class=\"sow-accordion-panel-header\" tabindex=\"0\" role=\"button\" id=\"accordion-label-fachdeutsch-fachdeutsch-an-der-hochschule-und-im-beruf-ab-b1-2\" aria-controls=\"accordion-content-fachdeutsch-fachdeutsch-an-der-hochschule-und-im-beruf-ab-b1-2\" aria-expanded=\"false\">\n\t\t\t\t\t\t<div class=\"sow-accordion-title sow-accordion-title-icon-left\">\n\t\t\t\t\t\t\t\t\t\t\t\t\t\tFachdeutsch: Fachdeutsch an der Hochschule und im Beruf (ab B1.2)\t\t\t\t\t\t\t\t\t\t\t\t\t<\/div>\n\t\t\t\t\t\t<div class=\"sow-accordion-open-close-button\">\n\t\t\t\t\t\t\t<div class=\"sow-accordion-open-button\">\n\t\t\t\t\t\t\t\t<span class=\"sow-icon-ionicons\" data-sow-icon=\"&#xf218;\"\n\t\t \n\t\taria-hidden=\"true\"><\/span>\t\t\t\t\t\t\t<\/div>\n\t\t\t\t\t\t\t<div class=\"sow-accordion-close-button\">\n\t\t\t\t\t\t\t\t<span class=\"sow-icon-ionicons\" data-sow-icon=\"&#xf209;\"\n\t\t \n\t\taria-hidden=\"true\"><\/span>\t\t\t\t\t\t\t<\/div>\n\t\t\t\t\t\t<\/div>\n\t\t\t\t\t<\/div>\n\t\t\t\t<\/div>\n\n\t\t\t<div\n\t\t\t\tclass=\"sow-accordion-panel-content\"\n\t\t\t\trole=\"region\"\n\t\t\t\taria-labelledby=\"accordion-label-fachdeutsch-fachdeutsch-an-der-hochschule-und-im-beruf-ab-b1-2\"\n\t\t\t\tid=\"accordion-content-fachdeutsch-fachdeutsch-an-der-hochschule-und-im-beruf-ab-b1-2\"\n\t\t\t\tstyle=\"display: none;\">\n\t\t\t\t<div class=\"sow-accordion-panel-border\">\n\t\t\t\t\t<div id=\"panel-359-2-0-0\" class=\"so-panel widget widget_sow-headline panel-first-child\" data-index=\"2\">\n<div class=\"so-widget-sow-headline so-widget-sow-headline-default-c7c1b6629fa0-359\">\n<div class=\"sow-headline-container \">\n<p class=\"sow-sub-headline\">Dieser Kurs richtet sich an Studierende mit Deutschkenntnissen auf B1.2-Niveau und konzentriert sich auf die Verbesserung der technischen Sprachkenntnisse f\u00fcr das akademische und berufliche Umfeld. Er vermittelt branchenspezifisches Vokabular, technisches Schreiben und Kommunikationstechniken. F\u00fcr alle, die einen Einstieg in die deutsche Wirtschaft planen, ist dieser Kurs unverzichtbar. Er vermittelt dir die sprachlichen Mittel, die du brauchst, um selbstbewusst an technischen Diskussionen teilzunehmen und am Arbeitsplatz erfolgreich zu sein.  <\/p>\n<\/div>\n<\/div>\n<\/div>\n<div id=\"panel-359-2-0-1\" class=\"so-panel widget widget_sow-editor\" data-index=\"3\">\n<div class=\"so-widget-sow-editor so-widget-sow-editor-base\">\n<div class=\"siteorigin-widget-tinymce textwidget\">\n<p>Wenn du diesen speziellen Deutschkurs erfolgreich abschlie\u00dft, erh\u00e4ltst du <strong>5 Punkte<\/strong> im Bereich <strong>Soft Skills &amp; Employabilty<\/strong> f\u00fcr deinen <a href=\"https:\/\/blogs.uni-siegen.de\/fit-in-siegen\/de\/forging-international-talents-worum-geht-es-dabei\/dein-employabilty-pass\/\">Employability Pass<\/a>.<\/p>\n<p><strong>Was haben die Teilnehmer gelernt?<\/strong><\/p>\n<ol>\n<li><strong>Fachvokabular und Sprachstrukturen<\/strong><br \/>Die Studierenden lernten die Fachsprache ihrer Fachgebiete kennen und konnten sich so in akademischen Diskussionen und Forschungsarbeiten auf Deutsch zurechtfinden. In den w\u00f6chentlichen Sitzungen wurde ein solides Verst\u00e4ndnis der Sprachstrukturen aufgebaut, sodass komplexe Themen leichter zu kommunizieren sind. <\/li>\n<li><strong>Anwendung auf pers\u00f6nliche Projekte und Studieninhalte<\/strong><br \/>Der Kurs betonte auch die <strong>m\u00fcndlichen Kommunikationsf\u00e4higkeiten - die Teilnehmer<\/strong>hatten die M\u00f6glichkeit, ihre eigenen Forschungen oder Studieninhalte auf Deutsch zu pr\u00e4sentieren und zu diskutieren und dabei das neu erlernte Vokabular und die Strukturen in realen Kontexten anzuwenden.<\/li>\n<\/ol>\n<\/div>\n<\/div>\n<\/div>\n\t\t\t\t<\/div>\n\t\t\t<\/div>\n\t\t<\/div>\n\t\t\t<div class=\"sow-accordion-panel\n\t\t\t\t\t\"\n\t\t\t\tdata-anchor-id=\"fachsprache-deutsch-deutsch-fuer-das-berufsleben-ab-b1-2\">\n\t\t\t\t\t<div class=\"sow-accordion-panel-header-container\" role=\"heading\" aria-level=\"2\">\n\t\t\t\t\t<div class=\"sow-accordion-panel-header\" tabindex=\"0\" role=\"button\" id=\"accordion-label-fachsprache-deutsch-deutsch-f%c3%bcr-das-berufsleben-ab-b1-2\" aria-controls=\"accordion-content-fachsprache-deutsch-deutsch-f%c3%bcr-das-berufsleben-ab-b1-2\" aria-expanded=\"false\">\n\t\t\t\t\t\t<div class=\"sow-accordion-title sow-accordion-title-icon-left\">\n\t\t\t\t\t\t\t\t\t\t\t\t\t\tFachsprache Deutsch: Deutsch f\u00fcr das Berufsleben (ab B1.2)\t\t\t\t\t\t\t\t\t\t\t\t\t<\/div>\n\t\t\t\t\t\t<div class=\"sow-accordion-open-close-button\">\n\t\t\t\t\t\t\t<div class=\"sow-accordion-open-button\">\n\t\t\t\t\t\t\t\t<span class=\"sow-icon-ionicons\" data-sow-icon=\"&#xf218;\"\n\t\t \n\t\taria-hidden=\"true\"><\/span>\t\t\t\t\t\t\t<\/div>\n\t\t\t\t\t\t\t<div class=\"sow-accordion-close-button\">\n\t\t\t\t\t\t\t\t<span class=\"sow-icon-ionicons\" data-sow-icon=\"&#xf209;\"\n\t\t \n\t\taria-hidden=\"true\"><\/span>\t\t\t\t\t\t\t<\/div>\n\t\t\t\t\t\t<\/div>\n\t\t\t\t\t<\/div>\n\t\t\t\t<\/div>\n\n\t\t\t<div\n\t\t\t\tclass=\"sow-accordion-panel-content\"\n\t\t\t\trole=\"region\"\n\t\t\t\taria-labelledby=\"accordion-label-fachsprache-deutsch-deutsch-f%c3%bcr-das-berufsleben-ab-b1-2\"\n\t\t\t\tid=\"accordion-content-fachsprache-deutsch-deutsch-f%c3%bcr-das-berufsleben-ab-b1-2\"\n\t\t\t\tstyle=\"display: none;\">\n\t\t\t\t<div class=\"sow-accordion-panel-border\">\n\t\t\t\t\t<p class=\"sow-sub-headline\">Dieser Kurs richtet sich an Personen, die ihr Deutsch im beruflichen Kontext verbessern m\u00f6chten. Er ist auf Studierende mit Deutschkenntnissen auf B1.2-Niveau zugeschnitten und konzentriert sich auf die schriftliche und m\u00fcndliche Kommunikation, wobei wichtige Vokabeln und Redewendungen, die in verschiedenen Branchen verwendet werden, behandelt werden. Die Teilnehmer\/innen werden in praktischen \u00dcbungen ihre F\u00e4higkeit verbessern, am Arbeitsplatz effektiv zu kommunizieren, was f\u00fcr das berufliche Fortkommen in deutschsprachigen Umgebungen unerl\u00e4sslich ist.  <\/p>\n<p>Wenn du diesen speziellen Deutschkurs erfolgreich abschlie\u00dft, erh\u00e4ltst du <strong>5 Punkte<\/strong> im Bereich <strong>Soft Skills &amp; Employabilty<\/strong> f\u00fcr deinen <a href=\"https:\/\/blogs.uni-siegen.de\/fit-in-siegen\/de\/forging-international-talents-worum-geht-es-dabei\/dein-employabilty-pass\/\">Employability Pass<\/a>.<\/p>\n\t\t\t\t<\/div>\n\t\t\t<\/div>\n\t\t<\/div>\n\t\t\t<div class=\"sow-accordion-panel\n\t\t\t\t\t\"\n\t\t\t\tdata-anchor-id=\"moeglichkeiten-des-selbstlernens\">\n\t\t\t\t\t<div class=\"sow-accordion-panel-header-container\" role=\"heading\" aria-level=\"2\">\n\t\t\t\t\t<div class=\"sow-accordion-panel-header\" tabindex=\"0\" role=\"button\" id=\"accordion-label-m%c3%b6glichkeiten-des-selbstlernens\" aria-controls=\"accordion-content-m%c3%b6glichkeiten-des-selbstlernens\" aria-expanded=\"false\">\n\t\t\t\t\t\t<div class=\"sow-accordion-title sow-accordion-title-icon-left\">\n\t\t\t\t\t\t\t\t\t\t\t\t\t\tM\u00f6glichkeiten des Selbstlernens\t\t\t\t\t\t\t\t\t\t\t\t\t<\/div>\n\t\t\t\t\t\t<div class=\"sow-accordion-open-close-button\">\n\t\t\t\t\t\t\t<div class=\"sow-accordion-open-button\">\n\t\t\t\t\t\t\t\t<span class=\"sow-icon-ionicons\" data-sow-icon=\"&#xf218;\"\n\t\t \n\t\taria-hidden=\"true\"><\/span>\t\t\t\t\t\t\t<\/div>\n\t\t\t\t\t\t\t<div class=\"sow-accordion-close-button\">\n\t\t\t\t\t\t\t\t<span class=\"sow-icon-ionicons\" data-sow-icon=\"&#xf209;\"\n\t\t \n\t\taria-hidden=\"true\"><\/span>\t\t\t\t\t\t\t<\/div>\n\t\t\t\t\t\t<\/div>\n\t\t\t\t\t<\/div>\n\t\t\t\t<\/div>\n\n\t\t\t<div\n\t\t\t\tclass=\"sow-accordion-panel-content\"\n\t\t\t\trole=\"region\"\n\t\t\t\taria-labelledby=\"accordion-label-m%c3%b6glichkeiten-des-selbstlernens\"\n\t\t\t\tid=\"accordion-content-m%c3%b6glichkeiten-des-selbstlernens\"\n\t\t\t\tstyle=\"display: none;\">\n\t\t\t\t<div class=\"sow-accordion-panel-border\">\n\t\t\t\t\t<p>Verbessere deine Sprachkenntnisse selbstst\u00e4ndig mit flexiblen Ressourcen und interaktiven Formaten, die das Sprachenzentrum anbietet (klicke auf den Punkt f\u00fcr weitere Informationen):<\/p>\n<ul>\n<li>\n<p class=\"title mt-3 mb-4\" data-asw-orgfontsize=\"44\"><a href=\"https:\/\/www.uni-siegen.de\/en\/language%20center\/self-study%20offers\/tandem\">Sprachen lernen im Tandem<\/a><\/p>\n<\/li>\n<li>\n<p class=\"title mt-3 mb-4\" data-asw-orgfontsize=\"44\"><a href=\"https:\/\/www.uni-siegen.de\/en\/language-center\/self-study\/language-cafe\">Sprachcaf\u00e9<\/a><\/p>\n<\/li>\n<li>\n<p class=\"title mt-3 mb-4\" data-asw-orgfontsize=\"44\"><a href=\"https:\/\/www.uni-siegen.de\/en\/language%20center\/self-study%20offers\/film%20evenings\">Internationale Filmabende<\/a><\/p>\n<\/li>\n<li>\n<p class=\"title mt-3 mb-4\" data-asw-orgfontsize=\"44\"><a href=\"https:\/\/www.uni-siegen.de\/en\/language%20center\/self-study\/sesam\">SESAM Selbstlernzentrum<\/a><\/p>\n<\/li>\n<\/ul>\n<p><\/p><\/div><\/div><\/div><\/div><\/div><\/div><\/div><\/div><\/div><\/div><\/div><p> <a href=\"https:\/\/blogs.uni-siegen.de\/fit-in-siegen\/de\/unsere-fit-saulen\/welcome-orientation\/deutsch-sprachkurse\/#more-3720\" class=\"more-link\">Weiterlesen<\/a><\/p>","protected":false},"excerpt":{"rendered":"<p>Hast du Fragen zu Deutschkursen? Dr. Kristina SeibertFachkoordination DaFSprachenzentrumSandstr. 16-1857072 SiegenRaumF-S 308Tel: 0271\/740-3016 Mail<\/p>\n","protected":false},"author":631,"featured_media":0,"parent":1821,"menu_order":1,"comment_status":"closed","ping_status":"closed","template":"","meta":{"footnotes":""},"class_list":["post-3720","page","type-page","status-publish","hentry"],"_links":{"self":[{"href":"https:\/\/blogs.uni-siegen.de\/fit-in-siegen\/de\/wp-json\/wp\/v2\/pages\/3720","targetHints":{"allow":["GET"]}}],"collection":[{"href":"https:\/\/blogs.uni-siegen.de\/fit-in-siegen\/de\/wp-json\/wp\/v2\/pages"}],"about":[{"href":"https:\/\/blogs.uni-siegen.de\/fit-in-siegen\/de\/wp-json\/wp\/v2\/types\/page"}],"author":[{"embeddable":true,"href":"https:\/\/blogs.uni-siegen.de\/fit-in-siegen\/de\/wp-json\/wp\/v2\/users\/631"}],"replies":[{"embeddable":true,"href":"https:\/\/blogs.uni-siegen.de\/fit-in-siegen\/de\/wp-json\/wp\/v2\/comments?post=3720"}],"version-history":[{"count":1,"href":"https:\/\/blogs.uni-siegen.de\/fit-in-siegen\/de\/wp-json\/wp\/v2\/pages\/3720\/revisions"}],"predecessor-version":[{"id":3733,"href":"https:\/\/blogs.uni-siegen.de\/fit-in-siegen\/de\/wp-json\/wp\/v2\/pages\/3720\/revisions\/3733"}],"up":[{"embeddable":true,"href":"https:\/\/blogs.uni-siegen.de\/fit-in-siegen\/de\/wp-json\/wp\/v2\/pages\/1821"}],"wp:attachment":[{"href":"https:\/\/blogs.uni-siegen.de\/fit-in-siegen\/de\/wp-json\/wp\/v2\/media?parent=3720"}],"curies":[{"name":"wp","href":"https:\/\/api.w.org\/{rel}","templated":true}]}}